{"id":2074,"date":"2025-11-14T12:56:11","date_gmt":"2025-11-14T11:56:11","guid":{"rendered":"https:\/\/centrotierradetodos.es\/fctdt\/?page_id=2074"},"modified":"2025-11-14T12:56:14","modified_gmt":"2025-11-14T11:56:14","slug":"proyecto-futuro-libre-de-violencia-contra-la-infancia","status":"publish","type":"page","link":"https:\/\/centrotierradetodos.es\/fctdt\/proyecto-futuro-libre-de-violencia-contra-la-infancia\/","title":{"rendered":"Proyecto \u201cFuturo Libre de Violencia contra la Infancia\u201d"},"content":{"rendered":"\n<div class=\"wp-block-columns is-layout-flex wp-container-core-columns-is-layout-28f84493 wp-block-columns-is-layout-flex\">\n<div class=\"wp-block-column is-layout-flow wp-block-column-is-layout-flow\">\n<figure class=\"wp-block-image size-large\"><img loading=\"eager\" decoding=\"async\" width=\"1024\" height=\"370\" src=\"https:\/\/centrotierradetodos.es\/fctdt\/wp-content\/uploads\/2025\/11\/ESP-educarcura-Pantone341-1024x370.png\" alt=\"\" class=\"wp-image-2076\" srcset=\"https:\/\/centrotierradetodos.es\/fctdt\/wp-content\/uploads\/2025\/11\/ESP-educarcura-Pantone341-1024x370.png 1024w, https:\/\/centrotierradetodos.es\/fctdt\/wp-content\/uploads\/2025\/11\/ESP-educarcura-Pantone341-300x108.png 300w, https:\/\/centrotierradetodos.es\/fctdt\/wp-content\/uploads\/2025\/11\/ESP-educarcura-Pantone341-768x277.png 768w, https:\/\/centrotierradetodos.es\/fctdt\/wp-content\/uploads\/2025\/11\/ESP-educarcura-Pantone341-1536x554.png 1536w, https:\/\/centrotierradetodos.es\/fctdt\/wp-content\/uploads\/2025\/11\/ESP-educarcura-Pantone341-2048x739.png 2048w, https:\/\/centrotierradetodos.es\/fctdt\/wp-content\/uploads\/2025\/11\/ESP-educarcura-Pantone341-1568x566.png 1568w\" sizes=\"(max-width: 1024px) 100vw, 1024px\" \/><\/figure>\n<\/div>\n\n\n\n<div class=\"wp-block-column is-layout-flow wp-block-column-is-layout-flow\">\n<figure class=\"wp-block-image size-full is-resized\"><img loading=\"lazy\" decoding=\"async\" width=\"910\" height=\"922\" src=\"https:\/\/centrotierradetodos.es\/fctdt\/wp-content\/uploads\/2025\/11\/ES_co_fundedvertical_RGB_POS-1-1.png\" alt=\"\" class=\"wp-image-2077\" style=\"width:222px;height:auto\" srcset=\"https:\/\/centrotierradetodos.es\/fctdt\/wp-content\/uploads\/2025\/11\/ES_co_fundedvertical_RGB_POS-1-1.png 910w, https:\/\/centrotierradetodos.es\/fctdt\/wp-content\/uploads\/2025\/11\/ES_co_fundedvertical_RGB_POS-1-1-296x300.png 296w, https:\/\/centrotierradetodos.es\/fctdt\/wp-content\/uploads\/2025\/11\/ES_co_fundedvertical_RGB_POS-1-1-768x778.png 768w\" sizes=\"auto, (max-width: 910px) 100vw, 910px\" \/><\/figure>\n<\/div>\n<\/div>\n\n\n\n<p>La <strong>Fundaci\u00f3n Centro Tierra de Todos<\/strong> desarrolla el proyecto <em>\u201cFuturo Libre de Violencia contra la Infancia\u201d<\/em>, una iniciativa cofinanciada por <strong>Educo<\/strong> y la <strong>Uni\u00f3n Europea<\/strong> en el marco de la convocatoria <strong>DAPHNE<\/strong>.<\/p>\n\n\n\n<p>El programa tiene como finalidad <strong>fortalecer el sistema de protecci\u00f3n infantil frente a la violencia<\/strong> y <strong>promover entornos seguros y respetuosos<\/strong> para ni\u00f1os, ni\u00f1as, adolescentes y sus familias.<\/p>\n\n\n\n<p>A trav\u00e9s de un <strong>programa socioeducativo integral<\/strong>, el proyecto ofrece actividades diferenciadas para <strong>familias<\/strong> y <strong>ni\u00f1os, ni\u00f1as y adolescentes<\/strong>:<\/p>\n\n\n\n<ul class=\"wp-block-list\">\n<li><strong>Con las familias<\/strong>, se realizan talleres de sensibilizaci\u00f3n y formaci\u00f3n orientados a fortalecer las competencias parentales, promover la convivencia positiva y prevenir situaciones de violencia en el hogar.<\/li>\n\n\n\n<li><strong>Con la infancia y la adolescencia<\/strong>, se desarrollan espacios participativos de aprendizaje, reflexi\u00f3n y apoyo escolar que fomentan la autoprotecci\u00f3n, el respeto mutuo y la construcci\u00f3n de una cultura del buen trato.<\/li>\n<\/ul>\n\n\n\n<p>El objetivo principal es <strong>dotar a las familias y a la infancia de herramientas y estrategias para el buen trato, la mediaci\u00f3n, la autoprotecci\u00f3n y el autocuidado<\/strong>, impulsando su participaci\u00f3n activa y su empoderamiento en la construcci\u00f3n de una sociedad libre de violencia.<\/p>\n\n\n\n<p><\/p>\n","protected":false},"excerpt":{"rendered":"<p>La Fundaci\u00f3n Centro Tierra de Todos desarrolla el proyecto \u201cFuturo Libre de Violencia contra la Infancia\u201d, una iniciativa cofinanciada por Educo y la Uni\u00f3n Europea en el marco de la convocatoria DAPHNE. El programa tiene como finalidad fortalecer el sistema de protecci\u00f3n infantil frente a la violencia y promover entornos seguros y respetuosos para ni\u00f1os,<a class=\"more-link\" href=\"https:\/\/centrotierradetodos.es\/fctdt\/proyecto-futuro-libre-de-violencia-contra-la-infancia\/\">Sigue leyendo <span class=\"screen-reader-text\">\u00abProyecto \u201cFuturo Libre de Violencia contra la Infancia\u201d\u00bb<\/span><\/a><\/p>\n","protected":false},"author":1,"featured_media":0,"parent":0,"menu_order":0,"comment_status":"closed","ping_status":"closed","template":"","meta":{"_editorskit_title_hidden":false,"_editorskit_reading_time":0,"_editorskit_is_block_options_detached":false,"_editorskit_block_options_position":"{}","_coblocks_attr":"","_coblocks_dimensions":"","_coblocks_responsive_height":"","_coblocks_accordion_ie_support":"","_monsterinsights_skip_tracking":false,"_monsterinsights_sitenote_active":false,"_monsterinsights_sitenote_note":"","_monsterinsights_sitenote_category":0,"footnotes":""},"class_list":["post-2074","page","type-page","status-publish","hentry","entry"],"yoast_head":"<!-- This site is optimized with the Yoast SEO plugin v27.5 - https:\/\/yoast.com\/product\/yoast-seo-wordpress\/ -->\n<title>Proyecto \u201cFuturo Libre de Violencia contra la Infancia\u201d - Fundaci\u00f3n Centro Tierra de Todos<\/title>\n<meta name=\"robots\" content=\"index, follow, max-snippet:-1, max-image-preview:large, max-video-preview:-1\" \/>\n<link rel=\"canonical\" href=\"https:\/\/centrotierradetodos.es\/fctdt\/proyecto-futuro-libre-de-violencia-contra-la-infancia\/\" \/>\n<meta property=\"og:locale\" content=\"es_ES\" \/>\n<meta property=\"og:type\" content=\"article\" \/>\n<meta property=\"og:title\" content=\"Proyecto \u201cFuturo Libre de Violencia contra la Infancia\u201d - Fundaci\u00f3n Centro Tierra de Todos\" \/>\n<meta property=\"og:description\" content=\"La Fundaci\u00f3n Centro Tierra de Todos desarrolla el proyecto \u201cFuturo Libre de Violencia contra la Infancia\u201d, una iniciativa cofinanciada por Educo y la Uni\u00f3n Europea en el marco de la convocatoria DAPHNE. El programa tiene como finalidad fortalecer el sistema de protecci\u00f3n infantil frente a la violencia y promover entornos seguros y respetuosos para ni\u00f1os,Sigue leyendo &quot;Proyecto \u201cFuturo Libre de Violencia contra la Infancia\u201d&quot;\" \/>\n<meta property=\"og:url\" content=\"https:\/\/centrotierradetodos.es\/fctdt\/proyecto-futuro-libre-de-violencia-contra-la-infancia\/\" \/>\n<meta property=\"og:site_name\" content=\"Fundaci\u00f3n Centro Tierra de Todos\" \/>\n<meta property=\"article:publisher\" content=\"https:\/\/www.facebook.com\/p\/Cardijn-Tierra-de-Todos-Migraciones-100091817239433\/\" \/>\n<meta property=\"article:modified_time\" content=\"2025-11-14T11:56:14+00:00\" \/>\n<meta property=\"og:image\" content=\"https:\/\/centrotierradetodos.es\/fctdt\/wp-content\/uploads\/2025\/11\/ESP-educarcura-Pantone341-scaled.png\" \/>\n\t<meta property=\"og:image:width\" content=\"2560\" \/>\n\t<meta property=\"og:image:height\" content=\"924\" \/>\n\t<meta property=\"og:image:type\" content=\"image\/png\" \/>\n<meta name=\"twitter:card\" content=\"summary_large_image\" \/>\n<meta name=\"twitter:label1\" content=\"Tiempo de lectura\" \/>\n\t<meta name=\"twitter:data1\" content=\"1 minuto\" \/>\n<script type=\"application\/ld+json\" class=\"yoast-schema-graph\">{\"@context\":\"https:\\\/\\\/schema.org\",\"@graph\":[{\"@type\":\"WebPage\",\"@id\":\"https:\\\/\\\/centrotierradetodos.es\\\/fctdt\\\/proyecto-futuro-libre-de-violencia-contra-la-infancia\\\/\",\"url\":\"https:\\\/\\\/centrotierradetodos.es\\\/fctdt\\\/proyecto-futuro-libre-de-violencia-contra-la-infancia\\\/\",\"name\":\"Proyecto \u201cFuturo Libre de Violencia contra la Infancia\u201d - Fundaci\u00f3n Centro Tierra de Todos\",\"isPartOf\":{\"@id\":\"https:\\\/\\\/centrotierradetodos.es\\\/fctdt\\\/#website\"},\"primaryImageOfPage\":{\"@id\":\"https:\\\/\\\/centrotierradetodos.es\\\/fctdt\\\/proyecto-futuro-libre-de-violencia-contra-la-infancia\\\/#primaryimage\"},\"image\":{\"@id\":\"https:\\\/\\\/centrotierradetodos.es\\\/fctdt\\\/proyecto-futuro-libre-de-violencia-contra-la-infancia\\\/#primaryimage\"},\"thumbnailUrl\":\"https:\\\/\\\/centrotierradetodos.es\\\/fctdt\\\/wp-content\\\/uploads\\\/2025\\\/11\\\/ESP-educarcura-Pantone341-1024x370.png\",\"datePublished\":\"2025-11-14T11:56:11+00:00\",\"dateModified\":\"2025-11-14T11:56:14+00:00\",\"breadcrumb\":{\"@id\":\"https:\\\/\\\/centrotierradetodos.es\\\/fctdt\\\/proyecto-futuro-libre-de-violencia-contra-la-infancia\\\/#breadcrumb\"},\"inLanguage\":\"es\",\"potentialAction\":[{\"@type\":\"ReadAction\",\"target\":[\"https:\\\/\\\/centrotierradetodos.es\\\/fctdt\\\/proyecto-futuro-libre-de-violencia-contra-la-infancia\\\/\"]}]},{\"@type\":\"ImageObject\",\"inLanguage\":\"es\",\"@id\":\"https:\\\/\\\/centrotierradetodos.es\\\/fctdt\\\/proyecto-futuro-libre-de-violencia-contra-la-infancia\\\/#primaryimage\",\"url\":\"https:\\\/\\\/centrotierradetodos.es\\\/fctdt\\\/wp-content\\\/uploads\\\/2025\\\/11\\\/ESP-educarcura-Pantone341-scaled.png\",\"contentUrl\":\"https:\\\/\\\/centrotierradetodos.es\\\/fctdt\\\/wp-content\\\/uploads\\\/2025\\\/11\\\/ESP-educarcura-Pantone341-scaled.png\",\"width\":2560,\"height\":924},{\"@type\":\"BreadcrumbList\",\"@id\":\"https:\\\/\\\/centrotierradetodos.es\\\/fctdt\\\/proyecto-futuro-libre-de-violencia-contra-la-infancia\\\/#breadcrumb\",\"itemListElement\":[{\"@type\":\"ListItem\",\"position\":1,\"name\":\"Portada\",\"item\":\"https:\\\/\\\/centrotierradetodos.es\\\/fctdt\\\/\"},{\"@type\":\"ListItem\",\"position\":2,\"name\":\"Proyecto \u201cFuturo Libre de Violencia contra la Infancia\u201d\"}]},{\"@type\":\"WebSite\",\"@id\":\"https:\\\/\\\/centrotierradetodos.es\\\/fctdt\\\/#website\",\"url\":\"https:\\\/\\\/centrotierradetodos.es\\\/fctdt\\\/\",\"name\":\"Fundaci\u00f3n Centro Tierra de Todos\",\"description\":\"La Fundaci\u00f3n Centro Tierra de Todos es una entidad sin \u00e1nimo de lucro, dedicada a la atenci\u00f3n de los j\u00f3venes, de los inmigrantes y de los barrios populares de la ciudad de C\u00e1diz, con el \u00e1nimo de promover un ambicioso proyecto que facilite la igualdad de oportunidades y la promoci\u00f3n y cualificaci\u00f3n de todas estas personas y de todo su entorno social.\",\"publisher\":{\"@id\":\"https:\\\/\\\/centrotierradetodos.es\\\/fctdt\\\/#organization\"},\"potentialAction\":[{\"@type\":\"SearchAction\",\"target\":{\"@type\":\"EntryPoint\",\"urlTemplate\":\"https:\\\/\\\/centrotierradetodos.es\\\/fctdt\\\/?s={search_term_string}\"},\"query-input\":{\"@type\":\"PropertyValueSpecification\",\"valueRequired\":true,\"valueName\":\"search_term_string\"}}],\"inLanguage\":\"es\"},{\"@type\":\"Organization\",\"@id\":\"https:\\\/\\\/centrotierradetodos.es\\\/fctdt\\\/#organization\",\"name\":\"Fundaci\u00f3n Centro Tierra de Todos\",\"url\":\"https:\\\/\\\/centrotierradetodos.es\\\/fctdt\\\/\",\"logo\":{\"@type\":\"ImageObject\",\"inLanguage\":\"es\",\"@id\":\"https:\\\/\\\/centrotierradetodos.es\\\/fctdt\\\/#\\\/schema\\\/logo\\\/image\\\/\",\"url\":\"https:\\\/\\\/centrotierradetodos.es\\\/fctdt\\\/wp-content\\\/uploads\\\/2021\\\/03\\\/cropped-logo_tierra_todos_470x210-1.jpg\",\"contentUrl\":\"https:\\\/\\\/centrotierradetodos.es\\\/fctdt\\\/wp-content\\\/uploads\\\/2021\\\/03\\\/cropped-logo_tierra_todos_470x210-1.jpg\",\"width\":470,\"height\":210,\"caption\":\"Fundaci\u00f3n Centro Tierra de Todos\"},\"image\":{\"@id\":\"https:\\\/\\\/centrotierradetodos.es\\\/fctdt\\\/#\\\/schema\\\/logo\\\/image\\\/\"},\"sameAs\":[\"https:\\\/\\\/www.facebook.com\\\/p\\\/Cardijn-Tierra-de-Todos-Migraciones-100091817239433\\\/\"]}]}<\/script>\n<!-- \/ Yoast SEO plugin. -->","yoast_head_json":{"title":"Proyecto \u201cFuturo Libre de Violencia contra la Infancia\u201d - Fundaci\u00f3n Centro Tierra de Todos","robots":{"index":"index","follow":"follow","max-snippet":"max-snippet:-1","max-image-preview":"max-image-preview:large","max-video-preview":"max-video-preview:-1"},"canonical":"https:\/\/centrotierradetodos.es\/fctdt\/proyecto-futuro-libre-de-violencia-contra-la-infancia\/","og_locale":"es_ES","og_type":"article","og_title":"Proyecto \u201cFuturo Libre de Violencia contra la Infancia\u201d - Fundaci\u00f3n Centro Tierra de Todos","og_description":"La Fundaci\u00f3n Centro Tierra de Todos desarrolla el proyecto \u201cFuturo Libre de Violencia contra la Infancia\u201d, una iniciativa cofinanciada por Educo y la Uni\u00f3n Europea en el marco de la convocatoria DAPHNE. El programa tiene como finalidad fortalecer el sistema de protecci\u00f3n infantil frente a la violencia y promover entornos seguros y respetuosos para ni\u00f1os,Sigue leyendo \"Proyecto \u201cFuturo Libre de Violencia contra la Infancia\u201d\"","og_url":"https:\/\/centrotierradetodos.es\/fctdt\/proyecto-futuro-libre-de-violencia-contra-la-infancia\/","og_site_name":"Fundaci\u00f3n Centro Tierra de Todos","article_publisher":"https:\/\/www.facebook.com\/p\/Cardijn-Tierra-de-Todos-Migraciones-100091817239433\/","article_modified_time":"2025-11-14T11:56:14+00:00","og_image":[{"width":2560,"height":924,"url":"https:\/\/centrotierradetodos.es\/fctdt\/wp-content\/uploads\/2025\/11\/ESP-educarcura-Pantone341-scaled.png","type":"image\/png"}],"twitter_card":"summary_large_image","twitter_misc":{"Tiempo de lectura":"1 minuto"},"schema":{"@context":"https:\/\/schema.org","@graph":[{"@type":"WebPage","@id":"https:\/\/centrotierradetodos.es\/fctdt\/proyecto-futuro-libre-de-violencia-contra-la-infancia\/","url":"https:\/\/centrotierradetodos.es\/fctdt\/proyecto-futuro-libre-de-violencia-contra-la-infancia\/","name":"Proyecto \u201cFuturo Libre de Violencia contra la Infancia\u201d - Fundaci\u00f3n Centro Tierra de Todos","isPartOf":{"@id":"https:\/\/centrotierradetodos.es\/fctdt\/#website"},"primaryImageOfPage":{"@id":"https:\/\/centrotierradetodos.es\/fctdt\/proyecto-futuro-libre-de-violencia-contra-la-infancia\/#primaryimage"},"image":{"@id":"https:\/\/centrotierradetodos.es\/fctdt\/proyecto-futuro-libre-de-violencia-contra-la-infancia\/#primaryimage"},"thumbnailUrl":"https:\/\/centrotierradetodos.es\/fctdt\/wp-content\/uploads\/2025\/11\/ESP-educarcura-Pantone341-1024x370.png","datePublished":"2025-11-14T11:56:11+00:00","dateModified":"2025-11-14T11:56:14+00:00","breadcrumb":{"@id":"https:\/\/centrotierradetodos.es\/fctdt\/proyecto-futuro-libre-de-violencia-contra-la-infancia\/#breadcrumb"},"inLanguage":"es","potentialAction":[{"@type":"ReadAction","target":["https:\/\/centrotierradetodos.es\/fctdt\/proyecto-futuro-libre-de-violencia-contra-la-infancia\/"]}]},{"@type":"ImageObject","inLanguage":"es","@id":"https:\/\/centrotierradetodos.es\/fctdt\/proyecto-futuro-libre-de-violencia-contra-la-infancia\/#primaryimage","url":"https:\/\/centrotierradetodos.es\/fctdt\/wp-content\/uploads\/2025\/11\/ESP-educarcura-Pantone341-scaled.png","contentUrl":"https:\/\/centrotierradetodos.es\/fctdt\/wp-content\/uploads\/2025\/11\/ESP-educarcura-Pantone341-scaled.png","width":2560,"height":924},{"@type":"BreadcrumbList","@id":"https:\/\/centrotierradetodos.es\/fctdt\/proyecto-futuro-libre-de-violencia-contra-la-infancia\/#breadcrumb","itemListElement":[{"@type":"ListItem","position":1,"name":"Portada","item":"https:\/\/centrotierradetodos.es\/fctdt\/"},{"@type":"ListItem","position":2,"name":"Proyecto \u201cFuturo Libre de Violencia contra la Infancia\u201d"}]},{"@type":"WebSite","@id":"https:\/\/centrotierradetodos.es\/fctdt\/#website","url":"https:\/\/centrotierradetodos.es\/fctdt\/","name":"Fundaci\u00f3n Centro Tierra de Todos","description":"La Fundaci\u00f3n Centro Tierra de Todos es una entidad sin \u00e1nimo de lucro, dedicada a la atenci\u00f3n de los j\u00f3venes, de los inmigrantes y de los barrios populares de la ciudad de C\u00e1diz, con el \u00e1nimo de promover un ambicioso proyecto que facilite la igualdad de oportunidades y la promoci\u00f3n y cualificaci\u00f3n de todas estas personas y de todo su entorno social.","publisher":{"@id":"https:\/\/centrotierradetodos.es\/fctdt\/#organization"},"potentialAction":[{"@type":"SearchAction","target":{"@type":"EntryPoint","urlTemplate":"https:\/\/centrotierradetodos.es\/fctdt\/?s={search_term_string}"},"query-input":{"@type":"PropertyValueSpecification","valueRequired":true,"valueName":"search_term_string"}}],"inLanguage":"es"},{"@type":"Organization","@id":"https:\/\/centrotierradetodos.es\/fctdt\/#organization","name":"Fundaci\u00f3n Centro Tierra de Todos","url":"https:\/\/centrotierradetodos.es\/fctdt\/","logo":{"@type":"ImageObject","inLanguage":"es","@id":"https:\/\/centrotierradetodos.es\/fctdt\/#\/schema\/logo\/image\/","url":"https:\/\/centrotierradetodos.es\/fctdt\/wp-content\/uploads\/2021\/03\/cropped-logo_tierra_todos_470x210-1.jpg","contentUrl":"https:\/\/centrotierradetodos.es\/fctdt\/wp-content\/uploads\/2021\/03\/cropped-logo_tierra_todos_470x210-1.jpg","width":470,"height":210,"caption":"Fundaci\u00f3n Centro Tierra de Todos"},"image":{"@id":"https:\/\/centrotierradetodos.es\/fctdt\/#\/schema\/logo\/image\/"},"sameAs":["https:\/\/www.facebook.com\/p\/Cardijn-Tierra-de-Todos-Migraciones-100091817239433\/"]}]}},"jetpack_sharing_enabled":true,"_links":{"self":[{"href":"https:\/\/centrotierradetodos.es\/fctdt\/wp-json\/wp\/v2\/pages\/2074","targetHints":{"allow":["GET"]}}],"collection":[{"href":"https:\/\/centrotierradetodos.es\/fctdt\/wp-json\/wp\/v2\/pages"}],"about":[{"href":"https:\/\/centrotierradetodos.es\/fctdt\/wp-json\/wp\/v2\/types\/page"}],"author":[{"embeddable":true,"href":"https:\/\/centrotierradetodos.es\/fctdt\/wp-json\/wp\/v2\/users\/1"}],"replies":[{"embeddable":true,"href":"https:\/\/centrotierradetodos.es\/fctdt\/wp-json\/wp\/v2\/comments?post=2074"}],"version-history":[{"count":1,"href":"https:\/\/centrotierradetodos.es\/fctdt\/wp-json\/wp\/v2\/pages\/2074\/revisions"}],"predecessor-version":[{"id":2078,"href":"https:\/\/centrotierradetodos.es\/fctdt\/wp-json\/wp\/v2\/pages\/2074\/revisions\/2078"}],"wp:attachment":[{"href":"https:\/\/centrotierradetodos.es\/fctdt\/wp-json\/wp\/v2\/media?parent=2074"}],"curies":[{"name":"wp","href":"https:\/\/api.w.org\/{rel}","templated":true}]}}