{"id":1430,"date":"2024-04-18T11:56:37","date_gmt":"2024-04-18T09:56:37","guid":{"rendered":"https:\/\/centrotierradetodos.es\/fctdt\/?page_id=1430"},"modified":"2025-05-15T12:21:46","modified_gmt":"2025-05-15T10:21:46","slug":"ultimas-noticias","status":"publish","type":"page","link":"https:\/\/centrotierradetodos.es\/fctdt\/ultimas-noticias\/","title":{"rendered":"\u00daltimas noticias"},"content":{"rendered":"<ul class=\"wp-block-latest-posts__list has-dates alignwide wp-block-latest-posts\"><li><div class=\"wp-block-latest-posts__featured-image\"><a href=\"https:\/\/centrotierradetodos.es\/fctdt\/2026\/04\/15\/sesiones-informativas-regularizacion-extraordinaria\/\" aria-label=\"SESIONES INFORMATIVAS  REGULARIZACI\u00d3N EXTRAORDINARIA\"><img loading=\"lazy\" decoding=\"async\" width=\"150\" height=\"150\" src=\"https:\/\/centrotierradetodos.es\/fctdt\/wp-content\/uploads\/2026\/04\/charlaregularizacionabril-tdt-150x150.png\" class=\"attachment-thumbnail size-thumbnail wp-post-image\" alt=\"\" style=\"\" \/><\/a><\/div><a class=\"wp-block-latest-posts__post-title\" href=\"https:\/\/centrotierradetodos.es\/fctdt\/2026\/04\/15\/sesiones-informativas-regularizacion-extraordinaria\/\">SESIONES INFORMATIVAS  REGULARIZACI\u00d3N EXTRAORDINARIA<\/a><time datetime=\"2026-04-15T19:04:39+02:00\" class=\"wp-block-latest-posts__post-date\">15 de abril de 2026<\/time><div class=\"wp-block-latest-posts__post-excerpt\">\ud83d\udce2\u00a1Atenci\u00f3n, informaci\u00f3n importante\u2757\ufe0f\ud83d\uddd3\ufe0fSESIONES INFORMATIVAS en las que nuestra abogada experta en extranjer\u00eda facilitar\u00e1 informaci\u00f3n sobre el nuevo proceso de REGULARIZACI\u00d3N EXTRAORDINARIA para personas extranjeras que ya viven en Espa\u00f1a:\ud83d\udccdC\u00c1DIZ\ud83d\udc49SESI\u00d3N 1: LUNES 20\/04\/2026 A LAS 12:00h en la ASOCIACI\u00d3N CARDIJN-Edificio Tartessos- C\/Trille n\u00ba 40-C\u00e1diz.\ud83d\udc49SESI\u00d3N 2: LUNES 20\/04\/2026 A LAS 17:00H en la FUNDACI\u00d3N CENTRO TIERRA DE<a class=\"more-link\" href=\"https:\/\/centrotierradetodos.es\/fctdt\/2026\/04\/15\/sesiones-informativas-regularizacion-extraordinaria\/\">Sigue leyendo <span class=\"screen-reader-text\">\u00abSESIONES INFORMATIVAS  REGULARIZACI\u00d3N EXTRAORDINARIA\u00bb<\/span><\/a><\/div><\/li>\n<li><div class=\"wp-block-latest-posts__featured-image\"><a href=\"https:\/\/centrotierradetodos.es\/fctdt\/2026\/04\/06\/circulo-de-silencio-abril\/\" aria-label=\"C\u00edrculo de Silencio. Abril\"><img loading=\"lazy\" decoding=\"async\" width=\"150\" height=\"150\" src=\"https:\/\/centrotierradetodos.es\/fctdt\/wp-content\/uploads\/2026\/04\/Cadiz-04-Circulo-de-silencio-por-la-dignidad-150x150.png\" class=\"attachment-thumbnail size-thumbnail wp-post-image\" alt=\"\" style=\"\" \/><\/a><\/div><a class=\"wp-block-latest-posts__post-title\" href=\"https:\/\/centrotierradetodos.es\/fctdt\/2026\/04\/06\/circulo-de-silencio-abril\/\">C\u00edrculo de Silencio. Abril<\/a><time datetime=\"2026-04-06T12:57:21+02:00\" class=\"wp-block-latest-posts__post-date\">6 de abril de 2026<\/time><div class=\"wp-block-latest-posts__post-excerpt\"><\/div><\/li>\n<li><div class=\"wp-block-latest-posts__featured-image\"><a href=\"https:\/\/centrotierradetodos.es\/fctdt\/2026\/04\/06\/vigilia-de-oracion-interreligiosa-2\/\" aria-label=\"Vigilia de Oraci\u00f3n Interreligiosa\"><img loading=\"lazy\" decoding=\"async\" width=\"150\" height=\"150\" src=\"https:\/\/centrotierradetodos.es\/fctdt\/wp-content\/uploads\/2026\/04\/WhatsApp-Image-2026-03-26-at-12.10.49-150x150.jpeg\" class=\"attachment-thumbnail size-thumbnail wp-post-image\" alt=\"\" style=\"\" \/><\/a><\/div><a class=\"wp-block-latest-posts__post-title\" href=\"https:\/\/centrotierradetodos.es\/fctdt\/2026\/04\/06\/vigilia-de-oracion-interreligiosa-2\/\">Vigilia de Oraci\u00f3n Interreligiosa<\/a><time datetime=\"2026-04-06T12:29:14+02:00\" class=\"wp-block-latest-posts__post-date\">6 de abril de 2026<\/time><div class=\"wp-block-latest-posts__post-excerpt\">El Secretariado de Migraciones, junto con la Fundaci\u00f3n Centro Tierra De Todos, la Asociaci\u00f3n Cardijn y ASCS, organiza, como cada a\u00f1o, la Celebraci\u00f3n de la Vigilia de Oraci\u00f3n Interreligiosa en recuerdo a las personas migrantes fallecidas en El Estrecho y sus familias.\ud83d\udccdTendr\u00e1 lugar el viernes 10 de abril a las 20:00h en la Playa de<a class=\"more-link\" href=\"https:\/\/centrotierradetodos.es\/fctdt\/2026\/04\/06\/vigilia-de-oracion-interreligiosa-2\/\">Sigue leyendo <span class=\"screen-reader-text\">\u00abVigilia de Oraci\u00f3n Interreligiosa\u00bb<\/span><\/a><\/div><\/li>\n<li><div class=\"wp-block-latest-posts__featured-image\"><a href=\"https:\/\/centrotierradetodos.es\/fctdt\/2026\/04\/06\/atencion-integral-para-mujeres\/\" aria-label=\"Atenci\u00f3n Integral para Mujeres\"><img loading=\"lazy\" decoding=\"async\" width=\"150\" height=\"150\" src=\"https:\/\/centrotierradetodos.es\/fctdt\/wp-content\/uploads\/2026\/04\/WhatsApp-Image-2026-04-06-at-11.50.04-150x150.jpeg\" class=\"attachment-thumbnail size-thumbnail wp-post-image\" alt=\"\" style=\"\" \/><\/a><\/div><a class=\"wp-block-latest-posts__post-title\" href=\"https:\/\/centrotierradetodos.es\/fctdt\/2026\/04\/06\/atencion-integral-para-mujeres\/\">Atenci\u00f3n Integral para Mujeres<\/a><time datetime=\"2026-04-06T12:19:24+02:00\" class=\"wp-block-latest-posts__post-date\">6 de abril de 2026<\/time><div class=\"wp-block-latest-posts__post-excerpt\">Informaci\u00f3n sobre el Programa de Atenci\u00f3n Integral para Mujeres que se est\u00e1 desarrollando en la Fundaci\u00f3n Centro Tierra de Todos. Pod\u00e9is pedir m\u00e1s informaci\u00f3n a trav\u00e9s del siguiente enlace:<\/div><\/li>\n<li><div class=\"wp-block-latest-posts__featured-image\"><a href=\"https:\/\/centrotierradetodos.es\/fctdt\/2026\/03\/06\/circulo-de-silencio-11-de-marzo\/\" aria-label=\"C\u00edrculo de Silencio 11 de Marzo\"><img loading=\"lazy\" decoding=\"async\" width=\"150\" height=\"150\" src=\"https:\/\/centrotierradetodos.es\/fctdt\/wp-content\/uploads\/2026\/03\/Cartel-circulo-Cadiz-Marzo-Whatsapp-2026-150x150.png\" class=\"attachment-thumbnail size-thumbnail wp-post-image\" alt=\"\" style=\"\" \/><\/a><\/div><a class=\"wp-block-latest-posts__post-title\" href=\"https:\/\/centrotierradetodos.es\/fctdt\/2026\/03\/06\/circulo-de-silencio-11-de-marzo\/\">C\u00edrculo de Silencio 11 de Marzo<\/a><time datetime=\"2026-03-06T14:54:02+01:00\" class=\"wp-block-latest-posts__post-date\">6 de marzo de 2026<\/time><div class=\"wp-block-latest-posts__post-excerpt\"><\/div><\/li>\n<li><div class=\"wp-block-latest-posts__featured-image\"><a href=\"https:\/\/centrotierradetodos.es\/fctdt\/2026\/03\/02\/mesa-redonda-historias-de-vida-5-de-marzo-1800\/\" aria-label=\"Mesa redonda \u00abHistorias de Vida\u00bb. 5 de Marzo, 18:00\"><img loading=\"lazy\" decoding=\"async\" width=\"150\" height=\"150\" src=\"https:\/\/centrotierradetodos.es\/fctdt\/wp-content\/uploads\/2026\/03\/Cartel-charla-5m-con-logos-150x150.png\" class=\"attachment-thumbnail size-thumbnail wp-post-image\" alt=\"\" style=\"\" \/><\/a><\/div><a class=\"wp-block-latest-posts__post-title\" href=\"https:\/\/centrotierradetodos.es\/fctdt\/2026\/03\/02\/mesa-redonda-historias-de-vida-5-de-marzo-1800\/\">Mesa redonda \u00abHistorias de Vida\u00bb. 5 de Marzo, 18:00<\/a><time datetime=\"2026-03-02T10:16:38+01:00\" class=\"wp-block-latest-posts__post-date\">2 de marzo de 2026<\/time><div class=\"wp-block-latest-posts__post-excerpt\">Puedes escanear el QR para verlo en directo si no puedes acudir<\/div><\/li>\n<li><div class=\"wp-block-latest-posts__featured-image\"><a href=\"https:\/\/centrotierradetodos.es\/fctdt\/2026\/02\/23\/formacion-trata-de-seres-humanos-explotacion-laboral-y-sexual-realidad-y-respuestas\/\" aria-label=\"Formaci\u00f3n: Trata de seres humanos. Explotaci\u00f3n Laboral y Sexual. Realidad y Respuestas\"><img loading=\"lazy\" decoding=\"async\" width=\"150\" height=\"150\" src=\"https:\/\/centrotierradetodos.es\/fctdt\/wp-content\/uploads\/2026\/02\/24-FEBRERO-CARTEL-JMTP26-2-150x150.jpg\" class=\"attachment-thumbnail size-thumbnail wp-post-image\" alt=\"\" style=\"\" \/><\/a><\/div><a class=\"wp-block-latest-posts__post-title\" href=\"https:\/\/centrotierradetodos.es\/fctdt\/2026\/02\/23\/formacion-trata-de-seres-humanos-explotacion-laboral-y-sexual-realidad-y-respuestas\/\">Formaci\u00f3n: Trata de seres humanos. Explotaci\u00f3n Laboral y Sexual. Realidad y Respuestas<\/a><time datetime=\"2026-02-23T13:18:39+01:00\" class=\"wp-block-latest-posts__post-date\">23 de febrero de 2026<\/time><div class=\"wp-block-latest-posts__post-excerpt\"><\/div><\/li>\n<li><a class=\"wp-block-latest-posts__post-title\" href=\"https:\/\/centrotierradetodos.es\/fctdt\/2026\/02\/03\/i-sesion-informativa-regularizacion-extraordinaria\/\">I Sesi\u00f3n informativa: Regularizaci\u00f3n extraordinaria<\/a><time datetime=\"2026-02-03T17:51:50+01:00\" class=\"wp-block-latest-posts__post-date\">3 de febrero de 2026<\/time><div class=\"wp-block-latest-posts__post-excerpt\">Los d\u00edas 2 y 3 de Febrero hemos celebrado en nuestras distintas sedes de C\u00e1diz y Algeciras la I Sesi\u00f3n informativa sobre la regularizaci\u00f3n extraordinaria, impartida por Macarena Fatuarte, para cualquier duda o consulta pueden contactar con nuestro servicio jur\u00eddico llamando al 956 290 714. O preguntando en las distintas sedes: Sesi\u00f3n en Centro Tierra<a class=\"more-link\" href=\"https:\/\/centrotierradetodos.es\/fctdt\/2026\/02\/03\/i-sesion-informativa-regularizacion-extraordinaria\/\">Sigue leyendo <span class=\"screen-reader-text\">\u00abI Sesi\u00f3n informativa: Regularizaci\u00f3n extraordinaria\u00bb<\/span><\/a><\/div><\/li>\n<li><a class=\"wp-block-latest-posts__post-title\" href=\"https:\/\/centrotierradetodos.es\/fctdt\/2025\/11\/20\/nuevos-cursos-en-tierra-de-todos\/\">Nuevos cursos en Tierra de Todos<\/a><time datetime=\"2025-11-20T10:30:23+01:00\" class=\"wp-block-latest-posts__post-date\">20 de noviembre de 2025<\/time><div class=\"wp-block-latest-posts__post-excerpt\"><\/div><\/li>\n<li><div class=\"wp-block-latest-posts__featured-image\"><a href=\"https:\/\/centrotierradetodos.es\/fctdt\/2025\/09\/11\/circulo-de-silencio-septiembre-2025\/\" aria-label=\"C\u00edrculo de Silencio Septiembre 2025\"><img loading=\"lazy\" decoding=\"async\" width=\"150\" height=\"150\" src=\"https:\/\/centrotierradetodos.es\/fctdt\/wp-content\/uploads\/2025\/09\/WhatsApp-Image-2025-09-11-at-11.19.54-150x150.jpeg\" class=\"attachment-thumbnail size-thumbnail wp-post-image\" alt=\"\" style=\"\" \/><\/a><\/div><a class=\"wp-block-latest-posts__post-title\" href=\"https:\/\/centrotierradetodos.es\/fctdt\/2025\/09\/11\/circulo-de-silencio-septiembre-2025\/\">C\u00edrculo de Silencio Septiembre 2025<\/a><time datetime=\"2025-09-11T12:39:19+02:00\" class=\"wp-block-latest-posts__post-date\">11 de septiembre de 2025<\/time><div class=\"wp-block-latest-posts__post-excerpt\">El C\u00edrculo de Silencio es una acci\u00f3n c\u00edvica y pac\u00edfica en la que buscamos visibilizar la dif\u00edcil situaci\u00f3n de injusticias que viven las personas migrantes y refugiadas, especialmente aquellas en situaci\u00f3n de vulnerabilidad en las fronteras.En el c\u00edrculo de silencio expresamos nuestra solidaridad e intentamos concienciar a nuestra sociedad mediante un per\u00edodo de silencio de<a class=\"more-link\" href=\"https:\/\/centrotierradetodos.es\/fctdt\/2025\/09\/11\/circulo-de-silencio-septiembre-2025\/\">Sigue leyendo <span class=\"screen-reader-text\">\u00abC\u00edrculo de Silencio Septiembre 2025\u00bb<\/span><\/a><\/div><\/li>\n<li><div class=\"wp-block-latest-posts__featured-image\"><a href=\"https:\/\/centrotierradetodos.es\/fctdt\/2025\/07\/18\/comunicado-ante-los-graves-sucesos-en-torre-pacheco-ni-violencia-racista-ni-criminalizacion-colectiva\/\" aria-label=\"COMUNICADO ANTE LOS GRAVES SUCESOS EN TORRE PACHECO: NI VIOLENCIA RACISTA NI CRIMINALIZACI\u00d3N COLECTIVA\"><img loading=\"lazy\" decoding=\"async\" width=\"150\" height=\"150\" src=\"https:\/\/centrotierradetodos.es\/fctdt\/wp-content\/uploads\/2025\/07\/comunidcado-150x150.png\" class=\"attachment-thumbnail size-thumbnail wp-post-image\" alt=\"\" style=\"\" \/><\/a><\/div><a class=\"wp-block-latest-posts__post-title\" href=\"https:\/\/centrotierradetodos.es\/fctdt\/2025\/07\/18\/comunicado-ante-los-graves-sucesos-en-torre-pacheco-ni-violencia-racista-ni-criminalizacion-colectiva\/\">COMUNICADO ANTE LOS GRAVES SUCESOS EN TORRE PACHECO: NI VIOLENCIA RACISTA NI CRIMINALIZACI\u00d3N COLECTIVA<\/a><time datetime=\"2025-07-18T12:21:18+02:00\" class=\"wp-block-latest-posts__post-date\">18 de julio de 2025<\/time><div class=\"wp-block-latest-posts__post-excerpt\">Las organizaciones firmantes queremos expresar nuestra m\u00e1s firme condena ante los grav\u00edsimos hechos ocurridos recientemente en Torre Pacheco (Murcia). Tras la brutal agresi\u00f3n sufrida por un vecino mayor de la localidad, transmitimos nuestra solidaridad con la v\u00edctima y su entorno, y deseamos su plena recuperaci\u00f3n. En cualquier caso, la violencia racista que se ha desatado<a class=\"more-link\" href=\"https:\/\/centrotierradetodos.es\/fctdt\/2025\/07\/18\/comunicado-ante-los-graves-sucesos-en-torre-pacheco-ni-violencia-racista-ni-criminalizacion-colectiva\/\">Sigue leyendo <span class=\"screen-reader-text\">\u00abCOMUNICADO ANTE LOS GRAVES SUCESOS EN TORRE PACHECO: NI VIOLENCIA RACISTA NI CRIMINALIZACI\u00d3N COLECTIVA\u00bb<\/span><\/a><\/div><\/li>\n<li><div class=\"wp-block-latest-posts__featured-image\"><a href=\"https:\/\/centrotierradetodos.es\/fctdt\/2025\/07\/08\/circulo-de-silencio-9-de-julio\/\" aria-label=\"C\u00edrculo de Silencio. 9 de Julio\"><img loading=\"lazy\" decoding=\"async\" width=\"150\" height=\"150\" src=\"https:\/\/centrotierradetodos.es\/fctdt\/wp-content\/uploads\/2025\/07\/1-150x150.png\" class=\"attachment-thumbnail size-thumbnail wp-post-image\" alt=\"\" style=\"\" \/><\/a><\/div><a class=\"wp-block-latest-posts__post-title\" href=\"https:\/\/centrotierradetodos.es\/fctdt\/2025\/07\/08\/circulo-de-silencio-9-de-julio\/\">C\u00edrculo de Silencio. 9 de Julio<\/a><time datetime=\"2025-07-08T13:31:33+02:00\" class=\"wp-block-latest-posts__post-date\">8 de julio de 2025<\/time><div class=\"wp-block-latest-posts__post-excerpt\"><\/div><\/li>\n<li><div class=\"wp-block-latest-posts__featured-image\"><a href=\"https:\/\/centrotierradetodos.es\/fctdt\/2025\/07\/04\/el-iii-memorial-gabriel-delgado-celebra-la-convivencia-y-dignidad-de-los-migrantes-en-cadiz\/\" aria-label=\"El III Memorial Gabriel Delgado celebra la convivencia y dignidad de los migrantes en C\u00e1diz\"><img loading=\"lazy\" decoding=\"async\" width=\"150\" height=\"150\" src=\"https:\/\/centrotierradetodos.es\/fctdt\/wp-content\/uploads\/2025\/06\/IIImemorial-150x150.jpg\" class=\"attachment-thumbnail size-thumbnail wp-post-image\" alt=\"\" style=\"\" \/><\/a><\/div><a class=\"wp-block-latest-posts__post-title\" href=\"https:\/\/centrotierradetodos.es\/fctdt\/2025\/07\/04\/el-iii-memorial-gabriel-delgado-celebra-la-convivencia-y-dignidad-de-los-migrantes-en-cadiz\/\">El III Memorial Gabriel Delgado celebra la convivencia y dignidad de los migrantes en C\u00e1diz<\/a><time datetime=\"2025-07-04T18:31:00+02:00\" class=\"wp-block-latest-posts__post-date\">4 de julio de 2025<\/time><div class=\"wp-block-latest-posts__post-excerpt\">La Ciudad Deportiva Bah\u00eda de C\u00e1diz (Instalaciones El Rosal) ha acogido esta ma\u00f1ana la celebraci\u00f3n del III Memorial Gabriel Delgado, un emotivo homenaje en recuerdo del sacerdote gaditano Gabriel Delgado \u00c1lvarez, fallecido en noviembre de 2021. Este evento, que busca mantener viva la memoria de su labor incansable en favor de los m\u00e1s vulnerables, especialmente<a class=\"more-link\" href=\"https:\/\/centrotierradetodos.es\/fctdt\/2025\/07\/04\/el-iii-memorial-gabriel-delgado-celebra-la-convivencia-y-dignidad-de-los-migrantes-en-cadiz\/\">Sigue leyendo <span class=\"screen-reader-text\">\u00abEl III Memorial Gabriel Delgado celebra la convivencia y dignidad de los migrantes en C\u00e1diz\u00bb<\/span><\/a><\/div><\/li>\n<li><div class=\"wp-block-latest-posts__featured-image\"><a href=\"https:\/\/centrotierradetodos.es\/fctdt\/2025\/06\/24\/el-iii-memorial-gabriel-delgado-recuerda-la-figura-del-sacerdote-gaditano-y-el-compromiso-con-las-personas-mas-vulnerables\/\" aria-label=\"El III Memorial Gabriel Delgado recuerda la figura del sacerdote gaditano y el compromiso con las personas m\u00e1s vulnerables\"><img loading=\"lazy\" decoding=\"async\" width=\"150\" height=\"150\" src=\"https:\/\/centrotierradetodos.es\/fctdt\/wp-content\/uploads\/2025\/06\/IIImemorial-150x150.jpg\" class=\"attachment-thumbnail size-thumbnail wp-post-image\" alt=\"\" style=\"\" \/><\/a><\/div><a class=\"wp-block-latest-posts__post-title\" href=\"https:\/\/centrotierradetodos.es\/fctdt\/2025\/06\/24\/el-iii-memorial-gabriel-delgado-recuerda-la-figura-del-sacerdote-gaditano-y-el-compromiso-con-las-personas-mas-vulnerables\/\">El III Memorial Gabriel Delgado recuerda la figura del sacerdote gaditano y el compromiso con las personas m\u00e1s vulnerables<\/a><time datetime=\"2025-06-24T11:37:31+02:00\" class=\"wp-block-latest-posts__post-date\">24 de junio de 2025<\/time><div class=\"wp-block-latest-posts__post-excerpt\">El pr\u00f3ximo 4 de julio, a partir de las 9:00 horas, la Ciudad Deportiva Bah\u00eda de C\u00e1diz (Instalaciones El Rosal) acoger\u00e1 la celebraci\u00f3n del III Memorial Gabriel Delgado, un emotivo homenaje que busca mantener viva la memoria del sacerdote gaditano Gabriel Delgado \u00c1lvarez, fallecido en noviembre de 2021, y cuyo legado de compromiso con las<a class=\"more-link\" href=\"https:\/\/centrotierradetodos.es\/fctdt\/2025\/06\/24\/el-iii-memorial-gabriel-delgado-recuerda-la-figura-del-sacerdote-gaditano-y-el-compromiso-con-las-personas-mas-vulnerables\/\">Sigue leyendo <span class=\"screen-reader-text\">\u00abEl III Memorial Gabriel Delgado recuerda la figura del sacerdote gaditano y el compromiso con las personas m\u00e1s vulnerables\u00bb<\/span><\/a><\/div><\/li>\n<li><div class=\"wp-block-latest-posts__featured-image\"><a href=\"https:\/\/centrotierradetodos.es\/fctdt\/2025\/06\/20\/acto-encuentro-fin-de-curso\/\" aria-label=\"ACTO-ENCUENTRO  FIN DE CURSO\"><img loading=\"lazy\" decoding=\"async\" width=\"150\" height=\"150\" src=\"https:\/\/centrotierradetodos.es\/fctdt\/wp-content\/uploads\/2025\/06\/claurusa-06-25-150x150.jpg\" class=\"attachment-thumbnail size-thumbnail wp-post-image\" alt=\"\" style=\"\" srcset=\"https:\/\/centrotierradetodos.es\/fctdt\/wp-content\/uploads\/2025\/06\/claurusa-06-25-150x150.jpg 150w, https:\/\/centrotierradetodos.es\/fctdt\/wp-content\/uploads\/2025\/06\/claurusa-06-25-300x300.jpg 300w, https:\/\/centrotierradetodos.es\/fctdt\/wp-content\/uploads\/2025\/06\/claurusa-06-25-1024x1024.jpg 1024w, https:\/\/centrotierradetodos.es\/fctdt\/wp-content\/uploads\/2025\/06\/claurusa-06-25-768x768.jpg 768w, https:\/\/centrotierradetodos.es\/fctdt\/wp-content\/uploads\/2025\/06\/claurusa-06-25.jpg 1080w\" sizes=\"auto, (max-width: 150px) 100vw, 150px\" \/><\/a><\/div><a class=\"wp-block-latest-posts__post-title\" href=\"https:\/\/centrotierradetodos.es\/fctdt\/2025\/06\/20\/acto-encuentro-fin-de-curso\/\">ACTO-ENCUENTRO  FIN DE CURSO<\/a><time datetime=\"2025-06-20T13:39:57+02:00\" class=\"wp-block-latest-posts__post-date\">20 de junio de 2025<\/time><div class=\"wp-block-latest-posts__post-excerpt\">El pr\u00f3ximo jueves 26\/06\/2025 a las&nbsp;11:30h celebraremos, como cada a\u00f1o, el ACTO-ENCUENTRO de CLAUSURA de las actividades formativas realizadas en el primer semestre del a\u00f1o y, como no pod\u00eda ser de otra forma, en reconocimiento a la inestimable labor que realiza nuestro VOLUNTARIADO Juntos\/as en el camino&nbsp;&#8230;\u00bbM\u00e1s puentes, menos muros\u00bb&nbsp;<\/div><\/li>\n<li><div class=\"wp-block-latest-posts__featured-image\"><a href=\"https:\/\/centrotierradetodos.es\/fctdt\/2025\/06\/10\/circulo-de-silencio-2\/\" aria-label=\"C\u00edrculo de Silencio\"><img loading=\"lazy\" decoding=\"async\" width=\"150\" height=\"150\" src=\"https:\/\/centrotierradetodos.es\/fctdt\/wp-content\/uploads\/2025\/06\/circulo-06-25-CADIZ-2-150x150.png\" class=\"attachment-thumbnail size-thumbnail wp-post-image\" alt=\"\" style=\"\" \/><\/a><\/div><a class=\"wp-block-latest-posts__post-title\" href=\"https:\/\/centrotierradetodos.es\/fctdt\/2025\/06\/10\/circulo-de-silencio-2\/\">C\u00edrculo de Silencio<\/a><time datetime=\"2025-06-10T12:09:55+02:00\" class=\"wp-block-latest-posts__post-date\">10 de junio de 2025<\/time><div class=\"wp-block-latest-posts__post-excerpt\"><\/div><\/li>\n<li><a class=\"wp-block-latest-posts__post-title\" href=\"https:\/\/centrotierradetodos.es\/fctdt\/2025\/05\/14\/acto-de-entrega-de-premios-del-concurso-infantil-y-juvenil-de-dibujo-y-redaccion\/\">Acto de entrega de premios del concurso infantil y juvenil de dibujo y redacci\u00f3n<\/a><time datetime=\"2025-05-14T09:28:18+02:00\" class=\"wp-block-latest-posts__post-date\">14 de mayo de 2025<\/time><div class=\"wp-block-latest-posts__post-excerpt\">\ud83d\udce2El pr\u00f3ximo jueves d\u00eda 22 de mayo \ud83d\uddd3, a las \u23f0 18:00 horas, tendr\u00e1 lugar en la sede de la \ud83c\udfeb Fundaci\u00f3n Centro Tierra de Todos en C\u00e1diz el acto de entrega de premios \ud83c\udfc6 del concurso infantil y juvenil \ud83d\udc67\ud83c\udffd\ud83d\udc66\ud83c\udffc\ud83d\udc67\ud83c\udffb\ud83d\udc66\ud83c\udffede dibujo y redacci\u00f3n que con motivo de la Jornada Mundial de las Migraciones se<a class=\"more-link\" href=\"https:\/\/centrotierradetodos.es\/fctdt\/2025\/05\/14\/acto-de-entrega-de-premios-del-concurso-infantil-y-juvenil-de-dibujo-y-redaccion\/\">Sigue leyendo <span class=\"screen-reader-text\">\u00abActo de entrega de premios del concurso infantil y juvenil de dibujo y redacci\u00f3n\u00bb<\/span><\/a><\/div><\/li>\n<li><div class=\"wp-block-latest-posts__featured-image\"><a href=\"https:\/\/centrotierradetodos.es\/fctdt\/2025\/04\/18\/celebracion-de-la-vigilia-de-oracion-interreligiosa\/\" aria-label=\"Celebraci\u00f3n de la Vigilia de Oraci\u00f3n Interreligiosa\"><img loading=\"lazy\" decoding=\"async\" width=\"150\" height=\"150\" src=\"https:\/\/centrotierradetodos.es\/fctdt\/wp-content\/uploads\/2025\/04\/vigilia2025-150x150.jpeg\" class=\"attachment-thumbnail size-thumbnail wp-post-image\" alt=\"\" style=\"\" \/><\/a><\/div><a class=\"wp-block-latest-posts__post-title\" href=\"https:\/\/centrotierradetodos.es\/fctdt\/2025\/04\/18\/celebracion-de-la-vigilia-de-oracion-interreligiosa\/\">Celebraci\u00f3n de la Vigilia de Oraci\u00f3n Interreligiosa<\/a><time datetime=\"2025-04-18T21:06:23+02:00\" class=\"wp-block-latest-posts__post-date\">18 de abril de 2025<\/time><div class=\"wp-block-latest-posts__post-excerpt\">El Secretariado de Migraciones de C\u00e1diz y Ceuta, junto con la Fundaci\u00f3n Centro Tierra De Todos, la Asociaci\u00f3n Cardijn y ASCS, organiza, como cada a\u00f1o, la Celebraci\u00f3n de la Vigilia de Oraci\u00f3n Interreligiosa en recuerdo a las personas migrantes fallecidas en El Estrecho y sus familias. \ud83d\udccdTendr\u00e1 lugar el viernes 25 de abril a las<a class=\"more-link\" href=\"https:\/\/centrotierradetodos.es\/fctdt\/2025\/04\/18\/celebracion-de-la-vigilia-de-oracion-interreligiosa\/\">Sigue leyendo <span class=\"screen-reader-text\">\u00abCelebraci\u00f3n de la Vigilia de Oraci\u00f3n Interreligiosa\u00bb<\/span><\/a><\/div><\/li>\n<li><a class=\"wp-block-latest-posts__post-title\" href=\"https:\/\/centrotierradetodos.es\/fctdt\/2025\/03\/20\/retiro-de-cuaresma-11-de-abril\/\">Retiro de Cuaresma. 11 de abril<\/a><time datetime=\"2025-03-20T12:20:35+01:00\" class=\"wp-block-latest-posts__post-date\">20 de marzo de 2025<\/time><div class=\"wp-block-latest-posts__post-excerpt\"><\/div><\/li>\n<li><a class=\"wp-block-latest-posts__post-title\" href=\"https:\/\/centrotierradetodos.es\/fctdt\/2024\/12\/29\/proyecto-san-antonio\/\">Proyecto San Antonio<\/a><time datetime=\"2024-12-29T10:21:25+01:00\" class=\"wp-block-latest-posts__post-date\">29 de diciembre de 2024<\/time><div class=\"wp-block-latest-posts__post-excerpt\"><\/div><\/li>\n<li><a class=\"wp-block-latest-posts__post-title\" href=\"https:\/\/centrotierradetodos.es\/fctdt\/2024\/12\/23\/1733\/\">(sin t\u00edtulo)<\/a><time datetime=\"2024-12-23T14:18:21+01:00\" class=\"wp-block-latest-posts__post-date\">23 de diciembre de 2024<\/time><div class=\"wp-block-latest-posts__post-excerpt\"><\/div><\/li>\n<li><div class=\"wp-block-latest-posts__featured-image\"><a href=\"https:\/\/centrotierradetodos.es\/fctdt\/2024\/12\/12\/charla-informativa-aprobacion-nuevo-reglamento-extranjeria\/\" aria-label=\"CHARLA INFORMATIVA: APROBACI\u00d3N NUEVO REGLAMENTO  EXTRANJER\u00cdA\"><img loading=\"lazy\" decoding=\"async\" width=\"150\" height=\"150\" src=\"https:\/\/centrotierradetodos.es\/fctdt\/wp-content\/uploads\/2024\/12\/cartel-150x150.png\" class=\"attachment-thumbnail size-thumbnail wp-post-image\" alt=\"\" style=\"\" \/><\/a><\/div><a class=\"wp-block-latest-posts__post-title\" href=\"https:\/\/centrotierradetodos.es\/fctdt\/2024\/12\/12\/charla-informativa-aprobacion-nuevo-reglamento-extranjeria\/\">CHARLA INFORMATIVA: APROBACI\u00d3N NUEVO REGLAMENTO  EXTRANJER\u00cdA<\/a><time datetime=\"2024-12-12T11:36:20+01:00\" class=\"wp-block-latest-posts__post-date\">12 de diciembre de 2024<\/time><div class=\"wp-block-latest-posts__post-excerpt\"><\/div><\/li>\n<li><div class=\"wp-block-latest-posts__featured-image\"><a href=\"https:\/\/centrotierradetodos.es\/fctdt\/2024\/09\/19\/vigilia-de-oracion-interreligiosa-en-recuerdo-a-las-personas-migrantes-fallecidas-en-el-estrecho-y-sus-familias\/\" aria-label=\"Vigilia de Oraci\u00f3n Interreligiosa en recuerdo a las personas migrantes fallecidas en El Estrecho y sus familias.\"><img loading=\"lazy\" decoding=\"async\" width=\"150\" height=\"150\" src=\"https:\/\/centrotierradetodos.es\/fctdt\/wp-content\/uploads\/2024\/09\/WhatsApp-Image-2024-09-18-at-11.21.10-150x150.jpeg\" class=\"attachment-thumbnail size-thumbnail wp-post-image\" alt=\"\" style=\"\" \/><\/a><\/div><a class=\"wp-block-latest-posts__post-title\" href=\"https:\/\/centrotierradetodos.es\/fctdt\/2024\/09\/19\/vigilia-de-oracion-interreligiosa-en-recuerdo-a-las-personas-migrantes-fallecidas-en-el-estrecho-y-sus-familias\/\">Vigilia de Oraci\u00f3n Interreligiosa en recuerdo a las personas migrantes fallecidas en El Estrecho y sus familias.<\/a><time datetime=\"2024-09-19T10:38:24+02:00\" class=\"wp-block-latest-posts__post-date\">19 de septiembre de 2024<\/time><div class=\"wp-block-latest-posts__post-excerpt\">La Red de Atenci\u00f3n a Personas Migrantes del Secretariado Diocesano de Migraciones, Asociaci\u00f3n Cardijn, Fundaci\u00f3n Tierra de Todos y ASCS, organizan, como cada a\u00f1o, la Celebraci\u00f3n de la Vigilia de Oraci\u00f3n Interreligiosa en recuerdo a las personas migrantes fallecidas en El Estrecho y sus familias.\ud83d\udccdTendr\u00e1 lugar el viernes 11 de octubre a las 20:00h en<a class=\"more-link\" href=\"https:\/\/centrotierradetodos.es\/fctdt\/2024\/09\/19\/vigilia-de-oracion-interreligiosa-en-recuerdo-a-las-personas-migrantes-fallecidas-en-el-estrecho-y-sus-familias\/\">Sigue leyendo <span class=\"screen-reader-text\">\u00abVigilia de Oraci\u00f3n Interreligiosa en recuerdo a las personas migrantes fallecidas en El Estrecho y sus familias.\u00bb<\/span><\/a><\/div><\/li>\n<li><div class=\"wp-block-latest-posts__featured-image\"><a href=\"https:\/\/centrotierradetodos.es\/fctdt\/2024\/09\/13\/el-proximo-domingo-29-de-septiembre-se-celebra-la-jornada-mundial-del-migrante-y-del-refugiado-con-el-lema-dios-camina-con-su-pueblo\/\" aria-label=\"El pr\u00f3ximo domingo 29 de septiembre se celebra la JORNADA MUNDIAL DEL MIGRANTE Y DEL REFUGIADO con el lema, \u201cDIOS CAMINA CON SU PUEBLO\u201d.\"><img loading=\"lazy\" decoding=\"async\" width=\"150\" height=\"150\" src=\"https:\/\/centrotierradetodos.es\/fctdt\/wp-content\/uploads\/2024\/09\/jornada24-150x150.jpeg\" class=\"attachment-thumbnail size-thumbnail wp-post-image\" alt=\"\" style=\"\" \/><\/a><\/div><a class=\"wp-block-latest-posts__post-title\" href=\"https:\/\/centrotierradetodos.es\/fctdt\/2024\/09\/13\/el-proximo-domingo-29-de-septiembre-se-celebra-la-jornada-mundial-del-migrante-y-del-refugiado-con-el-lema-dios-camina-con-su-pueblo\/\">El pr\u00f3ximo domingo 29 de septiembre se celebra la JORNADA MUNDIAL DEL MIGRANTE Y DEL REFUGIADO con el lema, \u201cDIOS CAMINA CON SU PUEBLO\u201d.<\/a><time datetime=\"2024-09-13T12:14:10+02:00\" class=\"wp-block-latest-posts__post-date\">13 de septiembre de 2024<\/time><div class=\"wp-block-latest-posts__post-excerpt\">La Red de Atenci\u00f3n a Personas Migrantes del Secretariado Diocesano de Migraciones, Asociaci\u00f3n Cardijn, Fundaci\u00f3n Tierra de Todos y ASCS invitamos a participar y colaborar en la celebraci\u00f3n de la Jornada. \ud83d\udd4d La Catedral de C\u00e1diz acoger\u00e1 la celebraci\u00f3n principal a las 12.00h y, posteriormente, tendr\u00e1 lugar el tradicional almuerzo multicultural en el Centro Tartessos<a class=\"more-link\" href=\"https:\/\/centrotierradetodos.es\/fctdt\/2024\/09\/13\/el-proximo-domingo-29-de-septiembre-se-celebra-la-jornada-mundial-del-migrante-y-del-refugiado-con-el-lema-dios-camina-con-su-pueblo\/\">Sigue leyendo <span class=\"screen-reader-text\">\u00abEl pr\u00f3ximo domingo 29 de septiembre se celebra la JORNADA MUNDIAL DEL MIGRANTE Y DEL REFUGIADO con el lema, \u201cDIOS CAMINA CON SU PUEBLO\u201d.\u00bb<\/span><\/a><\/div><\/li>\n<li><div class=\"wp-block-latest-posts__featured-image\"><a href=\"https:\/\/centrotierradetodos.es\/fctdt\/2024\/06\/27\/acto-de-clausura-de-las-actividades-de-formacion-y-captacion\/\" aria-label=\"Acto de clausura de las actividades de formaci\u00f3n y captaci\u00f3n\"><img loading=\"lazy\" decoding=\"async\" width=\"150\" height=\"150\" src=\"https:\/\/centrotierradetodos.es\/fctdt\/wp-content\/uploads\/2024\/07\/27-JUNIO-CLAUSURA-1-150x150.jpg\" class=\"attachment-thumbnail size-thumbnail wp-post-image\" alt=\"\" style=\"\" \/><\/a><\/div><a class=\"wp-block-latest-posts__post-title\" href=\"https:\/\/centrotierradetodos.es\/fctdt\/2024\/06\/27\/acto-de-clausura-de-las-actividades-de-formacion-y-captacion\/\">Acto de clausura de las actividades de formaci\u00f3n y captaci\u00f3n<\/a><time datetime=\"2024-06-27T17:52:00+02:00\" class=\"wp-block-latest-posts__post-date\">27 de junio de 2024<\/time><div class=\"wp-block-latest-posts__post-excerpt\">Os dejamos algunas fotitos\u00a0\u00a0del acto que hemos celebrado hoy con mucha ilusi\u00f3n\u00a0\u00a0y cari\u00f1o\u00a0\u00a0para clausurar varias de las\u00a0 actividades de formaci\u00f3n y capacitaci\u00f3n que llevamos a cabo, adem\u00e1s de agradecer su inestimable labor a las personas voluntarias y entidades colaboradoras de nuestra entidad\u00a0 Entre ellas, el Curso de Atenci\u00f3n Sociosanitaria, Cocina, las Clases de Espa\u00f1ol, Formaci\u00f3n<a class=\"more-link\" href=\"https:\/\/centrotierradetodos.es\/fctdt\/2024\/06\/27\/acto-de-clausura-de-las-actividades-de-formacion-y-captacion\/\">Sigue leyendo <span class=\"screen-reader-text\">\u00abActo de clausura de las actividades de formaci\u00f3n y captaci\u00f3n\u00bb<\/span><\/a><\/div><\/li>\n<li><a class=\"wp-block-latest-posts__post-title\" href=\"https:\/\/centrotierradetodos.es\/fctdt\/2024\/06\/04\/feria-de-promocion-de-la-salud-y-el-bienestar\/\">Feria de Promoci\u00f3n de la Salud y el Bienestar<\/a><time datetime=\"2024-06-04T19:06:00+02:00\" class=\"wp-block-latest-posts__post-date\">4 de junio de 2024<\/time><div class=\"wp-block-latest-posts__post-excerpt\">Este mi\u00e9rcoles, 5 de junio, el \u00c1rea de Infancia y Juventudparticiparemos en la Feria de Promoci\u00f3n de la Salud y el Bienestar, de10:00h a 14:00h y de 18:00h a 20:00h. &nbsp;Este evento tendr\u00e1 lugar en la Plaza de Espa\u00f1a. La celebraci\u00f3n de esta feria contar\u00e1 con numerosas entidades quellevar\u00e1n a cabo diferentes talleres destinados a<a class=\"more-link\" href=\"https:\/\/centrotierradetodos.es\/fctdt\/2024\/06\/04\/feria-de-promocion-de-la-salud-y-el-bienestar\/\">Sigue leyendo <span class=\"screen-reader-text\">\u00abFeria de Promoci\u00f3n de la Salud y el Bienestar\u00bb<\/span><\/a><\/div><\/li>\n<li><div class=\"wp-block-latest-posts__featured-image\"><a href=\"https:\/\/centrotierradetodos.es\/fctdt\/2024\/05\/17\/punto-de-encuentro-multicultural\/\" aria-label=\"Punto de Encuentro Multicultural\"><img loading=\"lazy\" decoding=\"async\" width=\"150\" height=\"150\" src=\"https:\/\/centrotierradetodos.es\/fctdt\/wp-content\/uploads\/2024\/05\/image_123650291-2-150x150.jpg\" class=\"attachment-thumbnail size-thumbnail wp-post-image\" alt=\"\" style=\"\" \/><\/a><\/div><a class=\"wp-block-latest-posts__post-title\" href=\"https:\/\/centrotierradetodos.es\/fctdt\/2024\/05\/17\/punto-de-encuentro-multicultural\/\">Punto de Encuentro Multicultural<\/a><time datetime=\"2024-05-17T13:49:17+02:00\" class=\"wp-block-latest-posts__post-date\">17 de mayo de 2024<\/time><div class=\"wp-block-latest-posts__post-excerpt\">\ud83e\udd73Compartimos con mucha ilusi\u00f3n algunas im\u00e1genes de la tarde de ayer en el Punto de Encuentro Multicultural que realizamos cada jueves a las 17:30h en nuestro Centro de Tierra de Todos. \ud83c\udfeb Un rato muy agradable compartiendo experiencias y realizando manualidades, en un clima de confianza que les permita conocerse y relacionarse, creando redes que<a class=\"more-link\" href=\"https:\/\/centrotierradetodos.es\/fctdt\/2024\/05\/17\/punto-de-encuentro-multicultural\/\">Sigue leyendo <span class=\"screen-reader-text\">\u00abPunto de Encuentro Multicultural\u00bb<\/span><\/a><\/div><\/li>\n<li><div class=\"wp-block-latest-posts__featured-image\"><a href=\"https:\/\/centrotierradetodos.es\/fctdt\/2024\/05\/16\/finaliza-el-curso-de-cocina-y-aprovechamiento\/\" aria-label=\"Finaliza el Curso de Cocina y Aprovechamiento\"><img loading=\"lazy\" decoding=\"async\" width=\"150\" height=\"150\" src=\"https:\/\/centrotierradetodos.es\/fctdt\/wp-content\/uploads\/2024\/05\/image_123650291-1-150x150.jpg\" class=\"attachment-thumbnail size-thumbnail wp-post-image\" alt=\"\" style=\"\" \/><\/a><\/div><a class=\"wp-block-latest-posts__post-title\" href=\"https:\/\/centrotierradetodos.es\/fctdt\/2024\/05\/16\/finaliza-el-curso-de-cocina-y-aprovechamiento\/\">Finaliza el Curso de Cocina y Aprovechamiento<\/a><time datetime=\"2024-05-16T13:36:00+02:00\" class=\"wp-block-latest-posts__post-date\">16 de mayo de 2024<\/time><div class=\"wp-block-latest-posts__post-excerpt\">\ud83c\udf89El pasado mi\u00e9rcoles finalizamos muy satisfactoriamente el CURSO DE COCINA Y APROVECHAMIENTO con los talleres de orientaci\u00f3n laboral, donde se habl\u00f3 de las herramientas y recursos de b\u00fasqueda de empleo, as\u00ed como estrategias para participar en procesos de selecci\u00f3n. \ud83d\udcaf Gracias, como siempre, a Lely y Mari Carmen por compartir vuestros conocimientos culinarios y a<a class=\"more-link\" href=\"https:\/\/centrotierradetodos.es\/fctdt\/2024\/05\/16\/finaliza-el-curso-de-cocina-y-aprovechamiento\/\">Sigue leyendo <span class=\"screen-reader-text\">\u00abFinaliza el Curso de Cocina y Aprovechamiento\u00bb<\/span><\/a><\/div><\/li>\n<li><div class=\"wp-block-latest-posts__featured-image\"><a href=\"https:\/\/centrotierradetodos.es\/fctdt\/2024\/04\/24\/finaliza-nuestro-curso-de-atencion-sociosanitaria-a-personas-en-domicilio\/\" aria-label=\"Finaliza nuestro Curso de Atenci\u00f3n Sociosanitaria a Personas en Domicilio\"><img loading=\"lazy\" decoding=\"async\" width=\"150\" height=\"150\" src=\"https:\/\/centrotierradetodos.es\/fctdt\/wp-content\/uploads\/2024\/04\/image_50436865-150x150.jpg\" class=\"attachment-thumbnail size-thumbnail wp-post-image\" alt=\"\" style=\"\" \/><\/a><\/div><a class=\"wp-block-latest-posts__post-title\" href=\"https:\/\/centrotierradetodos.es\/fctdt\/2024\/04\/24\/finaliza-nuestro-curso-de-atencion-sociosanitaria-a-personas-en-domicilio\/\">Finaliza nuestro Curso de Atenci\u00f3n Sociosanitaria a Personas en Domicilio<\/a><time datetime=\"2024-04-24T12:54:32+02:00\" class=\"wp-block-latest-posts__post-date\">24 de abril de 2024<\/time><div class=\"wp-block-latest-posts__post-excerpt\">Todo tiene un comienzo y un final, somos siempre conscientes de ello, pero nos sigue costando cerrar y nos enorgullece, al mismo tiempo, el camino y resultado que experimentamos con cada atenci\u00f3n, actividad o acciones formativas que llevamos a cabo, compartimos y concluimos con las personas a las que atendemos, y m\u00e1s si es con<a class=\"more-link\" href=\"https:\/\/centrotierradetodos.es\/fctdt\/2024\/04\/24\/finaliza-nuestro-curso-de-atencion-sociosanitaria-a-personas-en-domicilio\/\">Sigue leyendo <span class=\"screen-reader-text\">\u00abFinaliza nuestro Curso de Atenci\u00f3n Sociosanitaria a Personas en Domicilio\u00bb<\/span><\/a><\/div><\/li>\n<li><div class=\"wp-block-latest-posts__featured-image\"><a href=\"https:\/\/centrotierradetodos.es\/fctdt\/2024\/04\/16\/curso-de-atencion-socio-sanitaria\/\" aria-label=\"Curso de atenci\u00f3n Socio sanitaria\"><img loading=\"lazy\" decoding=\"async\" width=\"150\" height=\"150\" src=\"https:\/\/centrotierradetodos.es\/fctdt\/wp-content\/uploads\/2024\/04\/IMG_6940-150x150.jpg\" class=\"attachment-thumbnail size-thumbnail wp-post-image\" alt=\"\" style=\"\" \/><\/a><\/div><a class=\"wp-block-latest-posts__post-title\" href=\"https:\/\/centrotierradetodos.es\/fctdt\/2024\/04\/16\/curso-de-atencion-socio-sanitaria\/\">Curso de atenci\u00f3n Socio sanitaria<\/a><time datetime=\"2024-04-16T18:50:00+02:00\" class=\"wp-block-latest-posts__post-date\">16 de abril de 2024<\/time><div class=\"wp-block-latest-posts__post-excerpt\">\ud83e\udd29Os dejamos algunas im\u00e1genes \ud83d\udcf7 de las clases pr\u00e1cticas que el alumnado del Curso de Atenci\u00f3n Sociosanitaria a Personas en Domicilio ha realizado estos dos \u00faltimos d\u00edas en las instalaciones del Centro Universitario Centro Universitario de Enfermer\u00eda Salus Infirmorum C\u00e1diz. Han practicado y aprendido mucho sobre T\u00e9cnicas de reanimaci\u00f3n cardiopulmonar y maniobra de Hemlich, movilizaci\u00f3n<a class=\"more-link\" href=\"https:\/\/centrotierradetodos.es\/fctdt\/2024\/04\/16\/curso-de-atencion-socio-sanitaria\/\">Sigue leyendo <span class=\"screen-reader-text\">\u00abCurso de atenci\u00f3n Socio sanitaria\u00bb<\/span><\/a><\/div><\/li>\n<li><div class=\"wp-block-latest-posts__featured-image\"><a href=\"https:\/\/centrotierradetodos.es\/fctdt\/2024\/04\/10\/nuevo-curso-de-cocina-y-aprovechamiento\/\" aria-label=\"Nuevo curso de cocina y aprovechamiento\"><img loading=\"lazy\" decoding=\"async\" width=\"150\" height=\"150\" src=\"https:\/\/centrotierradetodos.es\/fctdt\/wp-content\/uploads\/2024\/04\/curso_cocina_2-150x150.png\" class=\"attachment-thumbnail size-thumbnail wp-post-image\" alt=\"\" style=\"\" \/><\/a><\/div><a class=\"wp-block-latest-posts__post-title\" href=\"https:\/\/centrotierradetodos.es\/fctdt\/2024\/04\/10\/nuevo-curso-de-cocina-y-aprovechamiento\/\">Nuevo curso de cocina y aprovechamiento<\/a><time datetime=\"2024-04-10T11:45:00+02:00\" class=\"wp-block-latest-posts__post-date\">10 de abril de 2024<\/time><div class=\"wp-block-latest-posts__post-excerpt\">Debido a la gran demanda de personas interesadas en nuestro anterior Curso de Cocina y Aprovechamiento, hoy os traemos una buena noticia para finalizar la semana&nbsp; &nbsp;ABRIMOS PLAZO DE INSCRIPCI\u00d3N PARA NUEVO CURSO DE COCINA Y APROVECHAMIENTO&nbsp; Se llevar\u00e1 a cabo a trav\u00e9s del Programa \u00abPlena Inclusi\u00f3n Sociolaboral de las Personas Migrantes\u00bb, gestionado por la<a class=\"more-link\" href=\"https:\/\/centrotierradetodos.es\/fctdt\/2024\/04\/10\/nuevo-curso-de-cocina-y-aprovechamiento\/\">Sigue leyendo <span class=\"screen-reader-text\">\u00abNuevo curso de cocina y aprovechamiento\u00bb<\/span><\/a><\/div><\/li>\n<li><div class=\"wp-block-latest-posts__featured-image\"><a href=\"https:\/\/centrotierradetodos.es\/fctdt\/2024\/03\/01\/iv-edicion-punto-de-encuentro\/\" aria-label=\"IV Edici\u00f3n Punto de Encuentro\"><img loading=\"lazy\" decoding=\"async\" width=\"150\" height=\"150\" src=\"https:\/\/centrotierradetodos.es\/fctdt\/wp-content\/uploads\/2024\/03\/WhatsApp-Image-2024-03-01-at-07.38.44-1-150x150.jpeg\" class=\"attachment-thumbnail size-thumbnail wp-post-image\" alt=\"\" style=\"\" \/><\/a><\/div><a class=\"wp-block-latest-posts__post-title\" href=\"https:\/\/centrotierradetodos.es\/fctdt\/2024\/03\/01\/iv-edicion-punto-de-encuentro\/\">IV Edici\u00f3n Punto de Encuentro<\/a><time datetime=\"2024-03-01T13:27:00+01:00\" class=\"wp-block-latest-posts__post-date\">1 de marzo de 2024<\/time><div class=\"wp-block-latest-posts__post-excerpt\">El 29 de Febrero se celebr\u00f3 la IV Edici\u00f3n Punto de Encuentro en el que la Fundaci\u00f3n C\u00e1diz C.F. entregar\u00f3 un reconocimiento a asociaciones, entidades y empresas con las que tiene convenio de colaboraci\u00f3n. En representaci\u00f3n de la Fundaci\u00f3n Tierra de Todos recogi\u00f3 el reconocimiento Jer\u00f3nimo Vicente y por la Asociaci\u00f3n Cardijn Juan Carlos Carvajal.<\/div><\/li>\n<li><div class=\"wp-block-latest-posts__featured-image\"><a href=\"https:\/\/centrotierradetodos.es\/fctdt\/2024\/02\/14\/circulo-de-silencio\/\" aria-label=\"C\u00edrculo de Silencio\"><img loading=\"lazy\" decoding=\"async\" width=\"150\" height=\"150\" src=\"https:\/\/centrotierradetodos.es\/fctdt\/wp-content\/uploads\/2024\/02\/circulo-02-24-150x150.jpeg\" class=\"attachment-thumbnail size-thumbnail wp-post-image\" alt=\"\" style=\"\" \/><\/a><\/div><a class=\"wp-block-latest-posts__post-title\" href=\"https:\/\/centrotierradetodos.es\/fctdt\/2024\/02\/14\/circulo-de-silencio\/\">C\u00edrculo de Silencio<\/a><time datetime=\"2024-02-14T11:26:00+01:00\" class=\"wp-block-latest-posts__post-date\">14 de febrero de 2024<\/time><div class=\"wp-block-latest-posts__post-excerpt\"><\/div><\/li>\n<li><div class=\"wp-block-latest-posts__featured-image\"><a href=\"https:\/\/centrotierradetodos.es\/fctdt\/2023\/12\/14\/navidad-2023\/\" aria-label=\"Navidad 2023\"><img loading=\"lazy\" decoding=\"async\" width=\"150\" height=\"150\" src=\"https:\/\/centrotierradetodos.es\/fctdt\/wp-content\/uploads\/2023\/12\/navidad-2023-todo-150x150.png\" class=\"attachment-thumbnail size-thumbnail wp-post-image\" alt=\"\" style=\"\" \/><\/a><\/div><a class=\"wp-block-latest-posts__post-title\" href=\"https:\/\/centrotierradetodos.es\/fctdt\/2023\/12\/14\/navidad-2023\/\">Navidad 2023<\/a><time datetime=\"2023-12-14T11:23:00+01:00\" class=\"wp-block-latest-posts__post-date\">14 de diciembre de 2023<\/time><div class=\"wp-block-latest-posts__post-excerpt\">El Secretariado Diocesano de Migraciones, la Fundaci\u00f3n Centro Tierra de Todos y la Asociaci\u00f3n Cardijn, invitan a la celebraci\u00f3n de la Navidad que ser\u00e1 el pr\u00f3ximo jueves d\u00eda 21 a las 18:00 en Plza. Fray F\u00e9lix ,5Contamos contigo.!!!<\/div><\/li>\n<li><div class=\"wp-block-latest-posts__featured-image\"><a href=\"https:\/\/centrotierradetodos.es\/fctdt\/2023\/10\/24\/vigilia-de-oracion-por-todos-los-migrantes-fallecidos-y-sus-familias-2\/\" aria-label=\"Vigilia de oraci\u00f3n. \u00abPor todos los migrantes fallecidos y sus familias\u00bb\"><img loading=\"lazy\" decoding=\"async\" width=\"150\" height=\"150\" src=\"https:\/\/centrotierradetodos.es\/fctdt\/wp-content\/uploads\/2022\/11\/20221028_vigilia_oracion_migrantes_web_1033-1024x683-2-150x150.jpg\" class=\"attachment-thumbnail size-thumbnail wp-post-image\" alt=\"\" style=\"\" srcset=\"https:\/\/centrotierradetodos.es\/fctdt\/wp-content\/uploads\/2022\/11\/20221028_vigilia_oracion_migrantes_web_1033-1024x683-2-150x150.jpg 150w, https:\/\/centrotierradetodos.es\/fctdt\/wp-content\/uploads\/2022\/11\/20221028_vigilia_oracion_migrantes_web_1033-1024x683-2-400x400.jpg 400w, https:\/\/centrotierradetodos.es\/fctdt\/wp-content\/uploads\/2022\/11\/20221028_vigilia_oracion_migrantes_web_1033-1024x683-2-200x200.jpg 200w\" sizes=\"auto, (max-width: 150px) 100vw, 150px\" \/><\/a><\/div><a class=\"wp-block-latest-posts__post-title\" href=\"https:\/\/centrotierradetodos.es\/fctdt\/2023\/10\/24\/vigilia-de-oracion-por-todos-los-migrantes-fallecidos-y-sus-familias-2\/\">Vigilia de oraci\u00f3n. \u00abPor todos los migrantes fallecidos y sus familias\u00bb<\/a><time datetime=\"2023-10-24T11:16:00+02:00\" class=\"wp-block-latest-posts__post-date\">24 de octubre de 2023<\/time><div class=\"wp-block-latest-posts__post-excerpt\">Galer\u00eda de im\u00e1genes<\/div><\/li>\n<li><div class=\"wp-block-latest-posts__featured-image\"><a href=\"https:\/\/centrotierradetodos.es\/fctdt\/2023\/10\/13\/vigilia-de-oracion-por-todos-los-migrantes-fallecidos-y-sus-familias\/\" aria-label=\"Vigilia de oraci\u00f3n. \u00abPor todos los migrantes fallecidos y sus familias\u00bb\"><img loading=\"lazy\" decoding=\"async\" width=\"150\" height=\"150\" src=\"https:\/\/centrotierradetodos.es\/fctdt\/wp-content\/uploads\/2023\/09\/CARTEL-VIGILIA-TARIFA-2023--150x150.png\" class=\"attachment-thumbnail size-thumbnail wp-post-image\" alt=\"\" style=\"\" \/><\/a><\/div><a class=\"wp-block-latest-posts__post-title\" href=\"https:\/\/centrotierradetodos.es\/fctdt\/2023\/10\/13\/vigilia-de-oracion-por-todos-los-migrantes-fallecidos-y-sus-familias\/\">Vigilia de oraci\u00f3n. \u00abPor todos los migrantes fallecidos y sus familias\u00bb<\/a><time datetime=\"2023-10-13T11:08:00+02:00\" class=\"wp-block-latest-posts__post-date\">13 de octubre de 2023<\/time><div class=\"wp-block-latest-posts__post-excerpt\">El Secretariado de Migraciones, junto con Tierra De Todos y la Asociaci\u00f3n Cardijn, organiza, como cada a\u00f1o, la Celebraci\u00f3n de la Vigilia de Oraci\u00f3n Interreligiosa en recuerdo a las personas migrantes fallecidas en El Estrecho y sus familias.Tendr\u00e1 lugar el viernes 20 de Octubre a las 19:30h en la Playa de Los Lances (Tarifa). Pondremos<a class=\"more-link\" href=\"https:\/\/centrotierradetodos.es\/fctdt\/2023\/10\/13\/vigilia-de-oracion-por-todos-los-migrantes-fallecidos-y-sus-familias\/\">Sigue leyendo <span class=\"screen-reader-text\">\u00abVigilia de oraci\u00f3n. \u00abPor todos los migrantes fallecidos y sus familias\u00bb\u00bb<\/span><\/a><\/div><\/li>\n<li><div class=\"wp-block-latest-posts__featured-image\"><a href=\"https:\/\/centrotierradetodos.es\/fctdt\/2023\/09\/25\/el-padre-fabio-baggio-visitara-la-diocesis-de-cadiz-y-ceuta-desde-el-vaticano-para-hablar-sobre-las-migraciones\/\" aria-label=\"El  Padre Fabio Baggio, visitar\u00e1 la Di\u00f3cesis de C\u00e1diz y Ceuta desde el Vaticano para hablar sobre las Migraciones.\"><img loading=\"lazy\" decoding=\"async\" width=\"150\" height=\"150\" src=\"https:\/\/centrotierradetodos.es\/fctdt\/wp-content\/uploads\/2023\/10\/cartel-baggio-cadiz-3-150x150.jpg\" class=\"attachment-thumbnail size-thumbnail wp-post-image\" alt=\"\" style=\"\" \/><\/a><\/div><a class=\"wp-block-latest-posts__post-title\" href=\"https:\/\/centrotierradetodos.es\/fctdt\/2023\/09\/25\/el-padre-fabio-baggio-visitara-la-diocesis-de-cadiz-y-ceuta-desde-el-vaticano-para-hablar-sobre-las-migraciones\/\">El  Padre Fabio Baggio, visitar\u00e1 la Di\u00f3cesis de C\u00e1diz y Ceuta desde el Vaticano para hablar sobre las Migraciones.<\/a><time datetime=\"2023-09-25T11:13:00+02:00\" class=\"wp-block-latest-posts__post-date\">25 de septiembre de 2023<\/time><div class=\"wp-block-latest-posts__post-excerpt\">El P. Fabio Baggio, del Dicasterio de la Santa Sede para el Servicio del desarrollo humano integral del Vaticano, colaborador del papa Francisco y uno de los responsables de la Santa Sede a cargo de las migraciones, estar\u00e1 en la Di\u00f3cesis de C\u00e1diz y Ceuta.&nbsp; Durante los d\u00edas 5, 6 y 7 de octubre visitar\u00e1<a class=\"more-link\" href=\"https:\/\/centrotierradetodos.es\/fctdt\/2023\/09\/25\/el-padre-fabio-baggio-visitara-la-diocesis-de-cadiz-y-ceuta-desde-el-vaticano-para-hablar-sobre-las-migraciones\/\">Sigue leyendo <span class=\"screen-reader-text\">\u00abEl  Padre Fabio Baggio, visitar\u00e1 la Di\u00f3cesis de C\u00e1diz y Ceuta desde el Vaticano para hablar sobre las Migraciones.\u00bb<\/span><\/a><\/div><\/li>\n<li><div class=\"wp-block-latest-posts__featured-image\"><a href=\"https:\/\/centrotierradetodos.es\/fctdt\/2023\/09\/01\/109-a-jornada-mundial-del-migrante-y-el-refugiado\/\" aria-label=\"109 \u00aa Jornada mundial del migrante y el refugiado\"><img loading=\"lazy\" decoding=\"async\" width=\"150\" height=\"150\" src=\"https:\/\/centrotierradetodos.es\/fctdt\/wp-content\/uploads\/2024\/04\/109jornada-150x150.jpg\" class=\"attachment-thumbnail size-thumbnail wp-post-image\" alt=\"\" style=\"\" \/><\/a><\/div><a class=\"wp-block-latest-posts__post-title\" href=\"https:\/\/centrotierradetodos.es\/fctdt\/2023\/09\/01\/109-a-jornada-mundial-del-migrante-y-el-refugiado\/\">109 \u00aa Jornada mundial del migrante y el refugiado<\/a><time datetime=\"2023-09-01T11:02:00+02:00\" class=\"wp-block-latest-posts__post-date\">1 de septiembre de 2023<\/time><div class=\"wp-block-latest-posts__post-excerpt\">El pr\u00f3ximo domingo 24 de septiembre celebraremos la 109\u00aa JORNADA MUNDIAL DEL MIGRANTE Y DEL REFUGIADO con el lema, \u201cLIBRES DE ELEGIR SI MIGRAR O QUEDARSE\u201d. La Catedral de C\u00e1diz acoger\u00e1 la celebraci\u00f3n principal a las 12.00h y, posteriormente, tendr\u00e1 lugar el tradicional almuerzo multicultural en el Centro Tartessos (C\/ Trille, 40) Ser\u00e1 un encuentro<a class=\"more-link\" href=\"https:\/\/centrotierradetodos.es\/fctdt\/2023\/09\/01\/109-a-jornada-mundial-del-migrante-y-el-refugiado\/\">Sigue leyendo <span class=\"screen-reader-text\">\u00ab109 \u00aa Jornada mundial del migrante y el refugiado\u00bb<\/span><\/a><\/div><\/li>\n<li><div class=\"wp-block-latest-posts__featured-image\"><a href=\"https:\/\/centrotierradetodos.es\/fctdt\/2023\/08\/17\/cadiz-cf-fundacion-intensifica-su-compromiso-en-la-lucha-contra-el-racismo\/\" aria-label=\"C\u00e1diz CF Fundaci\u00f3n intensifica su compromiso en la lucha contra el racismo\"><img loading=\"lazy\" decoding=\"async\" width=\"150\" height=\"150\" src=\"https:\/\/centrotierradetodos.es\/fctdt\/wp-content\/uploads\/2023\/08\/57741f17-e837-450c-9aea-399b451404ef-150x150.jpg\" class=\"attachment-thumbnail size-thumbnail wp-post-image\" alt=\"\" style=\"\" \/><\/a><\/div><a class=\"wp-block-latest-posts__post-title\" href=\"https:\/\/centrotierradetodos.es\/fctdt\/2023\/08\/17\/cadiz-cf-fundacion-intensifica-su-compromiso-en-la-lucha-contra-el-racismo\/\">C\u00e1diz CF Fundaci\u00f3n intensifica su compromiso en la lucha contra el racismo<\/a><time datetime=\"2023-08-17T10:53:00+02:00\" class=\"wp-block-latest-posts__post-date\">17 de agosto de 2023<\/time><div class=\"wp-block-latest-posts__post-excerpt\">La Asociaci\u00f3n Cardijn y la Fundaci\u00f3n Centro Tierra de Todos a trav\u00e9s de sus representantes, Sante Zanetti y Jer\u00f3nimo Vicente Ru\u00edz, han firmado un convenio de colaboraci\u00f3n con C\u00e1diz CF Fundaci\u00f3n, firmando dicha colaboraci\u00f3n D. Jos\u00e9 Mata.<\/div><\/li>\n<li><div class=\"wp-block-latest-posts__featured-image\"><a href=\"https:\/\/centrotierradetodos.es\/fctdt\/2023\/07\/30\/vi-campo-de-servicio-en-tetuan\/\" aria-label=\"VI Campo de servicio en Tetu\u00e1n\"><img loading=\"lazy\" decoding=\"async\" width=\"150\" height=\"150\" src=\"https:\/\/centrotierradetodos.es\/fctdt\/wp-content\/uploads\/2023\/08\/WhatsApp-Image-2023-08-02-at-15.39.38-150x150.jpeg\" class=\"attachment-thumbnail size-thumbnail wp-post-image\" alt=\"\" style=\"\" \/><\/a><\/div><a class=\"wp-block-latest-posts__post-title\" href=\"https:\/\/centrotierradetodos.es\/fctdt\/2023\/07\/30\/vi-campo-de-servicio-en-tetuan\/\">VI Campo de servicio en Tetu\u00e1n<\/a><time datetime=\"2023-07-30T15:49:00+02:00\" class=\"wp-block-latest-posts__post-date\">30 de julio de 2023<\/time><div class=\"wp-block-latest-posts__post-excerpt\">El Secretariado de Migraciones de la Di\u00f3cesis de C\u00e1diz y Ceuta ha puesto en marcha el VICAMPO DE SERVICIO en TETUAN, para 15 j\u00f3venes de entre 18 y 30 a\u00f1os, que se celebrar\u00e1 en la ciudad de Tetu\u00e1n, en Marruecos, entre los d\u00edas 1 al 12 de Agosto.Por las ma\u00f1anas un grupo realizar\u00e1 actividades en<a class=\"more-link\" href=\"https:\/\/centrotierradetodos.es\/fctdt\/2023\/07\/30\/vi-campo-de-servicio-en-tetuan\/\">Sigue leyendo <span class=\"screen-reader-text\">\u00abVI Campo de servicio en Tetu\u00e1n\u00bb<\/span><\/a><\/div><\/li>\n<li><div class=\"wp-block-latest-posts__featured-image\"><a href=\"https:\/\/centrotierradetodos.es\/fctdt\/2023\/07\/14\/i-torneo-tierra-de-todos-memorial-padre-gabriel-delgado\/\" aria-label=\"I Torneo Tierra de Todos. Memorial Padre Gabriel Delgado\"><img loading=\"lazy\" decoding=\"async\" width=\"150\" height=\"150\" src=\"https:\/\/centrotierradetodos.es\/fctdt\/wp-content\/uploads\/2023\/07\/IMG-20230710-WA0009-e1689319885882-150x150.jpg\" class=\"attachment-thumbnail size-thumbnail wp-post-image\" alt=\"\" style=\"\" \/><\/a><\/div><a class=\"wp-block-latest-posts__post-title\" href=\"https:\/\/centrotierradetodos.es\/fctdt\/2023\/07\/14\/i-torneo-tierra-de-todos-memorial-padre-gabriel-delgado\/\">I Torneo Tierra de Todos. Memorial Padre Gabriel Delgado<\/a><time datetime=\"2023-07-14T12:42:00+02:00\" class=\"wp-block-latest-posts__post-date\">14 de julio de 2023<\/time><div class=\"wp-block-latest-posts__post-excerpt\"><\/div><\/li>\n<li><div class=\"wp-block-latest-posts__featured-image\"><a href=\"https:\/\/centrotierradetodos.es\/fctdt\/2023\/07\/05\/entrevista-en-el-programa-el-mirador-onda-cadiz\/\" aria-label=\"Entrevista en el programa EL Mirador Onda C\u00e1diz.\"><img loading=\"lazy\" decoding=\"async\" width=\"150\" height=\"150\" src=\"https:\/\/centrotierradetodos.es\/fctdt\/wp-content\/uploads\/2024\/04\/elmirador-150x150.jpg\" class=\"attachment-thumbnail size-thumbnail wp-post-image\" alt=\"\" style=\"\" \/><\/a><\/div><a class=\"wp-block-latest-posts__post-title\" href=\"https:\/\/centrotierradetodos.es\/fctdt\/2023\/07\/05\/entrevista-en-el-programa-el-mirador-onda-cadiz\/\">Entrevista en el programa EL Mirador Onda C\u00e1diz.<\/a><time datetime=\"2023-07-05T18:38:00+02:00\" class=\"wp-block-latest-posts__post-date\">5 de julio de 2023<\/time><div class=\"wp-block-latest-posts__post-excerpt\"><\/div><\/li>\n<li><div class=\"wp-block-latest-posts__featured-image\"><a href=\"https:\/\/centrotierradetodos.es\/fctdt\/2023\/06\/30\/curso-de-preparacion-para-la-obtencion-de-la-nacionalidad-espanola\/\" aria-label=\"Curso de preparaci\u00f3n para la obtenci\u00f3n de la nacionalidad espa\u00f1ola\"><img loading=\"lazy\" decoding=\"async\" width=\"150\" height=\"150\" src=\"https:\/\/centrotierradetodos.es\/fctdt\/wp-content\/uploads\/2023\/07\/cnacionalidad-150x150.jpg\" class=\"attachment-thumbnail size-thumbnail wp-post-image\" alt=\"\" style=\"\" \/><\/a><\/div><a class=\"wp-block-latest-posts__post-title\" href=\"https:\/\/centrotierradetodos.es\/fctdt\/2023\/06\/30\/curso-de-preparacion-para-la-obtencion-de-la-nacionalidad-espanola\/\">Curso de preparaci\u00f3n para la obtenci\u00f3n de la nacionalidad espa\u00f1ola<\/a><time datetime=\"2023-06-30T10:46:00+02:00\" class=\"wp-block-latest-posts__post-date\">30 de junio de 2023<\/time><div class=\"wp-block-latest-posts__post-excerpt\">Se abre nuevo grupo para el CURSO DE PREPARACI\u00d3N PARA OBTENER LA NACIONALIDAD que llevamos a cabo a trav\u00e9s del \u00abPrograma para la Inserci\u00f3n Sociolaboral de las Personas Migrantes\u00bb, gestionado por la Asociaci\u00f3n Cardijn, en colaboraci\u00f3n con la Fundaci\u00f3n Centro Tierra de Todos, y subvencionado por la Consejer\u00eda de Inclusi\u00f3n Social, Juventud, Familias e Igualdad-Junta<a class=\"more-link\" href=\"https:\/\/centrotierradetodos.es\/fctdt\/2023\/06\/30\/curso-de-preparacion-para-la-obtencion-de-la-nacionalidad-espanola\/\">Sigue leyendo <span class=\"screen-reader-text\">\u00abCurso de preparaci\u00f3n para la obtenci\u00f3n de la nacionalidad espa\u00f1ola\u00bb<\/span><\/a><\/div><\/li>\n<li><div class=\"wp-block-latest-posts__featured-image\"><a href=\"https:\/\/centrotierradetodos.es\/fctdt\/2023\/06\/08\/reportaje-sobre-el-libro-crisol-onda-cadiz-rtv-programa-traspunte\/\" aria-label=\"Reportaje sobre el libro CRISOL. Onda C\u00e1diz RTV. Programa TRASPUNTE\"><img loading=\"lazy\" decoding=\"async\" width=\"150\" height=\"150\" src=\"https:\/\/centrotierradetodos.es\/fctdt\/wp-content\/uploads\/2024\/04\/traspunte-150x150.jpg\" class=\"attachment-thumbnail size-thumbnail wp-post-image\" alt=\"\" style=\"\" \/><\/a><\/div><a class=\"wp-block-latest-posts__post-title\" href=\"https:\/\/centrotierradetodos.es\/fctdt\/2023\/06\/08\/reportaje-sobre-el-libro-crisol-onda-cadiz-rtv-programa-traspunte\/\">Reportaje sobre el libro CRISOL. Onda C\u00e1diz RTV. Programa TRASPUNTE<\/a><time datetime=\"2023-06-08T17:35:00+02:00\" class=\"wp-block-latest-posts__post-date\">8 de junio de 2023<\/time><div class=\"wp-block-latest-posts__post-excerpt\"><\/div><\/li>\n<li><div class=\"wp-block-latest-posts__featured-image\"><a href=\"https:\/\/centrotierradetodos.es\/fctdt\/2023\/05\/03\/circulo-de-silencio-10-de-mayo-de-2023\/\" aria-label=\"C\u00edrculo de silencio. 10 de mayo de 2023.\"><img loading=\"lazy\" decoding=\"async\" width=\"150\" height=\"150\" src=\"https:\/\/centrotierradetodos.es\/fctdt\/wp-content\/uploads\/2023\/05\/CIRCULO-MAYO-2023-150x150.jpg\" class=\"attachment-thumbnail size-thumbnail wp-post-image\" alt=\"\" style=\"\" \/><\/a><\/div><a class=\"wp-block-latest-posts__post-title\" href=\"https:\/\/centrotierradetodos.es\/fctdt\/2023\/05\/03\/circulo-de-silencio-10-de-mayo-de-2023\/\">C\u00edrculo de silencio. 10 de mayo de 2023.<\/a><time datetime=\"2023-05-03T10:34:00+02:00\" class=\"wp-block-latest-posts__post-date\">3 de mayo de 2023<\/time><div class=\"wp-block-latest-posts__post-excerpt\"><\/div><\/li>\n<li><div class=\"wp-block-latest-posts__featured-image\"><a href=\"https:\/\/centrotierradetodos.es\/fctdt\/2023\/04\/26\/presentacion-oficial-del-libro-crisol\/\" aria-label=\"Presentaci\u00f3n oficial del libro Crisol.\"><img loading=\"lazy\" decoding=\"async\" width=\"150\" height=\"150\" src=\"https:\/\/centrotierradetodos.es\/fctdt\/wp-content\/uploads\/2023\/05\/crisol-150x150.jpg\" class=\"attachment-thumbnail size-thumbnail wp-post-image\" alt=\"\" style=\"\" \/><\/a><\/div><a class=\"wp-block-latest-posts__post-title\" href=\"https:\/\/centrotierradetodos.es\/fctdt\/2023\/04\/26\/presentacion-oficial-del-libro-crisol\/\">Presentaci\u00f3n oficial del libro Crisol.<\/a><time datetime=\"2023-04-26T11:29:00+02:00\" class=\"wp-block-latest-posts__post-date\">26 de abril de 2023<\/time><div class=\"wp-block-latest-posts__post-excerpt\">El mi\u00e9rcoles d\u00eda 3 de mayo a las 19:00 h. se presenta oficialmente en la Diputaci\u00f3n de C\u00e1diz el libro CRISOL. Libro editado por el voluntariado de la Red de Atenci\u00f3n a Personas Migrantes del Secretariado Diocesano de Migraciones, la Asociaci\u00f3n Cardijn y la Fundaci\u00f3n Centro Tierra de Todos y sufragado por la Diputaci\u00f3n de<a class=\"more-link\" href=\"https:\/\/centrotierradetodos.es\/fctdt\/2023\/04\/26\/presentacion-oficial-del-libro-crisol\/\">Sigue leyendo <span class=\"screen-reader-text\">\u00abPresentaci\u00f3n oficial del libro Crisol.\u00bb<\/span><\/a><\/div><\/li>\n<li><a class=\"wp-block-latest-posts__post-title\" href=\"https:\/\/centrotierradetodos.es\/fctdt\/2023\/03\/30\/presentacion-del-libro-crisol-ix-congreso-internacional-de-la-lengua-espanola\/\">Presentaci\u00f3n del libro Crisol. IX Congreso Internacional de la Lengua Espa\u00f1ola<\/a><time datetime=\"2023-03-30T12:59:00+02:00\" class=\"wp-block-latest-posts__post-date\">30 de marzo de 2023<\/time><div class=\"wp-block-latest-posts__post-excerpt\"><\/div><\/li>\n<li><div class=\"wp-block-latest-posts__featured-image\"><a href=\"https:\/\/centrotierradetodos.es\/fctdt\/2023\/02\/01\/vigilia-de-oracion-contra-la-trata\/\" aria-label=\"Vigilia de oraci\u00f3n contra la trata.\"><img loading=\"lazy\" decoding=\"async\" width=\"150\" height=\"150\" src=\"https:\/\/centrotierradetodos.es\/fctdt\/wp-content\/uploads\/2023\/02\/Cartel-Vigilia-Feb-23-150x150.jpg\" class=\"attachment-thumbnail size-thumbnail wp-post-image\" alt=\"\" style=\"\" \/><\/a><\/div><a class=\"wp-block-latest-posts__post-title\" href=\"https:\/\/centrotierradetodos.es\/fctdt\/2023\/02\/01\/vigilia-de-oracion-contra-la-trata\/\">Vigilia de oraci\u00f3n contra la trata.<\/a><time datetime=\"2023-02-01T10:24:00+01:00\" class=\"wp-block-latest-posts__post-date\">1 de febrero de 2023<\/time><div class=\"wp-block-latest-posts__post-excerpt\"><\/div><\/li>\n<li><div class=\"wp-block-latest-posts__featured-image\"><a href=\"https:\/\/centrotierradetodos.es\/fctdt\/2022\/11\/23\/m-el-legado-documental-de-gabriel-delgado-que-desde-cadiz-da-voz-a-los-menores-migrantes\/\" aria-label=\"&#8216;M&#8217;: el legado documental de Gabriel Delgado que desde C\u00e1diz da voz a los menores migrantes.\"><img loading=\"lazy\" decoding=\"async\" width=\"150\" height=\"150\" src=\"https:\/\/centrotierradetodos.es\/fctdt\/wp-content\/uploads\/2022\/11\/WhatsApp-Image-2022-11-16-at-14.44.46-150x150.jpeg\" class=\"attachment-thumbnail size-thumbnail wp-post-image\" alt=\"\" style=\"\" srcset=\"https:\/\/centrotierradetodos.es\/fctdt\/wp-content\/uploads\/2022\/11\/WhatsApp-Image-2022-11-16-at-14.44.46-150x150.jpeg 150w, https:\/\/centrotierradetodos.es\/fctdt\/wp-content\/uploads\/2022\/11\/WhatsApp-Image-2022-11-16-at-14.44.46-800x800.jpeg 800w, https:\/\/centrotierradetodos.es\/fctdt\/wp-content\/uploads\/2022\/11\/WhatsApp-Image-2022-11-16-at-14.44.46-400x400.jpeg 400w, https:\/\/centrotierradetodos.es\/fctdt\/wp-content\/uploads\/2022\/11\/WhatsApp-Image-2022-11-16-at-14.44.46-200x200.jpeg 200w\" sizes=\"auto, (max-width: 150px) 100vw, 150px\" \/><\/a><\/div><a class=\"wp-block-latest-posts__post-title\" href=\"https:\/\/centrotierradetodos.es\/fctdt\/2022\/11\/23\/m-el-legado-documental-de-gabriel-delgado-que-desde-cadiz-da-voz-a-los-menores-migrantes\/\">&#8216;M&#8217;: el legado documental de Gabriel Delgado que desde C\u00e1diz da voz a los menores migrantes.<\/a><time datetime=\"2022-11-23T11:23:00+01:00\" class=\"wp-block-latest-posts__post-date\">23 de noviembre de 2022<\/time><div class=\"wp-block-latest-posts__post-excerpt\"><\/div><\/li>\n<li><div class=\"wp-block-latest-posts__featured-image\"><a href=\"https:\/\/centrotierradetodos.es\/fctdt\/2022\/11\/11\/la-fundacion-tierra-de-todos-atendera-a-50-familias-vulnerables-gracias-al-programa-caixaproinfancia\/\" aria-label=\"La Fundaci\u00f3n Tierra de Todos atender\u00e1 a 50 familias vulnerables gracias al programa CaixaProinfancia\"><img loading=\"lazy\" decoding=\"async\" width=\"150\" height=\"150\" src=\"https:\/\/centrotierradetodos.es\/fctdt\/wp-content\/uploads\/2022\/11\/20221111_convenio_tierra_de_todos_familias_572-1024x683-1-150x150.jpg\" class=\"attachment-thumbnail size-thumbnail wp-post-image\" alt=\"\" style=\"\" srcset=\"https:\/\/centrotierradetodos.es\/fctdt\/wp-content\/uploads\/2022\/11\/20221111_convenio_tierra_de_todos_familias_572-1024x683-1-150x150.jpg 150w, https:\/\/centrotierradetodos.es\/fctdt\/wp-content\/uploads\/2022\/11\/20221111_convenio_tierra_de_todos_familias_572-1024x683-1-400x400.jpg 400w, https:\/\/centrotierradetodos.es\/fctdt\/wp-content\/uploads\/2022\/11\/20221111_convenio_tierra_de_todos_familias_572-1024x683-1-200x200.jpg 200w\" sizes=\"auto, (max-width: 150px) 100vw, 150px\" \/><\/a><\/div><a class=\"wp-block-latest-posts__post-title\" href=\"https:\/\/centrotierradetodos.es\/fctdt\/2022\/11\/11\/la-fundacion-tierra-de-todos-atendera-a-50-familias-vulnerables-gracias-al-programa-caixaproinfancia\/\">La Fundaci\u00f3n Tierra de Todos atender\u00e1 a 50 familias vulnerables gracias al programa CaixaProinfancia<\/a><time datetime=\"2022-11-11T11:10:00+01:00\" class=\"wp-block-latest-posts__post-date\">11 de noviembre de 2022<\/time><div class=\"wp-block-latest-posts__post-excerpt\">La Fundaci\u00f3n Centro Tierra de Todos,&nbsp;Fundaci\u00f3n \u201cla Caixa\u201d&nbsp;y el&nbsp;Ayuntamiento de C\u00e1diz&nbsp;han firmado esta ma\u00f1ana un convenio por el que, gracias al programa&nbsp;CaixaProinfancia, se atender\u00e1 a&nbsp;50 familias&nbsp;con ni\u00f1os del casco antiguo de C\u00e1diz en situaci\u00f3n de pobreza y exclusi\u00f3n social.<\/div><\/li>\n<li><div class=\"wp-block-latest-posts__featured-image\"><a href=\"https:\/\/centrotierradetodos.es\/fctdt\/2022\/10\/03\/vigilia-de-oracion-interreligiosa\/\" aria-label=\"Vigilia de Oraci\u00f3n Interreligiosa\"><img loading=\"lazy\" decoding=\"async\" width=\"150\" height=\"150\" src=\"https:\/\/centrotierradetodos.es\/fctdt\/wp-content\/uploads\/2022\/10\/vigilia2022-150x150.jpg\" class=\"attachment-thumbnail size-thumbnail wp-post-image\" alt=\"\" style=\"\" srcset=\"https:\/\/centrotierradetodos.es\/fctdt\/wp-content\/uploads\/2022\/10\/vigilia2022-150x150.jpg 150w, https:\/\/centrotierradetodos.es\/fctdt\/wp-content\/uploads\/2022\/10\/vigilia2022-400x400.jpg 400w, https:\/\/centrotierradetodos.es\/fctdt\/wp-content\/uploads\/2022\/10\/vigilia2022-200x200.jpg 200w\" sizes=\"auto, (max-width: 150px) 100vw, 150px\" \/><\/a><\/div><a class=\"wp-block-latest-posts__post-title\" href=\"https:\/\/centrotierradetodos.es\/fctdt\/2022\/10\/03\/vigilia-de-oracion-interreligiosa\/\">Vigilia de Oraci\u00f3n Interreligiosa<\/a><time datetime=\"2022-10-03T13:45:16+02:00\" class=\"wp-block-latest-posts__post-date\">3 de octubre de 2022<\/time><div class=\"wp-block-latest-posts__post-excerpt\">El Secretariado de Migraciones, junto con Tierra De Todos y Asociaci\u00f3n Cardijn, retoman tras la pandemia, la Celebraci\u00f3n de la Vigilia de Oraci\u00f3n Interreligiosa en recuerdo a los migrantes fallecidos en El Estrecho y sus familias. Tendr\u00e1 lugar el viernes 28 de octubre a las \u23f0 19:30 h en \ud83d\udccdla Playa de Los Lances (Tarifa).<a class=\"more-link\" href=\"https:\/\/centrotierradetodos.es\/fctdt\/2022\/10\/03\/vigilia-de-oracion-interreligiosa\/\">Sigue leyendo <span class=\"screen-reader-text\">\u00abVigilia de Oraci\u00f3n Interreligiosa\u00bb<\/span><\/a><\/div><\/li>\n<li><div class=\"wp-block-latest-posts__featured-image\"><a href=\"https:\/\/centrotierradetodos.es\/fctdt\/2022\/09\/28\/asi-se-celebro-la-108a-jornada-mundial-del-migrante-y-del-refugiado\/\" aria-label=\"As\u00ed se celebr\u00f3 la 108\u00aa Jornada Mundial del Migrante y del Refugiado\"><img loading=\"lazy\" decoding=\"async\" width=\"139\" height=\"150\" src=\"https:\/\/centrotierradetodos.es\/fctdt\/wp-content\/uploads\/2022\/09\/20220909_cartel_jornada_migrante_refugiado25-139x150.jpg\" class=\"attachment-thumbnail size-thumbnail wp-post-image\" alt=\"\" style=\"\" \/><\/a><\/div><a class=\"wp-block-latest-posts__post-title\" href=\"https:\/\/centrotierradetodos.es\/fctdt\/2022\/09\/28\/asi-se-celebro-la-108a-jornada-mundial-del-migrante-y-del-refugiado\/\">As\u00ed se celebr\u00f3 la 108\u00aa Jornada Mundial del Migrante y del Refugiado<\/a><time datetime=\"2022-09-28T12:00:19+02:00\" class=\"wp-block-latest-posts__post-date\">28 de septiembre de 2022<\/time><div class=\"wp-block-latest-posts__post-excerpt\"><\/div><\/li>\n<li><div class=\"wp-block-latest-posts__featured-image\"><a href=\"https:\/\/centrotierradetodos.es\/fctdt\/2021\/12\/27\/el-padre-sante-zanetti-nuevo-director-del-secretariado-diocesano-de-migraciones\/\" aria-label=\"El padre Sante Zanetti, nuevo director del Secretariado Diocesano de Migraciones\"><img loading=\"lazy\" decoding=\"async\" width=\"150\" height=\"150\" src=\"https:\/\/centrotierradetodos.es\/fctdt\/wp-content\/uploads\/2021\/12\/20211223_sante_zanetti_migraciones_web_626-150x150.jpg\" class=\"attachment-thumbnail size-thumbnail wp-post-image\" alt=\"\" style=\"\" srcset=\"https:\/\/centrotierradetodos.es\/fctdt\/wp-content\/uploads\/2021\/12\/20211223_sante_zanetti_migraciones_web_626-150x150.jpg 150w, https:\/\/centrotierradetodos.es\/fctdt\/wp-content\/uploads\/2021\/12\/20211223_sante_zanetti_migraciones_web_626-800x800.jpg 800w, https:\/\/centrotierradetodos.es\/fctdt\/wp-content\/uploads\/2021\/12\/20211223_sante_zanetti_migraciones_web_626-400x400.jpg 400w, https:\/\/centrotierradetodos.es\/fctdt\/wp-content\/uploads\/2021\/12\/20211223_sante_zanetti_migraciones_web_626-200x200.jpg 200w\" sizes=\"auto, (max-width: 150px) 100vw, 150px\" \/><\/a><\/div><a class=\"wp-block-latest-posts__post-title\" href=\"https:\/\/centrotierradetodos.es\/fctdt\/2021\/12\/27\/el-padre-sante-zanetti-nuevo-director-del-secretariado-diocesano-de-migraciones\/\">El padre Sante Zanetti, nuevo director del Secretariado Diocesano de Migraciones<\/a><time datetime=\"2021-12-27T12:45:43+01:00\" class=\"wp-block-latest-posts__post-date\">27 de diciembre de 2021<\/time><div class=\"wp-block-latest-posts__post-excerpt\">En la ma\u00f1ana de hoy, 27 de diciembre de 2021, el Sr. Obispo de la Di\u00f3cesis de C\u00e1diz y Ceuta, Mons. Rafael Zornoza Boy, ha nombrado al sacerdote Sante Zanetti nuevo director del Secretariado diocesano de Migraciones de C\u00e1diz y Ceuta. Este sacerdote pertenece a la congregaci\u00f3n religiosa de los Misioneros de San Carlos, Scalabrinianos,<a class=\"more-link\" href=\"https:\/\/centrotierradetodos.es\/fctdt\/2021\/12\/27\/el-padre-sante-zanetti-nuevo-director-del-secretariado-diocesano-de-migraciones\/\">Sigue leyendo <span class=\"screen-reader-text\">\u00abEl padre Sante Zanetti, nuevo director del Secretariado Diocesano de Migraciones\u00bb<\/span><\/a><\/div><\/li>\n<li><div class=\"wp-block-latest-posts__featured-image\"><a href=\"https:\/\/centrotierradetodos.es\/fctdt\/2021\/12\/17\/monsenor-rafael-zornoza-recoge-el-galardon-en-honor-a-gabriel-delgado\/\" aria-label=\"Monse\u00f1or Rafael Zornoza recoge el galard\u00f3n en honor a Gabriel Delgado\"><img loading=\"lazy\" decoding=\"async\" width=\"150\" height=\"150\" src=\"https:\/\/centrotierradetodos.es\/fctdt\/wp-content\/uploads\/2021\/12\/20211216_premio_plaza_espana_-150x150.jpg\" class=\"attachment-thumbnail size-thumbnail wp-post-image\" alt=\"\" style=\"\" srcset=\"https:\/\/centrotierradetodos.es\/fctdt\/wp-content\/uploads\/2021\/12\/20211216_premio_plaza_espana_-150x150.jpg 150w, https:\/\/centrotierradetodos.es\/fctdt\/wp-content\/uploads\/2021\/12\/20211216_premio_plaza_espana_-400x400.jpg 400w, https:\/\/centrotierradetodos.es\/fctdt\/wp-content\/uploads\/2021\/12\/20211216_premio_plaza_espana_-200x200.jpg 200w\" sizes=\"auto, (max-width: 150px) 100vw, 150px\" \/><\/a><\/div><a class=\"wp-block-latest-posts__post-title\" href=\"https:\/\/centrotierradetodos.es\/fctdt\/2021\/12\/17\/monsenor-rafael-zornoza-recoge-el-galardon-en-honor-a-gabriel-delgado\/\">Monse\u00f1or Rafael Zornoza recoge el galard\u00f3n en honor a Gabriel Delgado<\/a><time datetime=\"2021-12-17T13:26:38+01:00\" class=\"wp-block-latest-posts__post-date\">17 de diciembre de 2021<\/time><div class=\"wp-block-latest-posts__post-excerpt\">El pasado jueves, 16 de diciembre, el Delegado del Gobierno de Espa\u00f1a en Andaluc\u00eda, Pedro Fern\u00e1ndez, presidi\u00f3 el acto de entrega de los XVII Premios Plaza de Espa\u00f1a. Unos galardones que suponen un reconocimiento a organizaciones, instituciones y personas de la comunidad andaluza que han destacado en distintos \u00e1mbitos sociales, culturales, deportivos o cient\u00edficos por<a class=\"more-link\" href=\"https:\/\/centrotierradetodos.es\/fctdt\/2021\/12\/17\/monsenor-rafael-zornoza-recoge-el-galardon-en-honor-a-gabriel-delgado\/\">Sigue leyendo <span class=\"screen-reader-text\">\u00abMonse\u00f1or Rafael Zornoza recoge el galard\u00f3n en honor a Gabriel Delgado\u00bb<\/span><\/a><\/div><\/li>\n<li><div class=\"wp-block-latest-posts__featured-image\"><a href=\"https:\/\/centrotierradetodos.es\/fctdt\/2021\/12\/16\/el-circulo-de-silencio-tuvo-presente-al-padre-gabriel-y-a-las-2-000-personas-fallecidas-este-ano-en-el-mediterraneo\/\" aria-label=\"El C\u00edrculo de Silencio tuvo presente al Padre Gabriel y a las 2.000 personas fallecidas este a\u00f1o en el Mediterr\u00e1neo\"><img loading=\"lazy\" decoding=\"async\" width=\"150\" height=\"150\" src=\"https:\/\/centrotierradetodos.es\/fctdt\/wp-content\/uploads\/2021\/12\/20211215_circulo_silencio_web_595-150x150.jpg\" class=\"attachment-thumbnail size-thumbnail wp-post-image\" alt=\"\" style=\"\" srcset=\"https:\/\/centrotierradetodos.es\/fctdt\/wp-content\/uploads\/2021\/12\/20211215_circulo_silencio_web_595-150x150.jpg 150w, https:\/\/centrotierradetodos.es\/fctdt\/wp-content\/uploads\/2021\/12\/20211215_circulo_silencio_web_595-800x800.jpg 800w, https:\/\/centrotierradetodos.es\/fctdt\/wp-content\/uploads\/2021\/12\/20211215_circulo_silencio_web_595-400x400.jpg 400w, https:\/\/centrotierradetodos.es\/fctdt\/wp-content\/uploads\/2021\/12\/20211215_circulo_silencio_web_595-200x200.jpg 200w\" sizes=\"auto, (max-width: 150px) 100vw, 150px\" \/><\/a><\/div><a class=\"wp-block-latest-posts__post-title\" href=\"https:\/\/centrotierradetodos.es\/fctdt\/2021\/12\/16\/el-circulo-de-silencio-tuvo-presente-al-padre-gabriel-y-a-las-2-000-personas-fallecidas-este-ano-en-el-mediterraneo\/\">El C\u00edrculo de Silencio tuvo presente al Padre Gabriel y a las 2.000 personas fallecidas este a\u00f1o en el Mediterr\u00e1neo<\/a><time datetime=\"2021-12-16T09:11:00+01:00\" class=\"wp-block-latest-posts__post-date\">16 de diciembre de 2021<\/time><div class=\"wp-block-latest-posts__post-excerpt\">El C\u00edrculo de Silencio, que organiza la Mesa Diocesana de Atenci\u00f3n y Acogida de Migrantes y Refugiados de C\u00e1diz y Ceuta, vivi\u00f3 en su convocatoria del mes de diciembre un momento cargado de fuertes sentimientos y muchas connotaciones especiales. En primer lugar, porque se tuvo presente, como muestra de reconocimiento y cari\u00f1o, al Padre Gabriel<a class=\"more-link\" href=\"https:\/\/centrotierradetodos.es\/fctdt\/2021\/12\/16\/el-circulo-de-silencio-tuvo-presente-al-padre-gabriel-y-a-las-2-000-personas-fallecidas-este-ano-en-el-mediterraneo\/\">Sigue leyendo <span class=\"screen-reader-text\">\u00abEl C\u00edrculo de Silencio tuvo presente al Padre Gabriel y a las 2.000 personas fallecidas este a\u00f1o en el Mediterr\u00e1neo\u00bb<\/span><\/a><\/div><\/li>\n<li><div class=\"wp-block-latest-posts__featured-image\"><a href=\"https:\/\/centrotierradetodos.es\/fctdt\/2021\/12\/14\/el-padre-gabriel-delgado-galardonado-con-el-xvii-premio-plaza-de-espana\/\" aria-label=\"El Padre Gabriel Delgado galardonado con el XVII Premio Plaza de Espa\u00f1a\"><img loading=\"lazy\" decoding=\"async\" width=\"150\" height=\"150\" src=\"https:\/\/centrotierradetodos.es\/fctdt\/wp-content\/uploads\/2021\/12\/presentacion_jornada_migraciones_1_10_09_19-150x150.jpg\" class=\"attachment-thumbnail size-thumbnail wp-post-image\" alt=\"\" style=\"\" srcset=\"https:\/\/centrotierradetodos.es\/fctdt\/wp-content\/uploads\/2021\/12\/presentacion_jornada_migraciones_1_10_09_19-150x150.jpg 150w, https:\/\/centrotierradetodos.es\/fctdt\/wp-content\/uploads\/2021\/12\/presentacion_jornada_migraciones_1_10_09_19-800x800.jpg 800w, https:\/\/centrotierradetodos.es\/fctdt\/wp-content\/uploads\/2021\/12\/presentacion_jornada_migraciones_1_10_09_19-400x400.jpg 400w, https:\/\/centrotierradetodos.es\/fctdt\/wp-content\/uploads\/2021\/12\/presentacion_jornada_migraciones_1_10_09_19-200x200.jpg 200w\" sizes=\"auto, (max-width: 150px) 100vw, 150px\" \/><\/a><\/div><a class=\"wp-block-latest-posts__post-title\" href=\"https:\/\/centrotierradetodos.es\/fctdt\/2021\/12\/14\/el-padre-gabriel-delgado-galardonado-con-el-xvii-premio-plaza-de-espana\/\">El Padre Gabriel Delgado galardonado con el XVII Premio Plaza de Espa\u00f1a<\/a><time datetime=\"2021-12-14T10:59:06+01:00\" class=\"wp-block-latest-posts__post-date\">14 de diciembre de 2021<\/time><div class=\"wp-block-latest-posts__post-excerpt\">La Delegaci\u00f3n del Gobierno de Espa\u00f1a en Andaluc\u00eda celebra el pr\u00f3ximo jueves, 16 de diciembre, la XVII edici\u00f3n de los Premios Plaza de Espa\u00f1a, en la que los galardonados de la provincia de C\u00e1diz son el sacerdote Gabriel Delgado, que recibe el reconocimiento a t\u00edtulo p\u00f3stumo, y las Bodegas Barbadillo, que han cumplido 200 a\u00f1os<a class=\"more-link\" href=\"https:\/\/centrotierradetodos.es\/fctdt\/2021\/12\/14\/el-padre-gabriel-delgado-galardonado-con-el-xvii-premio-plaza-de-espana\/\">Sigue leyendo <span class=\"screen-reader-text\">\u00abEl Padre Gabriel Delgado galardonado con el XVII Premio Plaza de Espa\u00f1a\u00bb<\/span><\/a><\/div><\/li>\n<li><div class=\"wp-block-latest-posts__featured-image\"><a href=\"https:\/\/centrotierradetodos.es\/fctdt\/2021\/12\/14\/manuel-lombo-presenta-cantes-de-diciembre-en-la-catedral-de-cadiz-a-beneficio-de-tierra-de-todos\/\" aria-label=\"Manuel Lombo presenta \u201cCantes de Diciembre\u201d en la Catedral de C\u00e1diz a beneficio de Tierra de Todos\"><img loading=\"lazy\" decoding=\"async\" width=\"150\" height=\"150\" src=\"https:\/\/centrotierradetodos.es\/fctdt\/wp-content\/uploads\/2021\/12\/manuel_lombo_concierto_navidad_1_30_11_17-150x150.jpg\" class=\"attachment-thumbnail size-thumbnail wp-post-image\" alt=\"\" style=\"\" srcset=\"https:\/\/centrotierradetodos.es\/fctdt\/wp-content\/uploads\/2021\/12\/manuel_lombo_concierto_navidad_1_30_11_17-150x150.jpg 150w, https:\/\/centrotierradetodos.es\/fctdt\/wp-content\/uploads\/2021\/12\/manuel_lombo_concierto_navidad_1_30_11_17-800x800.jpg 800w, https:\/\/centrotierradetodos.es\/fctdt\/wp-content\/uploads\/2021\/12\/manuel_lombo_concierto_navidad_1_30_11_17-400x400.jpg 400w, https:\/\/centrotierradetodos.es\/fctdt\/wp-content\/uploads\/2021\/12\/manuel_lombo_concierto_navidad_1_30_11_17-200x200.jpg 200w\" sizes=\"auto, (max-width: 150px) 100vw, 150px\" \/><\/a><\/div><a class=\"wp-block-latest-posts__post-title\" href=\"https:\/\/centrotierradetodos.es\/fctdt\/2021\/12\/14\/manuel-lombo-presenta-cantes-de-diciembre-en-la-catedral-de-cadiz-a-beneficio-de-tierra-de-todos\/\">Manuel Lombo presenta \u201cCantes de Diciembre\u201d en la Catedral de C\u00e1diz a beneficio de Tierra de Todos<\/a><time datetime=\"2021-12-14T10:57:44+01:00\" class=\"wp-block-latest-posts__post-date\">14 de diciembre de 2021<\/time><div class=\"wp-block-latest-posts__post-excerpt\">Como cada a\u00f1o, la Fundaci\u00f3n Cajasol ha puesto en marcha su programaci\u00f3n cultural para estas navidades. Bajo el t\u00edtulo \u201cGozos de diciembre\u201d, recoge un calendario de actividades que dieron comienzo el pasado 5 de diciembre con la apertura del tradicional Belen Navide\u00f1o y la venta de dulces en la Casa Pem\u00e1n en C\u00e1diz. Enmarcado dentro<a class=\"more-link\" href=\"https:\/\/centrotierradetodos.es\/fctdt\/2021\/12\/14\/manuel-lombo-presenta-cantes-de-diciembre-en-la-catedral-de-cadiz-a-beneficio-de-tierra-de-todos\/\">Sigue leyendo <span class=\"screen-reader-text\">\u00abManuel Lombo presenta \u201cCantes de Diciembre\u201d en la Catedral de C\u00e1diz a beneficio de Tierra de Todos\u00bb<\/span><\/a><\/div><\/li>\n<li><div class=\"wp-block-latest-posts__featured-image\"><a href=\"https:\/\/centrotierradetodos.es\/fctdt\/2021\/12\/13\/el-secretariado-de-migraciones-sigue-trabajando-por-la-integracion-socio-laboral-de-los-migrantes\/\" aria-label=\"El Secretariado de Migraciones sigue trabajando por la integraci\u00f3n socio laboral de los migrantes\"><img loading=\"lazy\" decoding=\"async\" width=\"150\" height=\"150\" src=\"https:\/\/centrotierradetodos.es\/fctdt\/wp-content\/uploads\/2021\/12\/20211213_cartel_programa_sociolaboral-150x150.jpg\" class=\"attachment-thumbnail size-thumbnail wp-post-image\" alt=\"\" style=\"\" srcset=\"https:\/\/centrotierradetodos.es\/fctdt\/wp-content\/uploads\/2021\/12\/20211213_cartel_programa_sociolaboral-150x150.jpg 150w, https:\/\/centrotierradetodos.es\/fctdt\/wp-content\/uploads\/2021\/12\/20211213_cartel_programa_sociolaboral-800x800.jpg 800w, https:\/\/centrotierradetodos.es\/fctdt\/wp-content\/uploads\/2021\/12\/20211213_cartel_programa_sociolaboral-400x400.jpg 400w, https:\/\/centrotierradetodos.es\/fctdt\/wp-content\/uploads\/2021\/12\/20211213_cartel_programa_sociolaboral-200x200.jpg 200w\" sizes=\"auto, (max-width: 150px) 100vw, 150px\" \/><\/a><\/div><a class=\"wp-block-latest-posts__post-title\" href=\"https:\/\/centrotierradetodos.es\/fctdt\/2021\/12\/13\/el-secretariado-de-migraciones-sigue-trabajando-por-la-integracion-socio-laboral-de-los-migrantes\/\">El Secretariado de Migraciones sigue trabajando por la integraci\u00f3n socio laboral de los migrantes<\/a><time datetime=\"2021-12-13T12:58:43+01:00\" class=\"wp-block-latest-posts__post-date\">13 de diciembre de 2021<\/time><div class=\"wp-block-latest-posts__post-excerpt\">El Secretariado Diocesano de Migraciones de la Di\u00f3cesis de C\u00e1diz y Ceuta, a trav\u00e9s de la Asociaci\u00f3n Cardijn, contin\u00faa desarrollando un a\u00f1o m\u00e1s el Programa denominado&nbsp;\u201cAcompa\u00f1amiento para la Inserci\u00f3n Socio Laboral de Personas Inmigrantes en C\u00e1diz, Ceuta y Alicante\u201d,&nbsp; subvencionado por el Ministerio de Inclusi\u00f3n, Seguridad Social y Migraciones y cofinanciado por el Fondo Social<a class=\"more-link\" href=\"https:\/\/centrotierradetodos.es\/fctdt\/2021\/12\/13\/el-secretariado-de-migraciones-sigue-trabajando-por-la-integracion-socio-laboral-de-los-migrantes\/\">Sigue leyendo <span class=\"screen-reader-text\">\u00abEl Secretariado de Migraciones sigue trabajando por la integraci\u00f3n socio laboral de los migrantes\u00bb<\/span><\/a><\/div><\/li>\n<li><div class=\"wp-block-latest-posts__featured-image\"><a href=\"https:\/\/centrotierradetodos.es\/fctdt\/2021\/12\/03\/el-clero-del-arciprestazgo-de-cadiz-interior-recuerda-al-padre-gabriel-delgado\/\" aria-label=\"El clero del arciprestazgo de C\u00e1diz Interior recuerda al Padre Gabriel Delgado\"><img loading=\"lazy\" decoding=\"async\" width=\"150\" height=\"150\" src=\"https:\/\/centrotierradetodos.es\/fctdt\/wp-content\/uploads\/2021\/12\/20211202_oracion_sacerdotes_gabriel_1-150x150.jpg\" class=\"attachment-thumbnail size-thumbnail wp-post-image\" alt=\"\" style=\"\" srcset=\"https:\/\/centrotierradetodos.es\/fctdt\/wp-content\/uploads\/2021\/12\/20211202_oracion_sacerdotes_gabriel_1-150x150.jpg 150w, https:\/\/centrotierradetodos.es\/fctdt\/wp-content\/uploads\/2021\/12\/20211202_oracion_sacerdotes_gabriel_1-1200x1200.jpg 1200w, https:\/\/centrotierradetodos.es\/fctdt\/wp-content\/uploads\/2021\/12\/20211202_oracion_sacerdotes_gabriel_1-800x800.jpg 800w, https:\/\/centrotierradetodos.es\/fctdt\/wp-content\/uploads\/2021\/12\/20211202_oracion_sacerdotes_gabriel_1-400x400.jpg 400w, https:\/\/centrotierradetodos.es\/fctdt\/wp-content\/uploads\/2021\/12\/20211202_oracion_sacerdotes_gabriel_1-200x200.jpg 200w\" sizes=\"auto, (max-width: 150px) 100vw, 150px\" \/><\/a><\/div><a class=\"wp-block-latest-posts__post-title\" href=\"https:\/\/centrotierradetodos.es\/fctdt\/2021\/12\/03\/el-clero-del-arciprestazgo-de-cadiz-interior-recuerda-al-padre-gabriel-delgado\/\">El clero del arciprestazgo de C\u00e1diz Interior recuerda al Padre Gabriel Delgado<\/a><time datetime=\"2021-12-03T12:32:29+01:00\" class=\"wp-block-latest-posts__post-date\">3 de diciembre de 2021<\/time><div class=\"wp-block-latest-posts__post-excerpt\">Los sacerdotes del arciprestazgo de C\u00e1diz Interior se han reunido en la ma\u00f1ana de hoy, en la capilla de la Fundaci\u00f3n Centro Tierra de Todos, para orar por la memoria del padre Gabriel Delgado, fallecido el pasado 12 de noviembre. Junto a una representaci\u00f3n de las Hermanas Reparadoras y colaboradores cercanos del padre Gabriel en<a class=\"more-link\" href=\"https:\/\/centrotierradetodos.es\/fctdt\/2021\/12\/03\/el-clero-del-arciprestazgo-de-cadiz-interior-recuerda-al-padre-gabriel-delgado\/\">Sigue leyendo <span class=\"screen-reader-text\">\u00abEl clero del arciprestazgo de C\u00e1diz Interior recuerda al Padre Gabriel Delgado\u00bb<\/span><\/a><\/div><\/li>\n<li><div class=\"wp-block-latest-posts__featured-image\"><a href=\"https:\/\/centrotierradetodos.es\/fctdt\/2021\/11\/12\/fallece-el-padre-gabriel-delgado-un-referente-en-la-atencion-a-los-migrantes\/\" aria-label=\"Fallece el Padre Gabriel Delgado, un referente en la atenci\u00f3n a los migrantes\"><img loading=\"lazy\" decoding=\"async\" width=\"150\" height=\"150\" src=\"https:\/\/centrotierradetodos.es\/fctdt\/wp-content\/uploads\/2021\/11\/gabriel_delgado_entrevista_encuentro_1_alta_13_03_15-150x150.jpg\" class=\"attachment-thumbnail size-thumbnail wp-post-image\" alt=\"\" style=\"\" srcset=\"https:\/\/centrotierradetodos.es\/fctdt\/wp-content\/uploads\/2021\/11\/gabriel_delgado_entrevista_encuentro_1_alta_13_03_15-150x150.jpg 150w, https:\/\/centrotierradetodos.es\/fctdt\/wp-content\/uploads\/2021\/11\/gabriel_delgado_entrevista_encuentro_1_alta_13_03_15-1200x1200.jpg 1200w, https:\/\/centrotierradetodos.es\/fctdt\/wp-content\/uploads\/2021\/11\/gabriel_delgado_entrevista_encuentro_1_alta_13_03_15-800x800.jpg 800w, https:\/\/centrotierradetodos.es\/fctdt\/wp-content\/uploads\/2021\/11\/gabriel_delgado_entrevista_encuentro_1_alta_13_03_15-400x400.jpg 400w, https:\/\/centrotierradetodos.es\/fctdt\/wp-content\/uploads\/2021\/11\/gabriel_delgado_entrevista_encuentro_1_alta_13_03_15-200x200.jpg 200w\" sizes=\"auto, (max-width: 150px) 100vw, 150px\" \/><\/a><\/div><a class=\"wp-block-latest-posts__post-title\" href=\"https:\/\/centrotierradetodos.es\/fctdt\/2021\/11\/12\/fallece-el-padre-gabriel-delgado-un-referente-en-la-atencion-a-los-migrantes\/\">Fallece el Padre Gabriel Delgado, un referente en la atenci\u00f3n a los migrantes<\/a><time datetime=\"2021-11-12T09:55:56+01:00\" class=\"wp-block-latest-posts__post-date\">12 de noviembre de 2021<\/time><div class=\"wp-block-latest-posts__post-excerpt\">En la ma\u00f1ana de hoy, 12 de noviembre de 2021, hemos conocido la triste noticia del fallecimiento del sacerdote diocesano, Rvdo. D. Gabriel Delgado \u00c1lvarez, a la edad de 75 a\u00f1os. Nacido en C\u00e1diz en 1946, realiz\u00f3 estudios en el Seminario de C\u00e1diz y en la Facultad de Teolog\u00eda de Salamanca, siendo ordenado sacerdote el<a class=\"more-link\" href=\"https:\/\/centrotierradetodos.es\/fctdt\/2021\/11\/12\/fallece-el-padre-gabriel-delgado-un-referente-en-la-atencion-a-los-migrantes\/\">Sigue leyendo <span class=\"screen-reader-text\">\u00abFallece el Padre Gabriel Delgado, un referente en la atenci\u00f3n a los migrantes\u00bb<\/span><\/a><\/div><\/li>\n<li><div class=\"wp-block-latest-posts__featured-image\"><a href=\"https:\/\/centrotierradetodos.es\/fctdt\/2021\/11\/11\/el-circulo-de-silencio-volvio-a-recordar-a-las-victimas-del-naufragio-en-la-costa-de-barbate\/\" aria-label=\"El C\u00edrculo de Silencio volvi\u00f3 a recordar a las v\u00edctimas del naufragio en la costa de Barbate\"><img loading=\"lazy\" decoding=\"async\" width=\"150\" height=\"150\" src=\"https:\/\/centrotierradetodos.es\/fctdt\/wp-content\/uploads\/2021\/11\/20211110_circulo_silencio_web_521-150x150.jpg\" class=\"attachment-thumbnail size-thumbnail wp-post-image\" alt=\"\" style=\"\" srcset=\"https:\/\/centrotierradetodos.es\/fctdt\/wp-content\/uploads\/2021\/11\/20211110_circulo_silencio_web_521-150x150.jpg 150w, https:\/\/centrotierradetodos.es\/fctdt\/wp-content\/uploads\/2021\/11\/20211110_circulo_silencio_web_521-800x800.jpg 800w, https:\/\/centrotierradetodos.es\/fctdt\/wp-content\/uploads\/2021\/11\/20211110_circulo_silencio_web_521-400x400.jpg 400w, https:\/\/centrotierradetodos.es\/fctdt\/wp-content\/uploads\/2021\/11\/20211110_circulo_silencio_web_521-200x200.jpg 200w\" sizes=\"auto, (max-width: 150px) 100vw, 150px\" \/><\/a><\/div><a class=\"wp-block-latest-posts__post-title\" href=\"https:\/\/centrotierradetodos.es\/fctdt\/2021\/11\/11\/el-circulo-de-silencio-volvio-a-recordar-a-las-victimas-del-naufragio-en-la-costa-de-barbate\/\">El C\u00edrculo de Silencio volvi\u00f3 a recordar a las v\u00edctimas del naufragio en la costa de Barbate<\/a><time datetime=\"2021-11-11T09:14:52+01:00\" class=\"wp-block-latest-posts__post-date\">11 de noviembre de 2021<\/time><div class=\"wp-block-latest-posts__post-excerpt\">La Mesa Diocesana de Atenci\u00f3n y Acogida de Migrantes y Refugiados de C\u00e1diz y Ceuta, a trav\u00e9s de la concentraci\u00f3n del C\u00edrculo de Silencio del mes de noviembre, manifest\u00f3 su honda preocupaci\u00f3n y profundo dolor por la tragedia ocurrida el pasado 14 de octubre a treinta millas de la costa de Barbate. Se trata de<a class=\"more-link\" href=\"https:\/\/centrotierradetodos.es\/fctdt\/2021\/11\/11\/el-circulo-de-silencio-volvio-a-recordar-a-las-victimas-del-naufragio-en-la-costa-de-barbate\/\">Sigue leyendo <span class=\"screen-reader-text\">\u00abEl C\u00edrculo de Silencio volvi\u00f3 a recordar a las v\u00edctimas del naufragio en la costa de Barbate\u00bb<\/span><\/a><\/div><\/li>\n<li><div class=\"wp-block-latest-posts__featured-image\"><a href=\"https:\/\/centrotierradetodos.es\/fctdt\/2021\/10\/22\/mas-de-200-personas-rezan-en-la-playa-del-carmen-por-los-migrantes-fallecidos-frente-a-la-costa-de-barbate\/\" aria-label=\"M\u00e1s de 200 personas rezan en la Playa del Carmen por los migrantes fallecidos frente a la costa de Barbate\"><img loading=\"lazy\" decoding=\"async\" width=\"150\" height=\"150\" src=\"https:\/\/centrotierradetodos.es\/fctdt\/wp-content\/uploads\/2021\/10\/20211021_vigilia_migrantes_barbate_web_473-150x150.jpg\" class=\"attachment-thumbnail size-thumbnail wp-post-image\" alt=\"\" style=\"\" srcset=\"https:\/\/centrotierradetodos.es\/fctdt\/wp-content\/uploads\/2021\/10\/20211021_vigilia_migrantes_barbate_web_473-150x150.jpg 150w, https:\/\/centrotierradetodos.es\/fctdt\/wp-content\/uploads\/2021\/10\/20211021_vigilia_migrantes_barbate_web_473-800x800.jpg 800w, https:\/\/centrotierradetodos.es\/fctdt\/wp-content\/uploads\/2021\/10\/20211021_vigilia_migrantes_barbate_web_473-400x400.jpg 400w, https:\/\/centrotierradetodos.es\/fctdt\/wp-content\/uploads\/2021\/10\/20211021_vigilia_migrantes_barbate_web_473-200x200.jpg 200w\" sizes=\"auto, (max-width: 150px) 100vw, 150px\" \/><\/a><\/div><a class=\"wp-block-latest-posts__post-title\" href=\"https:\/\/centrotierradetodos.es\/fctdt\/2021\/10\/22\/mas-de-200-personas-rezan-en-la-playa-del-carmen-por-los-migrantes-fallecidos-frente-a-la-costa-de-barbate\/\">M\u00e1s de 200 personas rezan en la Playa del Carmen por los migrantes fallecidos frente a la costa de Barbate<\/a><time datetime=\"2021-10-22T08:05:41+02:00\" class=\"wp-block-latest-posts__post-date\">22 de octubre de 2021<\/time><div class=\"wp-block-latest-posts__post-excerpt\">En el centro una alfombra con libros del Cor\u00e1n y de la Biblia, veinticinco velas y veinticinco claveles blancos en memoria de los fallecidos en uno de los m\u00e1s graves dramas humanos de la inmigraci\u00f3n ocurridos en las costas del litoral gaditano, concretamente a treinta millas de la costa de Barbate. La Playa del Carmen<a class=\"more-link\" href=\"https:\/\/centrotierradetodos.es\/fctdt\/2021\/10\/22\/mas-de-200-personas-rezan-en-la-playa-del-carmen-por-los-migrantes-fallecidos-frente-a-la-costa-de-barbate\/\">Sigue leyendo <span class=\"screen-reader-text\">\u00abM\u00e1s de 200 personas rezan en la Playa del Carmen por los migrantes fallecidos frente a la costa de Barbate\u00bb<\/span><\/a><\/div><\/li>\n<li><div class=\"wp-block-latest-posts__featured-image\"><a href=\"https:\/\/centrotierradetodos.es\/fctdt\/2021\/10\/19\/vigilia-de-oracion-por-los-migrantes-fallecidos-frente-a-la-costa-de-barbate\/\" aria-label=\"Vigilia de oraci\u00f3n por los migrantes fallecidos frente a la costa de Barbate\"><img loading=\"lazy\" decoding=\"async\" width=\"150\" height=\"150\" src=\"https:\/\/centrotierradetodos.es\/fctdt\/wp-content\/uploads\/2021\/10\/20211019_cartel_vigilia_oracion_barbate-150x150.jpg\" class=\"attachment-thumbnail size-thumbnail wp-post-image\" alt=\"\" style=\"\" srcset=\"https:\/\/centrotierradetodos.es\/fctdt\/wp-content\/uploads\/2021\/10\/20211019_cartel_vigilia_oracion_barbate-150x150.jpg 150w, https:\/\/centrotierradetodos.es\/fctdt\/wp-content\/uploads\/2021\/10\/20211019_cartel_vigilia_oracion_barbate-900x900.jpg 900w, https:\/\/centrotierradetodos.es\/fctdt\/wp-content\/uploads\/2021\/10\/20211019_cartel_vigilia_oracion_barbate-800x800.jpg 800w, https:\/\/centrotierradetodos.es\/fctdt\/wp-content\/uploads\/2021\/10\/20211019_cartel_vigilia_oracion_barbate-400x400.jpg 400w, https:\/\/centrotierradetodos.es\/fctdt\/wp-content\/uploads\/2021\/10\/20211019_cartel_vigilia_oracion_barbate-200x200.jpg 200w\" sizes=\"auto, (max-width: 150px) 100vw, 150px\" \/><\/a><\/div><a class=\"wp-block-latest-posts__post-title\" href=\"https:\/\/centrotierradetodos.es\/fctdt\/2021\/10\/19\/vigilia-de-oracion-por-los-migrantes-fallecidos-frente-a-la-costa-de-barbate\/\">Vigilia de oraci\u00f3n por los migrantes fallecidos frente a la costa de Barbate<\/a><time datetime=\"2021-10-19T13:47:27+02:00\" class=\"wp-block-latest-posts__post-date\">19 de octubre de 2021<\/time><div class=\"wp-block-latest-posts__post-excerpt\">El Secretariado de Migraciones de la Di\u00f3cesis de C\u00e1diz y Ceuta manifiesta su honda preocupaci\u00f3n y profundo dolor ante uno de los m\u00e1s graves dramas humanos de la inmigraci\u00f3n ocurridos en las costas del litoral gaditano, a treinta millas de la costa de Barbate, y que ha desembocado con la muerte de m\u00e1s de veinte<a class=\"more-link\" href=\"https:\/\/centrotierradetodos.es\/fctdt\/2021\/10\/19\/vigilia-de-oracion-por-los-migrantes-fallecidos-frente-a-la-costa-de-barbate\/\">Sigue leyendo <span class=\"screen-reader-text\">\u00abVigilia de oraci\u00f3n por los migrantes fallecidos frente a la costa de Barbate\u00bb<\/span><\/a><\/div><\/li>\n<li><div class=\"wp-block-latest-posts__featured-image\"><a href=\"https:\/\/centrotierradetodos.es\/fctdt\/2021\/10\/14\/el-circulo-de-silencio-de-octubre-estuvo-dedicado-a-la-jornada-del-migrante-y-del-refugiado\/\" aria-label=\"El C\u00edrculo de Silencio de octubre estuvo dedicado a la Jornada del Migrante y del Refugiado\"><img loading=\"lazy\" decoding=\"async\" width=\"150\" height=\"150\" src=\"https:\/\/centrotierradetodos.es\/fctdt\/wp-content\/uploads\/2021\/10\/20211013_circulo_silencio_web_394-150x150.jpg\" class=\"attachment-thumbnail size-thumbnail wp-post-image\" alt=\"\" style=\"\" srcset=\"https:\/\/centrotierradetodos.es\/fctdt\/wp-content\/uploads\/2021\/10\/20211013_circulo_silencio_web_394-150x150.jpg 150w, https:\/\/centrotierradetodos.es\/fctdt\/wp-content\/uploads\/2021\/10\/20211013_circulo_silencio_web_394-800x800.jpg 800w, https:\/\/centrotierradetodos.es\/fctdt\/wp-content\/uploads\/2021\/10\/20211013_circulo_silencio_web_394-400x400.jpg 400w, https:\/\/centrotierradetodos.es\/fctdt\/wp-content\/uploads\/2021\/10\/20211013_circulo_silencio_web_394-200x200.jpg 200w\" sizes=\"auto, (max-width: 150px) 100vw, 150px\" \/><\/a><\/div><a class=\"wp-block-latest-posts__post-title\" href=\"https:\/\/centrotierradetodos.es\/fctdt\/2021\/10\/14\/el-circulo-de-silencio-de-octubre-estuvo-dedicado-a-la-jornada-del-migrante-y-del-refugiado\/\">El C\u00edrculo de Silencio de octubre estuvo dedicado a la Jornada del Migrante y del Refugiado<\/a><time datetime=\"2021-10-14T09:17:03+02:00\" class=\"wp-block-latest-posts__post-date\">14 de octubre de 2021<\/time><div class=\"wp-block-latest-posts__post-excerpt\">La Mesa Diocesana de Atenci\u00f3n y Acogida de Migrantes y Refugiados de C\u00e1diz y Ceuta, a trav\u00e9s de la concentraci\u00f3n del C\u00edrculo de Silencio, quiso profundizar en la Jornada Mundial del Migrante y del Refugiado, celebrada el pasado mes. As\u00ed, bajo el lema Hacia un nosotros cada vez m\u00e1s grande, y reunidos, como es costumbre,<a class=\"more-link\" href=\"https:\/\/centrotierradetodos.es\/fctdt\/2021\/10\/14\/el-circulo-de-silencio-de-octubre-estuvo-dedicado-a-la-jornada-del-migrante-y-del-refugiado\/\">Sigue leyendo <span class=\"screen-reader-text\">\u00abEl C\u00edrculo de Silencio de octubre estuvo dedicado a la Jornada del Migrante y del Refugiado\u00bb<\/span><\/a><\/div><\/li>\n<li><div class=\"wp-block-latest-posts__featured-image\"><a href=\"https:\/\/centrotierradetodos.es\/fctdt\/2021\/09\/26\/nuestra-diocesis-esta-acostumbrada-a-acoger-a-los-migrantes-pero-tenemos-que-abrir-aun-mas-nuestro-corazon\/\" aria-label=\"\u201cNuestra di\u00f3cesis est\u00e1 acostumbrada a acoger a los migrantes, pero tenemos que abrir a\u00fan m\u00e1s nuestro coraz\u00f3n\u201d\"><img loading=\"lazy\" decoding=\"async\" width=\"150\" height=\"150\" src=\"https:\/\/centrotierradetodos.es\/fctdt\/wp-content\/uploads\/2021\/09\/20210926_jornada_migrantes_web_360-150x150.jpg\" class=\"attachment-thumbnail size-thumbnail wp-post-image\" alt=\"\" style=\"\" srcset=\"https:\/\/centrotierradetodos.es\/fctdt\/wp-content\/uploads\/2021\/09\/20210926_jornada_migrantes_web_360-150x150.jpg 150w, https:\/\/centrotierradetodos.es\/fctdt\/wp-content\/uploads\/2021\/09\/20210926_jornada_migrantes_web_360-800x800.jpg 800w, https:\/\/centrotierradetodos.es\/fctdt\/wp-content\/uploads\/2021\/09\/20210926_jornada_migrantes_web_360-400x400.jpg 400w, https:\/\/centrotierradetodos.es\/fctdt\/wp-content\/uploads\/2021\/09\/20210926_jornada_migrantes_web_360-200x200.jpg 200w\" sizes=\"auto, (max-width: 150px) 100vw, 150px\" \/><\/a><\/div><a class=\"wp-block-latest-posts__post-title\" href=\"https:\/\/centrotierradetodos.es\/fctdt\/2021\/09\/26\/nuestra-diocesis-esta-acostumbrada-a-acoger-a-los-migrantes-pero-tenemos-que-abrir-aun-mas-nuestro-corazon\/\">\u201cNuestra di\u00f3cesis est\u00e1 acostumbrada a acoger a los migrantes, pero tenemos que abrir a\u00fan m\u00e1s nuestro coraz\u00f3n\u201d<\/a><time datetime=\"2021-09-26T14:59:31+02:00\" class=\"wp-block-latest-posts__post-date\">26 de septiembre de 2021<\/time><div class=\"wp-block-latest-posts__post-excerpt\">En la ma\u00f1ana del domingo, 26 de septiembre, el obispo de la Di\u00f3cesis de C\u00e1diz y Ceuta, Mons. Rafael Zornoza Boy, presidi\u00f3, en la Catedral de C\u00e1diz, la ceremonia de la Jornada Mundial del Migrante y del Refugiado 2021. Bajo el lema Hacia un nosotros cada vez m\u00e1s grande, el objetivo de esta edici\u00f3n es&nbsp;tomar<a class=\"more-link\" href=\"https:\/\/centrotierradetodos.es\/fctdt\/2021\/09\/26\/nuestra-diocesis-esta-acostumbrada-a-acoger-a-los-migrantes-pero-tenemos-que-abrir-aun-mas-nuestro-corazon\/\">Sigue leyendo <span class=\"screen-reader-text\">\u00ab\u201cNuestra di\u00f3cesis est\u00e1 acostumbrada a acoger a los migrantes, pero tenemos que abrir a\u00fan m\u00e1s nuestro coraz\u00f3n\u201d\u00bb<\/span><\/a><\/div><\/li>\n<li><div class=\"wp-block-latest-posts__featured-image\"><a href=\"https:\/\/centrotierradetodos.es\/fctdt\/2021\/09\/09\/la-llegada-de-pateras-este-verano-y-la-crisis-de-afganistan-marcaron-la-convocatoria-del-circulo-de-silencio\/\" aria-label=\"La llegada de pateras este verano y la crisis de Afganist\u00e1n marcaron la convocatoria del C\u00edrculo de Silencio\"><img loading=\"lazy\" decoding=\"async\" width=\"150\" height=\"150\" src=\"https:\/\/centrotierradetodos.es\/fctdt\/wp-content\/uploads\/2021\/09\/20210908_circulo_silencio_septiembre_web_329-150x150.jpg\" class=\"attachment-thumbnail size-thumbnail wp-post-image\" alt=\"\" style=\"\" srcset=\"https:\/\/centrotierradetodos.es\/fctdt\/wp-content\/uploads\/2021\/09\/20210908_circulo_silencio_septiembre_web_329-150x150.jpg 150w, https:\/\/centrotierradetodos.es\/fctdt\/wp-content\/uploads\/2021\/09\/20210908_circulo_silencio_septiembre_web_329-800x800.jpg 800w, https:\/\/centrotierradetodos.es\/fctdt\/wp-content\/uploads\/2021\/09\/20210908_circulo_silencio_septiembre_web_329-400x400.jpg 400w, https:\/\/centrotierradetodos.es\/fctdt\/wp-content\/uploads\/2021\/09\/20210908_circulo_silencio_septiembre_web_329-200x200.jpg 200w\" sizes=\"auto, (max-width: 150px) 100vw, 150px\" \/><\/a><\/div><a class=\"wp-block-latest-posts__post-title\" href=\"https:\/\/centrotierradetodos.es\/fctdt\/2021\/09\/09\/la-llegada-de-pateras-este-verano-y-la-crisis-de-afganistan-marcaron-la-convocatoria-del-circulo-de-silencio\/\">La llegada de pateras este verano y la crisis de Afganist\u00e1n marcaron la convocatoria del C\u00edrculo de Silencio<\/a><time datetime=\"2021-09-09T09:19:28+02:00\" class=\"wp-block-latest-posts__post-date\">9 de septiembre de 2021<\/time><div class=\"wp-block-latest-posts__post-excerpt\">La Mesa Diocesana de Atenci\u00f3n y Acogida de Migrantes y Refugiados de C\u00e1diz y Ceuta, a trav\u00e9s de la concentraci\u00f3n del C\u00edrculo de Silencio del mes de septiembre, quiso hacer presente a todas las personas migrantes que durante los meses de verano han llegado a las costas de nuestro pa\u00eds y tambi\u00e9n a las que<a class=\"more-link\" href=\"https:\/\/centrotierradetodos.es\/fctdt\/2021\/09\/09\/la-llegada-de-pateras-este-verano-y-la-crisis-de-afganistan-marcaron-la-convocatoria-del-circulo-de-silencio\/\">Sigue leyendo <span class=\"screen-reader-text\">\u00abLa llegada de pateras este verano y la crisis de Afganist\u00e1n marcaron la convocatoria del C\u00edrculo de Silencio\u00bb<\/span><\/a><\/div><\/li>\n<li><div class=\"wp-block-latest-posts__featured-image\"><a href=\"https:\/\/centrotierradetodos.es\/fctdt\/2021\/09\/06\/la-jornada-mundial-del-migrante-y-del-refugiado-nos-llama-a-construir-un-sistema-que-normalice-la-migracion-legal\/\" aria-label=\"La Jornada Mundial del Migrante y del Refugiado nos llama a construir un sistema que normalice la migraci\u00f3n legal\"><img loading=\"lazy\" decoding=\"async\" width=\"150\" height=\"150\" src=\"https:\/\/centrotierradetodos.es\/fctdt\/wp-content\/uploads\/2021\/09\/20210906_cartel_jornada_migrante_refugiado-150x150.jpg\" class=\"attachment-thumbnail size-thumbnail wp-post-image\" alt=\"\" style=\"\" srcset=\"https:\/\/centrotierradetodos.es\/fctdt\/wp-content\/uploads\/2021\/09\/20210906_cartel_jornada_migrante_refugiado-150x150.jpg 150w, https:\/\/centrotierradetodos.es\/fctdt\/wp-content\/uploads\/2021\/09\/20210906_cartel_jornada_migrante_refugiado-1200x1200.jpg 1200w, https:\/\/centrotierradetodos.es\/fctdt\/wp-content\/uploads\/2021\/09\/20210906_cartel_jornada_migrante_refugiado-800x800.jpg 800w, https:\/\/centrotierradetodos.es\/fctdt\/wp-content\/uploads\/2021\/09\/20210906_cartel_jornada_migrante_refugiado-400x400.jpg 400w, https:\/\/centrotierradetodos.es\/fctdt\/wp-content\/uploads\/2021\/09\/20210906_cartel_jornada_migrante_refugiado-200x200.jpg 200w\" sizes=\"auto, (max-width: 150px) 100vw, 150px\" \/><\/a><\/div><a class=\"wp-block-latest-posts__post-title\" href=\"https:\/\/centrotierradetodos.es\/fctdt\/2021\/09\/06\/la-jornada-mundial-del-migrante-y-del-refugiado-nos-llama-a-construir-un-sistema-que-normalice-la-migracion-legal\/\">La Jornada Mundial del Migrante y del Refugiado nos llama a construir un sistema que normalice la migraci\u00f3n legal<\/a><time datetime=\"2021-09-06T10:56:19+02:00\" class=\"wp-block-latest-posts__post-date\">6 de septiembre de 2021<\/time><div class=\"wp-block-latest-posts__post-excerpt\">Hacia un nosotros cada vez m\u00e1s grande&nbsp;es el&nbsp;lema&nbsp;con el que se celebrar\u00e1 esta Jornada el pr\u00f3ximo&nbsp;26 de septiembre. El objetivo de esta edici\u00f3n es&nbsp;tomar conciencia de la situaci\u00f3n del mundo en el que vivimos ante el desaf\u00edo de las migraciones y las oportunidades que nos ofrecen de cara al futuro. Centr\u00e1ndose en el tema de<a class=\"more-link\" href=\"https:\/\/centrotierradetodos.es\/fctdt\/2021\/09\/06\/la-jornada-mundial-del-migrante-y-del-refugiado-nos-llama-a-construir-un-sistema-que-normalice-la-migracion-legal\/\">Sigue leyendo <span class=\"screen-reader-text\">\u00abLa Jornada Mundial del Migrante y del Refugiado nos llama a construir un sistema que normalice la migraci\u00f3n legal\u00bb<\/span><\/a><\/div><\/li>\n<li><div class=\"wp-block-latest-posts__featured-image\"><a href=\"https:\/\/centrotierradetodos.es\/fctdt\/2021\/05\/14\/empleados-y-voluntarios-de-tierra-de-todos-y-cardijn-reciben-formacion-sobre-prevencion-de-violencia-hacia-la-infancia\/\" aria-label=\"Empleados y voluntarios de Tierra de Todos y Cardijn reciben formaci\u00f3n sobre prevenci\u00f3n de violencia hacia la infancia\"><img loading=\"lazy\" decoding=\"async\" width=\"150\" height=\"150\" src=\"https:\/\/centrotierradetodos.es\/fctdt\/wp-content\/uploads\/2021\/05\/infancia-150x150.jpg\" class=\"attachment-thumbnail size-thumbnail wp-post-image\" alt=\"\" style=\"\" \/><\/a><\/div><a class=\"wp-block-latest-posts__post-title\" href=\"https:\/\/centrotierradetodos.es\/fctdt\/2021\/05\/14\/empleados-y-voluntarios-de-tierra-de-todos-y-cardijn-reciben-formacion-sobre-prevencion-de-violencia-hacia-la-infancia\/\">Empleados y voluntarios de Tierra de Todos y Cardijn reciben formaci\u00f3n sobre prevenci\u00f3n de violencia hacia la infancia<\/a><time datetime=\"2021-05-14T12:03:24+02:00\" class=\"wp-block-latest-posts__post-date\">14 de mayo de 2021<\/time><div class=\"wp-block-latest-posts__post-excerpt\">La Fundaci\u00f3n Centro Tierra de Todos y la Fundaci\u00f3n Save the Children organizan estas acciones formativas enmarcadas en el&nbsp;\u201cPrograma de Lucha contra la Pobreza Infantil y Atenci\u00f3n a la Diversidad Cultural en el contexto de la Crisis COVID-19\u201d, que ambas entidades desarrollan en colaboraci\u00f3n y gracias a la financiaci\u00f3n de Fundaci\u00f3n \u201cla Caixa\u201d. Este proyecto<a class=\"more-link\" href=\"https:\/\/centrotierradetodos.es\/fctdt\/2021\/05\/14\/empleados-y-voluntarios-de-tierra-de-todos-y-cardijn-reciben-formacion-sobre-prevencion-de-violencia-hacia-la-infancia\/\">Sigue leyendo <span class=\"screen-reader-text\">\u00abEmpleados y voluntarios de Tierra de Todos y Cardijn reciben formaci\u00f3n sobre prevenci\u00f3n de violencia hacia la infancia\u00bb<\/span><\/a><\/div><\/li>\n<li><div class=\"wp-block-latest-posts__featured-image\"><a href=\"https:\/\/centrotierradetodos.es\/fctdt\/2021\/05\/07\/francisco-publica-su-mensaje-para-la-jornada-mundial-del-migrante-y-del-refugiado-2021\/\" aria-label=\"Francisco publica su mensaje para la Jornada Mundial del Migrante y del Refugiado 2021\"><img loading=\"lazy\" decoding=\"async\" width=\"150\" height=\"150\" src=\"https:\/\/centrotierradetodos.es\/fctdt\/wp-content\/uploads\/2021\/05\/jornada-mundial-migrante-refugiado-1280x640-1-150x150.jpg\" class=\"attachment-thumbnail size-thumbnail wp-post-image\" alt=\"\" style=\"\" \/><\/a><\/div><a class=\"wp-block-latest-posts__post-title\" href=\"https:\/\/centrotierradetodos.es\/fctdt\/2021\/05\/07\/francisco-publica-su-mensaje-para-la-jornada-mundial-del-migrante-y-del-refugiado-2021\/\">Francisco publica su mensaje para la Jornada Mundial del Migrante y del Refugiado 2021<\/a><time datetime=\"2021-05-07T11:02:05+02:00\" class=\"wp-block-latest-posts__post-date\">7 de mayo de 2021<\/time><div class=\"wp-block-latest-posts__post-excerpt\">Su Santidad ha publicado con fecha del 3 de mayo de 2021 su mensaje para la Jornada del Migrante y del Refugiado 2021, que tendr\u00e1 lugar el pr\u00f3ximo 26 de septiembre. Titulado \u00abHacia un nosotros cada vez m\u00e1s grande\u00bb, lo reproducimos \u00edntegramente a continuaci\u00f3n: MENSAJE DEL SANTO PADRE FRANCISCOPARA LA 107.\u00aa JORNADA MUNDIAL DEL MIGRANTE<a class=\"more-link\" href=\"https:\/\/centrotierradetodos.es\/fctdt\/2021\/05\/07\/francisco-publica-su-mensaje-para-la-jornada-mundial-del-migrante-y-del-refugiado-2021\/\">Sigue leyendo <span class=\"screen-reader-text\">\u00abFrancisco publica su mensaje para la Jornada Mundial del Migrante y del Refugiado 2021\u00bb<\/span><\/a><\/div><\/li>\n<li><div class=\"wp-block-latest-posts__featured-image\"><a href=\"https:\/\/centrotierradetodos.es\/fctdt\/2021\/05\/05\/la-fundacion-centro-tierra-de-todos-forma-a-18-jovenes-en-situacion-de-vulnerabilidad-para-su-integracion-laboral\/\" aria-label=\"La Fundaci\u00f3n Centro Tierra de Todos forma a 18 j\u00f3venes en situaci\u00f3n de vulnerabilidad para su integraci\u00f3n laboral\"><img loading=\"lazy\" decoding=\"async\" width=\"150\" height=\"150\" src=\"https:\/\/centrotierradetodos.es\/fctdt\/wp-content\/uploads\/2021\/05\/diplomas_cursos_formacion_1200x600-150x150.jpg\" class=\"attachment-thumbnail size-thumbnail wp-post-image\" alt=\"\" style=\"\" \/><\/a><\/div><a class=\"wp-block-latest-posts__post-title\" href=\"https:\/\/centrotierradetodos.es\/fctdt\/2021\/05\/05\/la-fundacion-centro-tierra-de-todos-forma-a-18-jovenes-en-situacion-de-vulnerabilidad-para-su-integracion-laboral\/\">La Fundaci\u00f3n Centro Tierra de Todos forma a 18 j\u00f3venes en situaci\u00f3n de vulnerabilidad para su integraci\u00f3n laboral<\/a><time datetime=\"2021-05-05T12:36:06+02:00\" class=\"wp-block-latest-posts__post-date\">5 de mayo de 2021<\/time><div class=\"wp-block-latest-posts__post-excerpt\">La Fundaci\u00f3n Centro Tierra de Todos clausur\u00f3 el pasado 3 de mayo las dos acciones formativas que desde el 6 de abril ha estado desarrollando en su sede, con 18 j\u00f3venes. Se trata de dos cursos prelaborales, uno de Reponedor\/ra de Supermercado y otro de Atenci\u00f3n y Apoyo a Personas con Discapacidad, de 50 horas<a class=\"more-link\" href=\"https:\/\/centrotierradetodos.es\/fctdt\/2021\/05\/05\/la-fundacion-centro-tierra-de-todos-forma-a-18-jovenes-en-situacion-de-vulnerabilidad-para-su-integracion-laboral\/\">Sigue leyendo <span class=\"screen-reader-text\">\u00abLa Fundaci\u00f3n Centro Tierra de Todos forma a 18 j\u00f3venes en situaci\u00f3n de vulnerabilidad para su integraci\u00f3n laboral\u00bb<\/span><\/a><\/div><\/li>\n<li><div class=\"wp-block-latest-posts__featured-image\"><a href=\"https:\/\/centrotierradetodos.es\/fctdt\/2021\/05\/05\/ninos-y-ninas-reciben-una-charla-sobre-la-mujer-en-la-ciencia\/\" aria-label=\"Ni\u00f1os y ni\u00f1as reciben una charla sobre la mujer en la Ciencia\"><img loading=\"lazy\" decoding=\"async\" width=\"150\" height=\"150\" src=\"https:\/\/centrotierradetodos.es\/fctdt\/wp-content\/uploads\/2021\/05\/charla_mujer_ciencia_1200x700-1-150x150.jpg\" class=\"attachment-thumbnail size-thumbnail wp-post-image\" alt=\"\" style=\"\" \/><\/a><\/div><a class=\"wp-block-latest-posts__post-title\" href=\"https:\/\/centrotierradetodos.es\/fctdt\/2021\/05\/05\/ninos-y-ninas-reciben-una-charla-sobre-la-mujer-en-la-ciencia\/\">Ni\u00f1os y ni\u00f1as reciben una charla sobre la mujer en la Ciencia<\/a><time datetime=\"2021-05-05T12:22:53+02:00\" class=\"wp-block-latest-posts__post-date\">5 de mayo de 2021<\/time><div class=\"wp-block-latest-posts__post-excerpt\">En Fundaci\u00f3n Centro Tierra de Todos hemos tenido el placer de contar con la colaboraci\u00f3n de la cient\u00edfica e investigadora del CSIC-ICMAN (Instituto de Ciencias Marinas de Andaluc\u00eda), Isabel Caballero de Frutos, que ha impartido a nuestros chicos y chicas una charla explicativa sobre el papel actual de la mujer en la ciencia y la<a class=\"more-link\" href=\"https:\/\/centrotierradetodos.es\/fctdt\/2021\/05\/05\/ninos-y-ninas-reciben-una-charla-sobre-la-mujer-en-la-ciencia\/\">Sigue leyendo <span class=\"screen-reader-text\">\u00abNi\u00f1os y ni\u00f1as reciben una charla sobre la mujer en la Ciencia\u00bb<\/span><\/a><\/div><\/li>\n<li><div class=\"wp-block-latest-posts__featured-image\"><a href=\"https:\/\/centrotierradetodos.es\/fctdt\/2019\/12\/04\/premio-gaditano-del-ano-a-la-fundacion-centro-tierra-de-todos-en-el-area-de-derechos-humanos\/\" aria-label=\"Premio \u00abGaditano del A\u00f1o\u00bb a la Fundaci\u00f3n Centro Tierra de Todos en el \u00c1rea de Derechos Humanos\"><img loading=\"lazy\" decoding=\"async\" width=\"150\" height=\"150\" src=\"https:\/\/centrotierradetodos.es\/fctdt\/wp-content\/uploads\/2021\/03\/logo_tierra_todos_cuadrado-copia-1-150x150.jpg\" class=\"attachment-thumbnail size-thumbnail wp-post-image\" alt=\"\" style=\"\" srcset=\"https:\/\/centrotierradetodos.es\/fctdt\/wp-content\/uploads\/2021\/03\/logo_tierra_todos_cuadrado-copia-1-150x150.jpg 150w, https:\/\/centrotierradetodos.es\/fctdt\/wp-content\/uploads\/2021\/03\/logo_tierra_todos_cuadrado-copia-1-300x300.jpg 300w, https:\/\/centrotierradetodos.es\/fctdt\/wp-content\/uploads\/2021\/03\/logo_tierra_todos_cuadrado-copia-1-1024x1024.jpg 1024w, https:\/\/centrotierradetodos.es\/fctdt\/wp-content\/uploads\/2021\/03\/logo_tierra_todos_cuadrado-copia-1-768x768.jpg 768w, https:\/\/centrotierradetodos.es\/fctdt\/wp-content\/uploads\/2021\/03\/logo_tierra_todos_cuadrado-copia-1-1536x1536.jpg 1536w, https:\/\/centrotierradetodos.es\/fctdt\/wp-content\/uploads\/2021\/03\/logo_tierra_todos_cuadrado-copia-1-1568x1568.jpg 1568w, https:\/\/centrotierradetodos.es\/fctdt\/wp-content\/uploads\/2021\/03\/logo_tierra_todos_cuadrado-copia-1.jpg 1600w\" sizes=\"auto, (max-width: 150px) 100vw, 150px\" \/><\/a><\/div><a class=\"wp-block-latest-posts__post-title\" href=\"https:\/\/centrotierradetodos.es\/fctdt\/2019\/12\/04\/premio-gaditano-del-ano-a-la-fundacion-centro-tierra-de-todos-en-el-area-de-derechos-humanos\/\">Premio \u00abGaditano del A\u00f1o\u00bb a la Fundaci\u00f3n Centro Tierra de Todos en el \u00c1rea de Derechos Humanos<\/a><time datetime=\"2019-12-04T12:53:00+01:00\" class=\"wp-block-latest-posts__post-date\">4 de diciembre de 2019<\/time><div class=\"wp-block-latest-posts__post-excerpt\">Jer\u00f3nimo Vicente recoge el premio GADITANO DEL A\u00d1O en el \u00e1rea de Derechos Humanos concedido por el Ateneo de C\u00e1diz a la FUNDACI\u00d3N CENTRO TIERRA DE TODOS\u00a0por su compromiso con todas las personas necesitadas que acuden a nuestra tierra en busca de esperanza.<\/div><\/li>\n<li><div class=\"wp-block-latest-posts__featured-image\"><a href=\"https:\/\/centrotierradetodos.es\/fctdt\/2019\/11\/18\/fabio-baggio-valoro-el-trabajo-del-secretariado-de-migraciones-e-invito-a-abrir-las-puertas-a-migrantes-y-refugiados\/\" aria-label=\"Fabio Baggio valor\u00f3 el trabajo del Secretariado de Migraciones e invit\u00f3 a abrir las puertas a migrantes y refugiados\"><img loading=\"lazy\" decoding=\"async\" width=\"150\" height=\"150\" src=\"https:\/\/centrotierradetodos.es\/fctdt\/wp-content\/uploads\/2021\/04\/20191113_jornadas_migraciones_fabio_baggio_web_14-150x150.jpg\" class=\"attachment-thumbnail size-thumbnail wp-post-image\" alt=\"\" style=\"\" \/><\/a><\/div><a class=\"wp-block-latest-posts__post-title\" href=\"https:\/\/centrotierradetodos.es\/fctdt\/2019\/11\/18\/fabio-baggio-valoro-el-trabajo-del-secretariado-de-migraciones-e-invito-a-abrir-las-puertas-a-migrantes-y-refugiados\/\">Fabio Baggio valor\u00f3 el trabajo del Secretariado de Migraciones e invit\u00f3 a abrir las puertas a migrantes y refugiados<\/a><time datetime=\"2019-11-18T12:47:00+01:00\" class=\"wp-block-latest-posts__post-date\">18 de noviembre de 2019<\/time><div class=\"wp-block-latest-posts__post-excerpt\">El subsecretario de la Secci\u00f3n Migrantes y Refugiados del Dicasterio de la Santa Sede para el Servicio del Desarrollo Humano Integral, Rvdo. P. Fabio Baggio, asegur\u00f3 que la Di\u00f3cesis de C\u00e1diz y Ceuta destaca por \u201cel maravilloso trabajo que realiza en el \u00e1mbito de las migraciones, cumpliendo los cuatro verbos que invita a seguir el<a class=\"more-link\" href=\"https:\/\/centrotierradetodos.es\/fctdt\/2019\/11\/18\/fabio-baggio-valoro-el-trabajo-del-secretariado-de-migraciones-e-invito-a-abrir-las-puertas-a-migrantes-y-refugiados\/\">Sigue leyendo <span class=\"screen-reader-text\">\u00abFabio Baggio valor\u00f3 el trabajo del Secretariado de Migraciones e invit\u00f3 a abrir las puertas a migrantes y refugiados\u00bb<\/span><\/a><\/div><\/li>\n<li><div class=\"wp-block-latest-posts__featured-image\"><a href=\"https:\/\/centrotierradetodos.es\/fctdt\/2019\/11\/18\/entrevista-al-rvdo-p-fabio-baggio\/\" aria-label=\"Entrevista al Rvdo. P. Fabio Baggio\"><img loading=\"lazy\" decoding=\"async\" width=\"150\" height=\"150\" src=\"https:\/\/centrotierradetodos.es\/fctdt\/wp-content\/uploads\/2021\/04\/captura-de-pantalla-2021-01-28-a-las-12.22.39-copia-1-150x150.jpg\" class=\"attachment-thumbnail size-thumbnail wp-post-image\" alt=\"\" style=\"\" \/><\/a><\/div><a class=\"wp-block-latest-posts__post-title\" href=\"https:\/\/centrotierradetodos.es\/fctdt\/2019\/11\/18\/entrevista-al-rvdo-p-fabio-baggio\/\">Entrevista al Rvdo. P. Fabio Baggio<\/a><time datetime=\"2019-11-18T12:41:00+01:00\" class=\"wp-block-latest-posts__post-date\">18 de noviembre de 2019<\/time><div class=\"wp-block-latest-posts__post-excerpt\">Entrevista al Rvdo. P. Fabio Baggio, Subsecretario\u00a0de la\u00a0Secci\u00f3n Migrantes y Refugiados del Dicasterio de la Santa Sede para el Servicio del\u00a0Desarrollo Humano Integral con motivo de las Jornadas de Pastoral de Migraciones celebradas en la Di\u00f3cesis de C\u00e1diz y Ceuta, organizadas por el Secretariado de Migraciones.<\/div><\/li>\n<li><div class=\"wp-block-latest-posts__featured-image\"><a href=\"https:\/\/centrotierradetodos.es\/fctdt\/2019\/11\/16\/punto-y-seguimos-la-vida-puede-mas\/\" aria-label=\"\u00abPunto y seguimos. La vida puede m\u00e1s\u00bb\"><img loading=\"lazy\" decoding=\"async\" width=\"150\" height=\"150\" src=\"https:\/\/centrotierradetodos.es\/fctdt\/wp-content\/uploads\/2021\/04\/expo-150x150.png\" class=\"attachment-thumbnail size-thumbnail wp-post-image\" alt=\"\" style=\"\" \/><\/a><\/div><a class=\"wp-block-latest-posts__post-title\" href=\"https:\/\/centrotierradetodos.es\/fctdt\/2019\/11\/16\/punto-y-seguimos-la-vida-puede-mas\/\">\u00abPunto y seguimos. La vida puede m\u00e1s\u00bb<\/a><time datetime=\"2019-11-16T12:37:00+01:00\" class=\"wp-block-latest-posts__post-date\">16 de noviembre de 2019<\/time><div class=\"wp-block-latest-posts__post-excerpt\">Exposici\u00f3n de fotograf\u00edas de la Comisi\u00f3n Episcopal de Migraciones para dar visibilidad y sensibilizar CONTRA la TRATA DE PERSONAS. En TIERRA DE TODOS desde el lunes 18 noviembre. Organizan: Mujer Gades Oblatas y Secretariado Migraciones.<\/div><\/li>\n<li><div class=\"wp-block-latest-posts__featured-image\"><a href=\"https:\/\/centrotierradetodos.es\/fctdt\/2019\/05\/24\/acompanamiento-para-la-integracion-sociolaboral-de-personas-inmigrantes-en-cadiz-y-ceuta\/\" aria-label=\"Acompa\u00f1amiento para la integraci\u00f3n sociolaboral de personas inmigrantes en C\u00e1diz y Ceuta\"><img loading=\"lazy\" decoding=\"async\" width=\"150\" height=\"150\" src=\"https:\/\/centrotierradetodos.es\/fctdt\/wp-content\/uploads\/2021\/04\/cartel_2019-150x150.jpg\" class=\"attachment-thumbnail size-thumbnail wp-post-image\" alt=\"\" style=\"\" \/><\/a><\/div><a class=\"wp-block-latest-posts__post-title\" href=\"https:\/\/centrotierradetodos.es\/fctdt\/2019\/05\/24\/acompanamiento-para-la-integracion-sociolaboral-de-personas-inmigrantes-en-cadiz-y-ceuta\/\">Acompa\u00f1amiento para la integraci\u00f3n sociolaboral de personas inmigrantes en C\u00e1diz y Ceuta<\/a><time datetime=\"2019-05-24T12:33:00+02:00\" class=\"wp-block-latest-posts__post-date\">24 de mayo de 2019<\/time><div class=\"wp-block-latest-posts__post-excerpt\">El Secretariado Diocesano de Migraciones de la Di\u00f3cesis de C\u00e1diz y Ceuta contin\u00faa desarrollando un a\u00f1o m\u00e1s el Programa \u201cAcompa\u00f1amiento para la Integraci\u00f3n Socio Laboral de Personas Inmigrantes en C\u00e1diz y Ceuta\u201d, gestionado por la Asociaci\u00f3n Cardijn, subvencionado por el Ministerio de Trabajo, Migraciones y Seguridad Social y cofinanciado por el Fondo Social Europeo. Su<a class=\"more-link\" href=\"https:\/\/centrotierradetodos.es\/fctdt\/2019\/05\/24\/acompanamiento-para-la-integracion-sociolaboral-de-personas-inmigrantes-en-cadiz-y-ceuta\/\">Sigue leyendo <span class=\"screen-reader-text\">\u00abAcompa\u00f1amiento para la integraci\u00f3n sociolaboral de personas inmigrantes en C\u00e1diz y Ceuta\u00bb<\/span><\/a><\/div><\/li>\n<li><div class=\"wp-block-latest-posts__featured-image\"><a href=\"https:\/\/centrotierradetodos.es\/fctdt\/2018\/04\/04\/i-jornada-buenas-practicas-en-la-intervencion-con-familias-inmigrantes-con-hijos-e-hijas-adolescentes\/\" aria-label=\"I Jornada \u00abBuenas pr\u00e1cticas en la intervenci\u00f3n con familias inmigrantes con hijos e hijas adolescentes\u00bb\"><img loading=\"lazy\" decoding=\"async\" width=\"150\" height=\"150\" src=\"https:\/\/centrotierradetodos.es\/fctdt\/wp-content\/uploads\/2021\/04\/cartel-portada-150x150.jpg\" class=\"attachment-thumbnail size-thumbnail wp-post-image\" alt=\"\" style=\"\" \/><\/a><\/div><a class=\"wp-block-latest-posts__post-title\" href=\"https:\/\/centrotierradetodos.es\/fctdt\/2018\/04\/04\/i-jornada-buenas-practicas-en-la-intervencion-con-familias-inmigrantes-con-hijos-e-hijas-adolescentes\/\">I Jornada \u00abBuenas pr\u00e1cticas en la intervenci\u00f3n con familias inmigrantes con hijos e hijas adolescentes\u00bb<\/a><time datetime=\"2018-04-04T12:30:00+02:00\" class=\"wp-block-latest-posts__post-date\">4 de abril de 2018<\/time><div class=\"wp-block-latest-posts__post-excerpt\">La Fundaci\u00f3n Centro TIERRA DE TODOS est\u00e1 desarrollando junto con SAVE THE CHILDREN el Proyecto:\u00a0\u201cGesti\u00f3n de la Diversidad Cultural: Todos Iguales, Todos Diferentes\u201d. JUSTIFICACI\u00d3NLa concepci\u00f3n de la realidad de los distintos miembros de una familia, derivada de una socializaci\u00f3n diferenciada en distintos lugares, puede provocar importantes conflictos intrafamiliares derivados de los choques culturales y generacionales,<a class=\"more-link\" href=\"https:\/\/centrotierradetodos.es\/fctdt\/2018\/04\/04\/i-jornada-buenas-practicas-en-la-intervencion-con-familias-inmigrantes-con-hijos-e-hijas-adolescentes\/\">Sigue leyendo <span class=\"screen-reader-text\">\u00abI Jornada \u00abBuenas pr\u00e1cticas en la intervenci\u00f3n con familias inmigrantes con hijos e hijas adolescentes\u00bb\u00bb<\/span><\/a><\/div><\/li>\n<li><div class=\"wp-block-latest-posts__featured-image\"><a href=\"https:\/\/centrotierradetodos.es\/fctdt\/2017\/06\/26\/tierra-de-todos-inserta-laboralmente-a-quince-personas-con-discapacidad\/\" aria-label=\"Tierra de Todos inserta laboralmente a quince personas con discapacidad\"><img loading=\"lazy\" decoding=\"async\" width=\"150\" height=\"150\" src=\"https:\/\/centrotierradetodos.es\/fctdt\/wp-content\/uploads\/2021\/04\/capacitadosjun17-150x150.jpg\" class=\"attachment-thumbnail size-thumbnail wp-post-image\" alt=\"\" style=\"\" \/><\/a><\/div><a class=\"wp-block-latest-posts__post-title\" href=\"https:\/\/centrotierradetodos.es\/fctdt\/2017\/06\/26\/tierra-de-todos-inserta-laboralmente-a-quince-personas-con-discapacidad\/\">Tierra de Todos inserta laboralmente a quince personas con discapacidad<\/a><time datetime=\"2017-06-26T12:24:00+02:00\" class=\"wp-block-latest-posts__post-date\">26 de junio de 2017<\/time><div class=\"wp-block-latest-posts__post-excerpt\">Son j\u00f3venes que han participado en un proyecto de capacitaci\u00f3n mediante las TIC Ver noticia en Diario de C\u00e1diz<\/div><\/li>\n<li><a class=\"wp-block-latest-posts__post-title\" href=\"https:\/\/centrotierradetodos.es\/fctdt\/2017\/06\/20\/la-iglesia-comprometida-con-los-refugiados\/\">La Iglesia comprometida con los refugiados<\/a><time datetime=\"2017-06-20T12:13:00+02:00\" class=\"wp-block-latest-posts__post-date\">20 de junio de 2017<\/time><div class=\"wp-block-latest-posts__post-excerpt\">Hoy se celebra en todo el mundo el D\u00eda Mundial del Refugiado, establecido en 2001, por la ONU con motivo del 50 aniversario de la Convenci\u00f3n sobre el Estatuto de los Refugiados de 1951. La Iglesia cat\u00f3lica trabaja, cada d\u00eda, con miles de estas personas que se ven obligadas a dejar sus casas y pa\u00edses<a class=\"more-link\" href=\"https:\/\/centrotierradetodos.es\/fctdt\/2017\/06\/20\/la-iglesia-comprometida-con-los-refugiados\/\">Sigue leyendo <span class=\"screen-reader-text\">\u00abLa Iglesia comprometida con los refugiados\u00bb<\/span><\/a><\/div><\/li>\n<li><div class=\"wp-block-latest-posts__featured-image\"><a href=\"https:\/\/centrotierradetodos.es\/fctdt\/2017\/04\/10\/entrevista-a-gabriel-delgado-director-del-secretariado-de-migraciones\/\" aria-label=\"Entrevista a Gabriel Delgado, director del Secretariado de Migraciones\"><img loading=\"lazy\" decoding=\"async\" width=\"150\" height=\"150\" src=\"https:\/\/centrotierradetodos.es\/fctdt\/wp-content\/uploads\/2021\/04\/gabriel-150x150.jpg\" class=\"attachment-thumbnail size-thumbnail wp-post-image\" alt=\"\" style=\"\" \/><\/a><\/div><a class=\"wp-block-latest-posts__post-title\" href=\"https:\/\/centrotierradetodos.es\/fctdt\/2017\/04\/10\/entrevista-a-gabriel-delgado-director-del-secretariado-de-migraciones\/\">Entrevista a Gabriel Delgado, director del Secretariado de Migraciones<\/a><time datetime=\"2017-04-10T12:08:00+02:00\" class=\"wp-block-latest-posts__post-date\">10 de abril de 2017<\/time><div class=\"wp-block-latest-posts__post-excerpt\">La Di\u00f3cesis de C\u00e1diz y Ceuta se sit\u00faa en uno de los \u201cpuntos calientes\u201d de los movimientos migratorios hacia nuestras costas \u00bfC\u00f3mo afecta ser uno de estos \u201cpuntos clave\u201d de los movimientos migratorios a la labor pastoral del Secretariado de Migraciones? R:&nbsp;Ciertamente, nuestra di\u00f3cesis est\u00e1 situada en un enclave estrat\u00e9gico de los movimientos migratorios: la<a class=\"more-link\" href=\"https:\/\/centrotierradetodos.es\/fctdt\/2017\/04\/10\/entrevista-a-gabriel-delgado-director-del-secretariado-de-migraciones\/\">Sigue leyendo <span class=\"screen-reader-text\">\u00abEntrevista a Gabriel Delgado, director del Secretariado de Migraciones\u00bb<\/span><\/a><\/div><\/li>\n<li><div class=\"wp-block-latest-posts__featured-image\"><a href=\"https:\/\/centrotierradetodos.es\/fctdt\/2017\/03\/28\/el-defensor-del-pueblo-andaluz-visita-tierra-de-todos\/\" aria-label=\"El Defensor del Pueblo Andaluz visita Tierra de Todos\"><img loading=\"lazy\" decoding=\"async\" width=\"150\" height=\"150\" src=\"https:\/\/centrotierradetodos.es\/fctdt\/wp-content\/uploads\/2021\/04\/defensor_pueblo_tierra_de_todos_1_16_03_17-150x150.jpg\" class=\"attachment-thumbnail size-thumbnail wp-post-image\" alt=\"\" style=\"\" \/><\/a><\/div><a class=\"wp-block-latest-posts__post-title\" href=\"https:\/\/centrotierradetodos.es\/fctdt\/2017\/03\/28\/el-defensor-del-pueblo-andaluz-visita-tierra-de-todos\/\">El Defensor del Pueblo Andaluz visita Tierra de Todos<\/a><time datetime=\"2017-03-28T12:01:00+02:00\" class=\"wp-block-latest-posts__post-date\">28 de marzo de 2017<\/time><div class=\"wp-block-latest-posts__post-excerpt\">Uno de los momentos m\u00e1s emotivos ha sido cuando el Defensor del Pueblo Andaluz se ha encontrado con Aim\u00e9 Kabamba, padre del peque\u00f1o Samuel, que se encontraba realizando unas gestiones, a quien ha dado el p\u00e9same con un cari\u00f1oso abrazo. Adem\u00e1s, Gabriel Delgado le ha explicado los distintos proyectos y actividades que desarrolla Tierra de<a class=\"more-link\" href=\"https:\/\/centrotierradetodos.es\/fctdt\/2017\/03\/28\/el-defensor-del-pueblo-andaluz-visita-tierra-de-todos\/\">Sigue leyendo <span class=\"screen-reader-text\">\u00abEl Defensor del Pueblo Andaluz visita Tierra de Todos\u00bb<\/span><\/a><\/div><\/li>\n<li><div class=\"wp-block-latest-posts__featured-image\"><a href=\"https:\/\/centrotierradetodos.es\/fctdt\/2017\/01\/25\/jornada-mundial-del-migrante-y-refugiado-2017\/\" aria-label=\"Jornada Mundial del Migrante y Refugiado 2017\"><img loading=\"lazy\" decoding=\"async\" width=\"150\" height=\"150\" src=\"https:\/\/centrotierradetodos.es\/fctdt\/wp-content\/uploads\/2021\/04\/jornada2017-150x150.png\" class=\"attachment-thumbnail size-thumbnail wp-post-image\" alt=\"\" style=\"\" \/><\/a><\/div><a class=\"wp-block-latest-posts__post-title\" href=\"https:\/\/centrotierradetodos.es\/fctdt\/2017\/01\/25\/jornada-mundial-del-migrante-y-refugiado-2017\/\">Jornada Mundial del Migrante y Refugiado 2017<\/a><time datetime=\"2017-01-25T11:58:00+01:00\" class=\"wp-block-latest-posts__post-date\">25 de enero de 2017<\/time><div class=\"wp-block-latest-posts__post-excerpt\">El pr\u00f3ximo domingo, d\u00eda 15 de Enero, celebramos en la Iglesia la Jornada Mundial del Migrante y del Refugiado con el lema&nbsp;\u201cMenores migrantes, vulnerables y sin voz. Reto y esperanza\u201d. Con este lema,&nbsp;el Papa Francisco&nbsp;nos invita a fijar nuestra mirada en los ni\u00f1os migrantes porque&nbsp;\u201cson menores, extranjeros e indefensos\u2026 Ellos son quienes m\u00e1s sufren las<a class=\"more-link\" href=\"https:\/\/centrotierradetodos.es\/fctdt\/2017\/01\/25\/jornada-mundial-del-migrante-y-refugiado-2017\/\">Sigue leyendo <span class=\"screen-reader-text\">\u00abJornada Mundial del Migrante y Refugiado 2017\u00bb<\/span><\/a><\/div><\/li>\n<li><div class=\"wp-block-latest-posts__featured-image\"><a href=\"https:\/\/centrotierradetodos.es\/fctdt\/2017\/01\/25\/la-catedral-de-cadiz-acoge-un-concierto-benefico-a-favor-de-tierra-de-todos\/\" aria-label=\"La Catedral de C\u00e1diz acoge un concierto ben\u00e9fico a favor de Tierra de Todos\"><img loading=\"lazy\" decoding=\"async\" width=\"150\" height=\"150\" src=\"https:\/\/centrotierradetodos.es\/fctdt\/wp-content\/uploads\/2021\/04\/lombo-150x150.jpg\" class=\"attachment-thumbnail size-thumbnail wp-post-image\" alt=\"\" style=\"\" \/><\/a><\/div><a class=\"wp-block-latest-posts__post-title\" href=\"https:\/\/centrotierradetodos.es\/fctdt\/2017\/01\/25\/la-catedral-de-cadiz-acoge-un-concierto-benefico-a-favor-de-tierra-de-todos\/\">La Catedral de C\u00e1diz acoge un concierto ben\u00e9fico a favor de Tierra de Todos<\/a><time datetime=\"2017-01-25T11:55:00+01:00\" class=\"wp-block-latest-posts__post-date\">25 de enero de 2017<\/time><div class=\"wp-block-latest-posts__post-excerpt\">El viernes, 16 de diciembre, a las 21.00 horas, el cantante sevillano Manuel Lombo ofrecer\u00e1 un concierto en la Catedral de C\u00e1diz. Organizado por la Fundaci\u00f3n Cajasol y en colaboraci\u00f3n con el Cabildo Catedral, las entradas se podr\u00e1n adquirir a un precio de 15 euros en la web www.cajasol.com. Los beneficios ser\u00e1n destinados a la<a class=\"more-link\" href=\"https:\/\/centrotierradetodos.es\/fctdt\/2017\/01\/25\/la-catedral-de-cadiz-acoge-un-concierto-benefico-a-favor-de-tierra-de-todos\/\">Sigue leyendo <span class=\"screen-reader-text\">\u00abLa Catedral de C\u00e1diz acoge un concierto ben\u00e9fico a favor de Tierra de Todos\u00bb<\/span><\/a><\/div><\/li>\n<li><div class=\"wp-block-latest-posts__featured-image\"><a href=\"https:\/\/centrotierradetodos.es\/fctdt\/2017\/01\/25\/convenio-de-colaboracion-entre-save-the-children-y-tierra-de-todos\/\" aria-label=\"Convenio de colaboraci\u00f3n entre Save the Children y Tierra de Todos\"><img loading=\"lazy\" decoding=\"async\" width=\"150\" height=\"150\" src=\"https:\/\/centrotierradetodos.es\/fctdt\/wp-content\/uploads\/2021\/04\/convenio-150x150.jpg\" class=\"attachment-thumbnail size-thumbnail wp-post-image\" alt=\"\" style=\"\" srcset=\"https:\/\/centrotierradetodos.es\/fctdt\/wp-content\/uploads\/2021\/04\/convenio-150x150.jpg 150w, https:\/\/centrotierradetodos.es\/fctdt\/wp-content\/uploads\/2021\/04\/convenio-300x300.jpg 300w, https:\/\/centrotierradetodos.es\/fctdt\/wp-content\/uploads\/2021\/04\/convenio.jpg 640w\" sizes=\"auto, (max-width: 150px) 100vw, 150px\" \/><\/a><\/div><a class=\"wp-block-latest-posts__post-title\" href=\"https:\/\/centrotierradetodos.es\/fctdt\/2017\/01\/25\/convenio-de-colaboracion-entre-save-the-children-y-tierra-de-todos\/\">Convenio de colaboraci\u00f3n entre Save the Children y Tierra de Todos<\/a><time datetime=\"2017-01-25T11:50:00+01:00\" class=\"wp-block-latest-posts__post-date\">25 de enero de 2017<\/time><div class=\"wp-block-latest-posts__post-excerpt\">En el d\u00eda de hoy se ha firmado en la sede de&nbsp;TIERRA DE TODOS&nbsp;un Convenio de Colaboraci\u00f3n por parte de Javier Cuenca, Responsable de&nbsp;SAVE THE CHILDREN&nbsp;en Andaluc\u00eda y Gabriel Delgado, Director de la Fundaci\u00f3n Centro TIERRA DE TODOS Dicho programa pretende, a trav\u00e9s de actividades educativas y de ocio para los ni\u00f1os y ni\u00f1as, romper<a class=\"more-link\" href=\"https:\/\/centrotierradetodos.es\/fctdt\/2017\/01\/25\/convenio-de-colaboracion-entre-save-the-children-y-tierra-de-todos\/\">Sigue leyendo <span class=\"screen-reader-text\">\u00abConvenio de colaboraci\u00f3n entre Save the Children y Tierra de Todos\u00bb<\/span><\/a><\/div><\/li>\n<\/ul>","protected":false},"excerpt":{"rendered":"","protected":false},"author":1,"featured_media":0,"parent":0,"menu_order":0,"comment_status":"closed","ping_status":"closed","template":"","meta":{"_editorskit_title_hidden":false,"_editorskit_reading_time":0,"_editorskit_is_block_options_detached":false,"_editorskit_block_options_position":"{}","_coblocks_attr":"","_coblocks_dimensions":"","_coblocks_responsive_height":"","_coblocks_accordion_ie_support":"","_monsterinsights_skip_tracking":false,"_monsterinsights_sitenote_active":false,"_monsterinsights_sitenote_note":"","_monsterinsights_sitenote_category":0,"footnotes":""},"class_list":["post-1430","page","type-page","status-publish","hentry","entry"],"yoast_head":"<!-- This site is optimized with the Yoast SEO plugin v27.5 - https:\/\/yoast.com\/product\/yoast-seo-wordpress\/ -->\n<title>\u00daltimas noticias - Fundaci\u00f3n Centro Tierra de Todos<\/title>\n<meta name=\"robots\" content=\"index, follow, max-snippet:-1, max-image-preview:large, max-video-preview:-1\" \/>\n<link rel=\"canonical\" href=\"https:\/\/centrotierradetodos.es\/fctdt\/ultimas-noticias\/\" \/>\n<meta property=\"og:locale\" content=\"es_ES\" \/>\n<meta property=\"og:type\" content=\"article\" \/>\n<meta property=\"og:title\" content=\"\u00daltimas noticias - Fundaci\u00f3n Centro Tierra de Todos\" \/>\n<meta property=\"og:url\" content=\"https:\/\/centrotierradetodos.es\/fctdt\/ultimas-noticias\/\" \/>\n<meta property=\"og:site_name\" content=\"Fundaci\u00f3n Centro Tierra de Todos\" \/>\n<meta property=\"article:publisher\" content=\"https:\/\/www.facebook.com\/p\/Cardijn-Tierra-de-Todos-Migraciones-100091817239433\/\" \/>\n<meta property=\"article:modified_time\" content=\"2025-05-15T10:21:46+00:00\" \/>\n<meta name=\"twitter:card\" content=\"summary_large_image\" \/>\n<script type=\"application\/ld+json\" class=\"yoast-schema-graph\">{\"@context\":\"https:\\\/\\\/schema.org\",\"@graph\":[{\"@type\":\"WebPage\",\"@id\":\"https:\\\/\\\/centrotierradetodos.es\\\/fctdt\\\/ultimas-noticias\\\/\",\"url\":\"https:\\\/\\\/centrotierradetodos.es\\\/fctdt\\\/ultimas-noticias\\\/\",\"name\":\"\u00daltimas noticias - Fundaci\u00f3n Centro Tierra de Todos\",\"isPartOf\":{\"@id\":\"https:\\\/\\\/centrotierradetodos.es\\\/fctdt\\\/#website\"},\"datePublished\":\"2024-04-18T09:56:37+00:00\",\"dateModified\":\"2025-05-15T10:21:46+00:00\",\"breadcrumb\":{\"@id\":\"https:\\\/\\\/centrotierradetodos.es\\\/fctdt\\\/ultimas-noticias\\\/#breadcrumb\"},\"inLanguage\":\"es\",\"potentialAction\":[{\"@type\":\"ReadAction\",\"target\":[\"https:\\\/\\\/centrotierradetodos.es\\\/fctdt\\\/ultimas-noticias\\\/\"]}]},{\"@type\":\"BreadcrumbList\",\"@id\":\"https:\\\/\\\/centrotierradetodos.es\\\/fctdt\\\/ultimas-noticias\\\/#breadcrumb\",\"itemListElement\":[{\"@type\":\"ListItem\",\"position\":1,\"name\":\"Portada\",\"item\":\"https:\\\/\\\/centrotierradetodos.es\\\/fctdt\\\/\"},{\"@type\":\"ListItem\",\"position\":2,\"name\":\"\u00daltimas noticias\"}]},{\"@type\":\"WebSite\",\"@id\":\"https:\\\/\\\/centrotierradetodos.es\\\/fctdt\\\/#website\",\"url\":\"https:\\\/\\\/centrotierradetodos.es\\\/fctdt\\\/\",\"name\":\"Fundaci\u00f3n Centro Tierra de Todos\",\"description\":\"La Fundaci\u00f3n Centro Tierra de Todos es una entidad sin \u00e1nimo de lucro, dedicada a la atenci\u00f3n de los j\u00f3venes, de los inmigrantes y de los barrios populares de la ciudad de C\u00e1diz, con el \u00e1nimo de promover un ambicioso proyecto que facilite la igualdad de oportunidades y la promoci\u00f3n y cualificaci\u00f3n de todas estas personas y de todo su entorno social.\",\"publisher\":{\"@id\":\"https:\\\/\\\/centrotierradetodos.es\\\/fctdt\\\/#organization\"},\"potentialAction\":[{\"@type\":\"SearchAction\",\"target\":{\"@type\":\"EntryPoint\",\"urlTemplate\":\"https:\\\/\\\/centrotierradetodos.es\\\/fctdt\\\/?s={search_term_string}\"},\"query-input\":{\"@type\":\"PropertyValueSpecification\",\"valueRequired\":true,\"valueName\":\"search_term_string\"}}],\"inLanguage\":\"es\"},{\"@type\":\"Organization\",\"@id\":\"https:\\\/\\\/centrotierradetodos.es\\\/fctdt\\\/#organization\",\"name\":\"Fundaci\u00f3n Centro Tierra de Todos\",\"url\":\"https:\\\/\\\/centrotierradetodos.es\\\/fctdt\\\/\",\"logo\":{\"@type\":\"ImageObject\",\"inLanguage\":\"es\",\"@id\":\"https:\\\/\\\/centrotierradetodos.es\\\/fctdt\\\/#\\\/schema\\\/logo\\\/image\\\/\",\"url\":\"https:\\\/\\\/centrotierradetodos.es\\\/fctdt\\\/wp-content\\\/uploads\\\/2021\\\/03\\\/cropped-logo_tierra_todos_470x210-1.jpg\",\"contentUrl\":\"https:\\\/\\\/centrotierradetodos.es\\\/fctdt\\\/wp-content\\\/uploads\\\/2021\\\/03\\\/cropped-logo_tierra_todos_470x210-1.jpg\",\"width\":470,\"height\":210,\"caption\":\"Fundaci\u00f3n Centro Tierra de Todos\"},\"image\":{\"@id\":\"https:\\\/\\\/centrotierradetodos.es\\\/fctdt\\\/#\\\/schema\\\/logo\\\/image\\\/\"},\"sameAs\":[\"https:\\\/\\\/www.facebook.com\\\/p\\\/Cardijn-Tierra-de-Todos-Migraciones-100091817239433\\\/\"]}]}<\/script>\n<!-- \/ Yoast SEO plugin. -->","yoast_head_json":{"title":"\u00daltimas noticias - Fundaci\u00f3n Centro Tierra de Todos","robots":{"index":"index","follow":"follow","max-snippet":"max-snippet:-1","max-image-preview":"max-image-preview:large","max-video-preview":"max-video-preview:-1"},"canonical":"https:\/\/centrotierradetodos.es\/fctdt\/ultimas-noticias\/","og_locale":"es_ES","og_type":"article","og_title":"\u00daltimas noticias - Fundaci\u00f3n Centro Tierra de Todos","og_url":"https:\/\/centrotierradetodos.es\/fctdt\/ultimas-noticias\/","og_site_name":"Fundaci\u00f3n Centro Tierra de Todos","article_publisher":"https:\/\/www.facebook.com\/p\/Cardijn-Tierra-de-Todos-Migraciones-100091817239433\/","article_modified_time":"2025-05-15T10:21:46+00:00","twitter_card":"summary_large_image","schema":{"@context":"https:\/\/schema.org","@graph":[{"@type":"WebPage","@id":"https:\/\/centrotierradetodos.es\/fctdt\/ultimas-noticias\/","url":"https:\/\/centrotierradetodos.es\/fctdt\/ultimas-noticias\/","name":"\u00daltimas noticias - Fundaci\u00f3n Centro Tierra de Todos","isPartOf":{"@id":"https:\/\/centrotierradetodos.es\/fctdt\/#website"},"datePublished":"2024-04-18T09:56:37+00:00","dateModified":"2025-05-15T10:21:46+00:00","breadcrumb":{"@id":"https:\/\/centrotierradetodos.es\/fctdt\/ultimas-noticias\/#breadcrumb"},"inLanguage":"es","potentialAction":[{"@type":"ReadAction","target":["https:\/\/centrotierradetodos.es\/fctdt\/ultimas-noticias\/"]}]},{"@type":"BreadcrumbList","@id":"https:\/\/centrotierradetodos.es\/fctdt\/ultimas-noticias\/#breadcrumb","itemListElement":[{"@type":"ListItem","position":1,"name":"Portada","item":"https:\/\/centrotierradetodos.es\/fctdt\/"},{"@type":"ListItem","position":2,"name":"\u00daltimas noticias"}]},{"@type":"WebSite","@id":"https:\/\/centrotierradetodos.es\/fctdt\/#website","url":"https:\/\/centrotierradetodos.es\/fctdt\/","name":"Fundaci\u00f3n Centro Tierra de Todos","description":"La Fundaci\u00f3n Centro Tierra de Todos es una entidad sin \u00e1nimo de lucro, dedicada a la atenci\u00f3n de los j\u00f3venes, de los inmigrantes y de los barrios populares de la ciudad de C\u00e1diz, con el \u00e1nimo de promover un ambicioso proyecto que facilite la igualdad de oportunidades y la promoci\u00f3n y cualificaci\u00f3n de todas estas personas y de todo su entorno social.","publisher":{"@id":"https:\/\/centrotierradetodos.es\/fctdt\/#organization"},"potentialAction":[{"@type":"SearchAction","target":{"@type":"EntryPoint","urlTemplate":"https:\/\/centrotierradetodos.es\/fctdt\/?s={search_term_string}"},"query-input":{"@type":"PropertyValueSpecification","valueRequired":true,"valueName":"search_term_string"}}],"inLanguage":"es"},{"@type":"Organization","@id":"https:\/\/centrotierradetodos.es\/fctdt\/#organization","name":"Fundaci\u00f3n Centro Tierra de Todos","url":"https:\/\/centrotierradetodos.es\/fctdt\/","logo":{"@type":"ImageObject","inLanguage":"es","@id":"https:\/\/centrotierradetodos.es\/fctdt\/#\/schema\/logo\/image\/","url":"https:\/\/centrotierradetodos.es\/fctdt\/wp-content\/uploads\/2021\/03\/cropped-logo_tierra_todos_470x210-1.jpg","contentUrl":"https:\/\/centrotierradetodos.es\/fctdt\/wp-content\/uploads\/2021\/03\/cropped-logo_tierra_todos_470x210-1.jpg","width":470,"height":210,"caption":"Fundaci\u00f3n Centro Tierra de Todos"},"image":{"@id":"https:\/\/centrotierradetodos.es\/fctdt\/#\/schema\/logo\/image\/"},"sameAs":["https:\/\/www.facebook.com\/p\/Cardijn-Tierra-de-Todos-Migraciones-100091817239433\/"]}]}},"jetpack_sharing_enabled":true,"_links":{"self":[{"href":"https:\/\/centrotierradetodos.es\/fctdt\/wp-json\/wp\/v2\/pages\/1430","targetHints":{"allow":["GET"]}}],"collection":[{"href":"https:\/\/centrotierradetodos.es\/fctdt\/wp-json\/wp\/v2\/pages"}],"about":[{"href":"https:\/\/centrotierradetodos.es\/fctdt\/wp-json\/wp\/v2\/types\/page"}],"author":[{"embeddable":true,"href":"https:\/\/centrotierradetodos.es\/fctdt\/wp-json\/wp\/v2\/users\/1"}],"replies":[{"embeddable":true,"href":"https:\/\/centrotierradetodos.es\/fctdt\/wp-json\/wp\/v2\/comments?post=1430"}],"version-history":[{"count":6,"href":"https:\/\/centrotierradetodos.es\/fctdt\/wp-json\/wp\/v2\/pages\/1430\/revisions"}],"predecessor-version":[{"id":1463,"href":"https:\/\/centrotierradetodos.es\/fctdt\/wp-json\/wp\/v2\/pages\/1430\/revisions\/1463"}],"wp:attachment":[{"href":"https:\/\/centrotierradetodos.es\/fctdt\/wp-json\/wp\/v2\/media?parent=1430"}],"curies":[{"name":"wp","href":"https:\/\/api.w.org\/{rel}","templated":true}]}}